{"id":389,"date":"2021-10-04T11:40:50","date_gmt":"2021-10-04T11:40:50","guid":{"rendered":"https:\/\/design.net2rent.com\/company\/company-turistic-startseite\/"},"modified":"2025-12-17T17:02:38","modified_gmt":"2025-12-17T16:02:38","slug":"company-turistic-startseite","status":"publish","type":"page","link":"https:\/\/www.companyturistic.com\/de\/","title":{"rendered":"Company Turistic &#8211; Startseite"},"content":{"rendered":"\t\t<div data-elementor-type=\"wp-page\" data-elementor-id=\"389\" class=\"elementor elementor-389 elementor-53\" data-elementor-post-type=\"page\">\n\t\t\t\t\t\t<section class=\"elementor-section elementor-top-section elementor-element elementor-element-39adabe elementor-section-height-min-height elementor-section-boxed elementor-section-height-default elementor-section-items-middle\" data-id=\"39adabe\" data-element_type=\"section\" data-e-type=\"section\" data-settings=\"{&quot;background_background&quot;:&quot;slideshow&quot;,&quot;background_slideshow_gallery&quot;:[{&quot;id&quot;:188,&quot;url&quot;:&quot;https:\\\/\\\/www.companyturistic.com\\\/wp-content\\\/uploads\\\/2021\\\/09\\\/llanca.jpg&quot;},{&quot;id&quot;:105,&quot;url&quot;:&quot;https:\\\/\\\/www.companyturistic.com\\\/wp-content\\\/uploads\\\/2021\\\/09\\\/port-de-la-selva-1.jpg&quot;},{&quot;id&quot;:833,&quot;url&quot;:&quot;https:\\\/\\\/www.companyturistic.com\\\/wp-content\\\/uploads\\\/2021\\\/10\\\/roses-1_93.jpg&quot;},{&quot;id&quot;:653,&quot;url&quot;:&quot;https:\\\/\\\/www.companyturistic.com\\\/wp-content\\\/uploads\\\/2021\\\/10\\\/llanca-1_71.jpg&quot;},{&quot;id&quot;:949,&quot;url&quot;:&quot;https:\\\/\\\/www.companyturistic.com\\\/wp-content\\\/uploads\\\/2021\\\/10\\\/port-de-la-selva-el-1_102.jpg&quot;},{&quot;id&quot;:4316,&quot;url&quot;:&quot;https:\\\/\\\/www.companyturistic.com\\\/wp-content\\\/uploads\\\/2021\\\/09\\\/gironna.jpg&quot;}],&quot;background_slideshow_ken_burns&quot;:&quot;yes&quot;,&quot;background_slideshow_loop&quot;:&quot;yes&quot;,&quot;background_slideshow_slide_duration&quot;:5000,&quot;background_slideshow_slide_transition&quot;:&quot;fade&quot;,&quot;background_slideshow_transition_duration&quot;:500,&quot;background_slideshow_ken_burns_zoom_direction&quot;:&quot;in&quot;}\">\n\t\t\t\t\t\t\t<div class=\"elementor-background-overlay\"><\/div>\n\t\t\t\t\t\t\t<div class=\"elementor-container elementor-column-gap-no\">\n\t\t\t\t\t<div class=\"elementor-column elementor-col-100 elementor-top-column elementor-element elementor-element-bdf9a34\" data-id=\"bdf9a34\" data-element_type=\"column\" data-e-type=\"column\">\n\t\t\t<div class=\"elementor-widget-wrap elementor-element-populated\">\n\t\t\t\t\t\t<div class=\"elementor-element elementor-element-9f38f7d elementor-widget elementor-widget-heading\" data-id=\"9f38f7d\" data-element_type=\"widget\" data-e-type=\"widget\" data-widget_type=\"heading.default\">\n\t\t\t\t\t<h2 class=\"elementor-heading-title elementor-size-default\">Verbringen Sie diesen Sommer Ihren Urlaub an der Costa Brava!<\/h2>\t\t\t\t<\/div>\n\t\t\t\t<div class=\"elementor-element elementor-element-3f8dc31 elementor-widget elementor-widget-shortcode\" data-id=\"3f8dc31\" data-element_type=\"widget\" data-e-type=\"widget\" data-widget_type=\"shortcode.default\">\n\t\t\t\t\t\t\t<div class=\"elementor-shortcode\"><div class=\"n2r__search  \" data-n2r-searchsession-url=\"https:\/\/www.companyturistic.com\/wp-json\/n2r\/v1\/searchsession\" data-n2r-nosession=\"true\">\n    <div class=\"n2r__search__container n2r__tabs__content\">\n    <div class=\"n2r__tabs__content__item n2r__search__container__rental active\" >\n  <form name=\"n2r__search\" method=\"get\" action=\"https:\/\/www.companyturistic.com\/resultats-de-cerca-lloguer\/\" role=\"form\" autocomplete=\"off\">\n    <input type=\"hidden\" aria-hidden=\"true\" name=\"commercialization_type\" value=\"rental\">\n              <div class=\"n2r__search__field\">\n            <label for=\"n2r-search-rental-search_text-23481\">Referenz<\/label>\n            <input type=\"text\" name=\"search_text\" id=\"n2r-search-rental-search_text-23481\" class=\"n2r__input\" value=\"\">\n          <\/div>\n                    <div class=\"n2r__search__field n2r__datepickercontainer\">\n            <label for=\"n2r-search-rental-dates-23481\">Daten ausw\u00e4hlen<\/label>\n            <input type=\"text\" name=\"dates\" id=\"n2r-search-rental-dates-23481\" class=\"n2r__input n2r-daterangepicker-component\" value=\"\" data-checkin=\"\" data-checkout=\"\" data-language=\"de\" data-nights=\"1\" placeholder=\" \">\n            <a class=\"n2r__datepickercontainer__clear\"><i class=\"fa fa-times\"><\/i><\/a>\n            <input type=\"hidden\" aria-hidden=\"true\" name=\"checkin\" value=\"\">\n            <input type=\"hidden\" aria-hidden=\"true\" name=\"checkout\" value=\"\">\n          <\/div>\n                  <div class=\"n2r__search__field n2r__search__field--small\">\n            <label for=\"n2r-search-rental-adults-23481\">Erwachsene<\/label>\n            <input class=\"n2r__input\" name=\"adults\" id=\"n2r-search-rental-adults-23481\" type=\"number\" min=\"1\" max=\"30\" value=\"1\">\n          <\/div>\n                  <div class=\"n2r__search__field n2r__search__field--small\">\n            <label for=\"n2r-search-rental-children-23481\">Kinder<\/label>\n            <input class=\"n2r__input\" name=\"children\" id=\"n2r-search-rental-children-23481\" type=\"number\" min=\"0\" max=\"30\" value=\"0\">\n          <\/div>\n                    <div class=\"n2r__search__field\">\n              <label for=\"n2r-search-rental-city-23481\">Reiseziel<\/label>\n              <select name=\"city\" id=\"n2r-search-rental-city-23481\" class=\"n2r__select\">\n                <option value=\"\">Alle<\/option>\n                <option value=\"Castell\u00f3 d&#039;Emp\u00faries\" >Castell\u00f3 d&#039;Emp\u00faries<\/option><option value=\"Empuriabrava\" >Empuriabrava<\/option><option value=\"Figueres\" >Figueres<\/option><option value=\"Llan\u00e7\u00e0\" >Llan\u00e7\u00e0<\/option><option value=\"PEDRET I MARZ\u00c0\" >PEDRET I MARZ\u00c0<\/option><option value=\"Peralada\" >Peralada<\/option><option value=\"Port de la Selva (El)\" >Port de la Selva (El)<\/option><option value=\"Roses\" >Roses<\/option>              <\/select>\n              <span><\/span>\n            <\/div>\n              <div class=\"n2r__search__field n2r__search__field--submit\">\n      <button type=\"submit\" class=\"n2r__search__submit n2r__btn\">Suche<\/button>\n    <\/div>\n  <\/form>\n<\/div>  <\/div>\n<\/div><\/div>\n\t\t\t\t\t\t<\/div>\n\t\t\t\t\t<\/div>\n\t\t<\/div>\n\t\t\t\t\t<\/div>\n\t\t<\/section>\n\t\t\t\t<section class=\"elementor-section elementor-top-section elementor-element elementor-element-df3dbcb elementor-section-boxed elementor-section-height-default elementor-section-height-default\" data-id=\"df3dbcb\" data-element_type=\"section\" data-e-type=\"section\">\n\t\t\t\t\t\t<div class=\"elementor-container elementor-column-gap-default\">\n\t\t\t\t\t<div class=\"elementor-column elementor-col-100 elementor-top-column elementor-element elementor-element-6d3369a\" data-id=\"6d3369a\" data-element_type=\"column\" data-e-type=\"column\">\n\t\t\t<div class=\"elementor-widget-wrap elementor-element-populated\">\n\t\t\t\t\t\t<div class=\"elementor-element elementor-element-38ad0fa elementor-widget elementor-widget-heading\" data-id=\"38ad0fa\" data-element_type=\"widget\" data-e-type=\"widget\" data-widget_type=\"heading.default\">\n\t\t\t\t\t<h1 class=\"elementor-heading-title elementor-size-default\"><strong>Willkommen bei Company Tur\u00edstic<\/strong><\/br>Wohnungen und H\u00e4user in Llan\u00e7\u00e0, Roses und Port de la Selva<\/h1>\t\t\t\t<\/div>\n\t\t\t\t<div class=\"elementor-element elementor-element-a1bd217 elementor-widget elementor-widget-shortcode\" data-id=\"a1bd217\" data-element_type=\"widget\" data-e-type=\"widget\" data-widget_type=\"shortcode.default\">\n\t\t\t\t\t\t\t<div class=\"elementor-shortcode\">\n<div class=\"n2r__list grid\" data-n2r-searchparams=\"\">\n    <div class=\"n2r__row\">\n    <div class=\"n2r__list__items\">\n      <div class=\"n2r__list__item n2r__clickable   \" data-id=\"4125\">\n    <div class=\"n2r__list__item__gallery n2r__slider\">\n    <div class=\"slide-item\"><img data-lazy=\"https:\/\/files.net2rent.com\/pfiles\/61\/4125\/171485-Rm-o-m.jpg\" alt=\"R144 PORT CANIGO II 304 Apartment Santa Margarita Roses\" title=\"R144 PORT CANIGO II 304 Apartment Santa Margarita Roses\"><\/div><div class=\"slide-item\"><img data-lazy=\"https:\/\/files.net2rent.com\/pfiles\/61\/4125\/171466-vf-o-m.jpg\" alt=\"R144 PORT CANIGO II 304 Apartment Santa Margarita Roses\" title=\"R144 PORT CANIGO II 304 Apartment Santa Margarita Roses\"><\/div><div class=\"slide-item\"><img data-lazy=\"https:\/\/files.net2rent.com\/pfiles\/61\/4125\/171467-vx-o-m.jpg\" alt=\"R144 PORT CANIGO II 304 Apartment Santa Margarita Roses\" title=\"R144 PORT CANIGO II 304 Apartment Santa Margarita Roses\"><\/div><div class=\"slide-item\"><img data-lazy=\"https:\/\/files.net2rent.com\/pfiles\/61\/4125\/171470-82-o-m.jpg\" alt=\"R144 PORT CANIGO II 304 Apartment Santa Margarita Roses\" title=\"R144 PORT CANIGO II 304 Apartment Santa Margarita Roses\"><\/div><div class=\"slide-item\"><img data-lazy=\"https:\/\/files.net2rent.com\/pfiles\/61\/4125\/171468-Cn-o-m.jpg\" alt=\"R144 PORT CANIGO II 304 Apartment Santa Margarita Roses\" title=\"R144 PORT CANIGO II 304 Apartment Santa Margarita Roses\"><\/div><div class=\"slide-item\"><img data-lazy=\"https:\/\/files.net2rent.com\/pfiles\/61\/4125\/171477-gJ-o-m.jpg\" alt=\"R144 PORT CANIGO II 304 Apartment Santa Margarita Roses\" title=\"R144 PORT CANIGO II 304 Apartment Santa Margarita Roses\"><\/div><div class=\"slide-item\"><img data-lazy=\"https:\/\/files.net2rent.com\/pfiles\/61\/4125\/171476-kn-o-m.jpg\" alt=\"R144 PORT CANIGO II 304 Apartment Santa Margarita Roses\" title=\"R144 PORT CANIGO II 304 Apartment Santa Margarita Roses\"><\/div><div class=\"slide-item\"><img data-lazy=\"https:\/\/files.net2rent.com\/pfiles\/61\/4125\/171475-t9-o-m.jpg\" alt=\"R144 PORT CANIGO II 304 Apartment Santa Margarita Roses\" title=\"R144 PORT CANIGO II 304 Apartment Santa Margarita Roses\"><\/div><div class=\"slide-item\"><img data-lazy=\"https:\/\/files.net2rent.com\/pfiles\/61\/4125\/171472-lB-o-m.jpg\" alt=\"R144 PORT CANIGO II 304 Apartment Santa Margarita Roses\" title=\"R144 PORT CANIGO II 304 Apartment Santa Margarita Roses\"><\/div><div class=\"slide-item\"><img data-lazy=\"https:\/\/files.net2rent.com\/pfiles\/61\/4125\/171480-A6-o-m.jpg\" alt=\"R144 PORT CANIGO II 304 Apartment Santa Margarita Roses\" title=\"R144 PORT CANIGO II 304 Apartment Santa Margarita Roses\"><\/div><div class=\"slide-item\"><img data-lazy=\"https:\/\/files.net2rent.com\/pfiles\/61\/4125\/171487-Ms-o-m.jpg\" alt=\"R144 PORT CANIGO II 304 Apartment Santa Margarita Roses\" title=\"R144 PORT CANIGO II 304 Apartment Santa Margarita Roses\"><\/div><div class=\"slide-item\"><img data-lazy=\"https:\/\/files.net2rent.com\/pfiles\/61\/4125\/171486-Yn-o-m.jpg\" alt=\"R144 PORT CANIGO II 304 Apartment Santa Margarita Roses\" title=\"R144 PORT CANIGO II 304 Apartment Santa Margarita Roses\"><\/div><div class=\"slide-item\"><img data-lazy=\"https:\/\/files.net2rent.com\/pfiles\/61\/4125\/171483-7I-o-m.jpg\" alt=\"R144 PORT CANIGO II 304 Apartment Santa Margarita Roses\" title=\"R144 PORT CANIGO II 304 Apartment Santa Margarita Roses\"><\/div><div class=\"slide-item\"><img data-lazy=\"https:\/\/files.net2rent.com\/pfiles\/61\/4125\/171484-Eb-o-m.jpg\" alt=\"R144 PORT CANIGO II 304 Apartment Santa Margarita Roses\" title=\"R144 PORT CANIGO II 304 Apartment Santa Margarita Roses\"><\/div><div class=\"slide-item\"><img data-lazy=\"https:\/\/files.net2rent.com\/pfiles\/61\/4125\/199441-kf-o-m.jpg\" alt=\"\" title=\"\"><\/div>  <\/div>\n\n  <div class=\"n2r__list__item__info\">\n    <div class=\"n2r__list__item__title\">\n      <h2 class=\"n2r__list__item__name\">\n        <a href=\"https:\/\/www.companyturistic.com\/de\/unterkunftsdetails\/mieten-wohnung-port-canigo-ii-304-roses-4125\/\">PORT CANIG\u00d3 II 304 -Sch\u00f6ne und helle Wohnung mit Pool und Blick auf den Kanal in Santa Margarita (Roses)<\/a>\n      <\/h2>\n          <\/div>\n    <div class=\"n2r__list__item__title\">\n      <div class=\"n2r__list__item__reference\">Ref: R144<\/div>\n      <div class=\"n2r__list__item__turisticreference\">HUTG-008640-57<\/div>      <div class=\"n2r__list__item__city\">Roses<\/div>\n              <div class=\"n2r__list__item__rating\">\n          <div class=\"n2r__rating\">\n            <div class=\"n2r__rating__complete\" style=\"width:80%\"><\/div>\n          <\/div>\n        <\/div>\n          <\/div>\n    <div class=\"n2r__list__item__features\">\n      <div class=\"n2r__list__item__feature n2r__list__item__feature--rooms\" title=\"1 zimmer\"><i class=\"n2r_room\"><\/i> 1<\/div><div class=\"n2r__list__item__feature n2r__list__item__feature--capacity\" title=\"4 pax\"><i class=\"n2r_people\"><\/i> 4<\/div><div class=\"n2r__list__item__feature n2r__list__item__feature--terrace\" title=\"terrasse\"><i class=\"n2r_terrace\"><\/i> <\/div><div class=\"n2r__list__item__feature n2r__list__item__feature--sea_distance\" title=\"Entfernung zum Meer\"><i class=\"n2r_sea_distance\"><\/i> 1,5km<\/div><div class=\"n2r__list__item__feature n2r__list__item__feature--pool\" title=\"Schwimmbad\"><i class=\"n2r_swimming_pool\"><\/i> <\/div><div class=\"n2r__list__item__feature n2r__list__item__feature--wifi\" title=\"WLAN\"><i class=\"n2r_properties_equipment_wifi\"><\/i> <\/div><div class=\"n2r__list__item__feature n2r__list__item__feature--pets\" title=\"Haustiere erlaubt\"><i class=\"n2r_pets\"><\/i> <\/div>    <\/div>\n    <div class=\"n2r__list__item__description\">H\u00fcbsche Ferienwohnung, hell und mit einem wunderbaren Blick auf die Meerwasserkan\u00e4le des Ortsteils Santa Margarita (Roses). Nur 1,5km vom Strand und 800m vom Zenturm von Santa Margarita entfernt. Sie hat ein Schlafzimmer mit zwei Einzelbetten, Wohnzimmer mit zwei Schlafpl\u00e4tzen, offene K\u00fcche, Bad und Terrasse mit Panoramablick auf den Kanal. Ausgestattet mit Mikrowelle und Waschmaschine. W-Lan. Gemeinschaftspool mit Kinderbecken und Jacuzzi. Kleiner Supermarkt auf dem Gel\u00e4nde. Hausmeister tags\u00fcber. Ideal aufgrund ihrer Lage in einer ruhigen Umgebung und unweit des Zentrums mit den wichtigsten Gesch\u00e4ften. HUTG-008640-57<\/div>\n    <div class=\"n2r__list__item__footer\">\n      <div class=\"n2r__list__item__price\"><span class=\"n2r__list__item__price__from\">Von 355 \u20ac <small class=\"n2r__list__item__price__from__type\">\/  woche<\/small><\/span><\/div>    <\/div>\n  <\/div>\n  <a class=\"n2r__list__item__link\" href=\"https:\/\/www.companyturistic.com\/de\/unterkunftsdetails\/mieten-wohnung-port-canigo-ii-304-roses-4125\/\">Mehr<\/a>\n  <\/div><div class=\"n2r__list__item n2r__clickable   \" data-id=\"22082\">\n    <div class=\"n2r__list__item__gallery n2r__slider\">\n    <div class=\"slide-item\"><img data-lazy=\"https:\/\/files.net2rent.com\/pfiles\/61\/22082\/520800-GU-o-m.jpg\" alt=\"L150-02 CABIONI 4 Reihenhaus Grifeu Llan\u00e7\u00e0\" title=\"L150-02 CABIONI 4 Reihenhaus Grifeu Llan\u00e7\u00e0\"><\/div><div class=\"slide-item\"><img data-lazy=\"https:\/\/files.net2rent.com\/pfiles\/61\/22082\/520798-px-o-m.jpg\" alt=\"L150-02 CABIONI 4 Reihenhaus Grifeu Llan\u00e7\u00e0\" title=\"L150-02 CABIONI 4 Reihenhaus Grifeu Llan\u00e7\u00e0\"><\/div><div class=\"slide-item\"><img data-lazy=\"https:\/\/files.net2rent.com\/pfiles\/61\/22082\/520799-Z1-o-m.jpg\" alt=\"L150-02 CABIONI 4 Reihenhaus Grifeu Llan\u00e7\u00e0\" title=\"L150-02 CABIONI 4 Reihenhaus Grifeu Llan\u00e7\u00e0\"><\/div><div class=\"slide-item\"><img data-lazy=\"https:\/\/files.net2rent.com\/pfiles\/61\/22082\/520796-eC-o-m.jpg\" alt=\"L150-02 CABIONI 4 Reihenhaus Grifeu Llan\u00e7\u00e0\" title=\"L150-02 CABIONI 4 Reihenhaus Grifeu Llan\u00e7\u00e0\"><\/div><div class=\"slide-item\"><img data-lazy=\"https:\/\/files.net2rent.com\/pfiles\/61\/22082\/520797-MM-o-m.jpg\" alt=\"L150-02 CABIONI 4 Reihenhaus Grifeu Llan\u00e7\u00e0\" title=\"L150-02 CABIONI 4 Reihenhaus Grifeu Llan\u00e7\u00e0\"><\/div><div class=\"slide-item\"><img data-lazy=\"https:\/\/files.net2rent.com\/pfiles\/61\/22082\/520785-a0-o-m.jpg\" alt=\"L150-02 CABIONI 4 Reihenhaus Grifeu Llan\u00e7\u00e0\" title=\"L150-02 CABIONI 4 Reihenhaus Grifeu Llan\u00e7\u00e0\"><\/div><div class=\"slide-item\"><img data-lazy=\"https:\/\/files.net2rent.com\/pfiles\/61\/22082\/520786-c7-o-m.jpg\" alt=\"L150-02 CABIONI 4 Reihenhaus Grifeu Llan\u00e7\u00e0\" title=\"L150-02 CABIONI 4 Reihenhaus Grifeu Llan\u00e7\u00e0\"><\/div><div class=\"slide-item\"><img data-lazy=\"https:\/\/files.net2rent.com\/pfiles\/61\/22082\/520787-ey-o-m.jpg\" alt=\"L150-02 CABIONI 4 Reihenhaus Grifeu Llan\u00e7\u00e0\" title=\"L150-02 CABIONI 4 Reihenhaus Grifeu Llan\u00e7\u00e0\"><\/div><div class=\"slide-item\"><img data-lazy=\"https:\/\/files.net2rent.com\/pfiles\/61\/22082\/520789-Kp-o-m.jpg\" alt=\"L150-02 CABIONI 4 Reihenhaus Grifeu Llan\u00e7\u00e0\" title=\"L150-02 CABIONI 4 Reihenhaus Grifeu Llan\u00e7\u00e0\"><\/div><div class=\"slide-item\"><img data-lazy=\"https:\/\/files.net2rent.com\/pfiles\/61\/22082\/520790-Nn-o-m.jpg\" alt=\"L150-02 CABIONI 4 Reihenhaus Grifeu Llan\u00e7\u00e0\" title=\"L150-02 CABIONI 4 Reihenhaus Grifeu Llan\u00e7\u00e0\"><\/div><div class=\"slide-item\"><img data-lazy=\"https:\/\/files.net2rent.com\/pfiles\/61\/22082\/520791-1n-o-m.jpg\" alt=\"L150-02 CABIONI 4 Reihenhaus Grifeu Llan\u00e7\u00e0\" title=\"L150-02 CABIONI 4 Reihenhaus Grifeu Llan\u00e7\u00e0\"><\/div><div class=\"slide-item\"><img data-lazy=\"https:\/\/files.net2rent.com\/pfiles\/61\/22082\/520781-bt-o-m.jpg\" alt=\"L150-02 CABIONI 4 Reihenhaus Grifeu Llan\u00e7\u00e0\" title=\"L150-02 CABIONI 4 Reihenhaus Grifeu Llan\u00e7\u00e0\"><\/div><div class=\"slide-item\"><img data-lazy=\"https:\/\/files.net2rent.com\/pfiles\/61\/22082\/520788-r7-o-m.jpg\" alt=\"L150-02 CABIONI 4 Reihenhaus Grifeu Llan\u00e7\u00e0\" title=\"L150-02 CABIONI 4 Reihenhaus Grifeu Llan\u00e7\u00e0\"><\/div><div class=\"slide-item\"><img data-lazy=\"https:\/\/files.net2rent.com\/pfiles\/61\/22082\/520792-yE-o-m.jpg\" alt=\"L150-02 CABIONI 4 Reihenhaus Grifeu Llan\u00e7\u00e0\" title=\"L150-02 CABIONI 4 Reihenhaus Grifeu Llan\u00e7\u00e0\"><\/div><div class=\"slide-item\"><img data-lazy=\"https:\/\/files.net2rent.com\/pfiles\/61\/22082\/520795-x9-o-m.jpg\" alt=\"L150-02 CABIONI 4 Reihenhaus Grifeu Llan\u00e7\u00e0\" title=\"L150-02 CABIONI 4 Reihenhaus Grifeu Llan\u00e7\u00e0\"><\/div><div class=\"slide-item\"><img data-lazy=\"https:\/\/files.net2rent.com\/pfiles\/61\/22082\/520794-JW-o-m.jpg\" alt=\"L150-02 CABIONI 4 Reihenhaus Grifeu Llan\u00e7\u00e0\" title=\"L150-02 CABIONI 4 Reihenhaus Grifeu Llan\u00e7\u00e0\"><\/div><div class=\"slide-item\"><img data-lazy=\"https:\/\/files.net2rent.com\/pfiles\/61\/22082\/520782-6Q-o-m.jpg\" alt=\"L150-02 CABIONI 4 Reihenhaus Grifeu Llan\u00e7\u00e0\" title=\"L150-02 CABIONI 4 Reihenhaus Grifeu Llan\u00e7\u00e0\"><\/div><div class=\"slide-item\"><img data-lazy=\"https:\/\/files.net2rent.com\/pfiles\/61\/22082\/520783-P8-o-m.jpg\" alt=\"L150-02 CABIONI 4 Reihenhaus Grifeu Llan\u00e7\u00e0\" title=\"L150-02 CABIONI 4 Reihenhaus Grifeu Llan\u00e7\u00e0\"><\/div><div class=\"slide-item\"><img data-lazy=\"https:\/\/files.net2rent.com\/pfiles\/61\/22082\/520784-vL-o-m.jpg\" alt=\"L150-02 CABIONI 4 Reihenhaus Grifeu Llan\u00e7\u00e0\" title=\"L150-02 CABIONI 4 Reihenhaus Grifeu Llan\u00e7\u00e0\"><\/div><div class=\"slide-item\"><img data-lazy=\"https:\/\/files.net2rent.com\/pfiles\/61\/22082\/520803-TA-o-m.jpg\" alt=\"L150-02 CABIONI 4 Reihenhaus Grifeu Llan\u00e7\u00e0\" title=\"L150-02 CABIONI 4 Reihenhaus Grifeu Llan\u00e7\u00e0\"><\/div><div class=\"slide-item\"><img data-lazy=\"https:\/\/files.net2rent.com\/pfiles\/61\/22082\/520804-4n-o-m.jpg\" alt=\"L150-02 CABIONI 4 Reihenhaus Grifeu Llan\u00e7\u00e0\" title=\"L150-02 CABIONI 4 Reihenhaus Grifeu Llan\u00e7\u00e0\"><\/div><div class=\"slide-item\"><img data-lazy=\"https:\/\/files.net2rent.com\/pfiles\/61\/22082\/520805-P1-o-m.jpg\" alt=\"L150-02 CABIONI 4 Reihenhaus Grifeu Llan\u00e7\u00e0\" title=\"L150-02 CABIONI 4 Reihenhaus Grifeu Llan\u00e7\u00e0\"><\/div><div class=\"slide-item\"><img data-lazy=\"https:\/\/files.net2rent.com\/pfiles\/61\/22082\/520806-kl-o-m.jpg\" alt=\"L150-02 CABIONI 4 Reihenhaus Grifeu Llan\u00e7\u00e0\" title=\"L150-02 CABIONI 4 Reihenhaus Grifeu Llan\u00e7\u00e0\"><\/div><div class=\"slide-item\"><img data-lazy=\"https:\/\/files.net2rent.com\/pfiles\/61\/22082\/520801-lP-o-m.jpg\" alt=\"L150-02 CABIONI 4 Reihenhaus Grifeu Llan\u00e7\u00e0\" title=\"L150-02 CABIONI 4 Reihenhaus Grifeu Llan\u00e7\u00e0\"><\/div><div class=\"slide-item\"><img data-lazy=\"https:\/\/files.net2rent.com\/pfiles\/61\/22082\/520802-IX-o-m.jpg\" alt=\"L150-02 CABIONI 4 Reihenhaus Grifeu Llan\u00e7\u00e0\" title=\"L150-02 CABIONI 4 Reihenhaus Grifeu Llan\u00e7\u00e0\"><\/div>  <\/div>\n\n  <div class=\"n2r__list__item__info\">\n    <div class=\"n2r__list__item__title\">\n      <h2 class=\"n2r__list__item__name\">\n        <a href=\"https:\/\/www.companyturistic.com\/de\/unterkunftsdetails\/mieten-reihenhaus-cabioni-4-llanca-22082\/\">CABIONI 4 - Gro\u00dfes Reihenhaus mit Gemeinschaftspool, ge\u00f6ffnet von Juni bis September, nur wenige Meter vom Strand Grifeu<\/a>\n      <\/h2>\n          <\/div>\n    <div class=\"n2r__list__item__title\">\n      <div class=\"n2r__list__item__reference\">Ref: L150-02<\/div>\n      <div class=\"n2r__list__item__turisticreference\">HUTG-038272-43<\/div>      <div class=\"n2r__list__item__city\">Llan\u00e7\u00e0<\/div>\n              <div class=\"n2r__list__item__rating\">\n          <div class=\"n2r__rating\">\n            <div class=\"n2r__rating__complete\" style=\"width:0%\"><\/div>\n          <\/div>\n        <\/div>\n          <\/div>\n    <div class=\"n2r__list__item__features\">\n      <div class=\"n2r__list__item__feature n2r__list__item__feature--rooms\" title=\"2 zimmer\"><i class=\"n2r_room\"><\/i> 2<\/div><div class=\"n2r__list__item__feature n2r__list__item__feature--capacity\" title=\"4 pax\"><i class=\"n2r_people\"><\/i> 4<\/div><div class=\"n2r__list__item__feature n2r__list__item__feature--terrace\" title=\"terrasse\"><i class=\"n2r_terrace\"><\/i> <\/div><div class=\"n2r__list__item__feature n2r__list__item__feature--parking\" title=\"parkplatz\"><i class=\"n2r_parking\"><\/i> <\/div><div class=\"n2r__list__item__feature n2r__list__item__feature--pool\" title=\"Schwimmbad\"><i class=\"n2r_swimming_pool\"><\/i> <\/div><div class=\"n2r__list__item__feature n2r__list__item__feature--air_conditioning\" title=\"Klimaanlage\"><i class=\"n2r_properties_equipment_air_conditioning\"><\/i> <\/div><div class=\"n2r__list__item__feature n2r__list__item__feature--pets\" title=\"Haustiere erlaubt\"><i class=\"n2r_pets\"><\/i> <\/div>    <\/div>\n    <div class=\"n2r__list__item__description\">Gro\u00dfes Reihenhaus mit Gemeinschaftspool, ge\u00f6ffnet von Juni bis September, nur wenige Meter vom Strand Grifeu entfernt in Llan\u00e7\u00e0. Es ist auf zwei Etagen verteilt (die dritte ist zur privaten Nutzung bestimmt). Erdgeschoss: verf\u00fcgt \u00fcber zwei Doppelzimmer, Badezimmer und Gartenbereich. Erster Stock: ger\u00e4umiges und sehr helles Wohn-Esszimmer, K\u00fcche und Terrasse mit Blick auf den Pool und eine kleine Toilette. Ausgestattet mit Klimaanlage, TV, Backofen und Waschmaschine. Inklusive Parkplatz im Freien. F\u00fcr 4 Personen. HUTG-038272<\/div>\n    <div class=\"n2r__list__item__footer\">\n      <div class=\"n2r__list__item__price\"><span class=\"n2r__list__item__price__from\">Von 546 \u20ac <small class=\"n2r__list__item__price__from__type\">\/  woche<\/small><\/span><\/div>    <\/div>\n  <\/div>\n  <a class=\"n2r__list__item__link\" href=\"https:\/\/www.companyturistic.com\/de\/unterkunftsdetails\/mieten-reihenhaus-cabioni-4-llanca-22082\/\">Mehr<\/a>\n  <\/div><div class=\"n2r__list__item n2r__clickable   \" data-id=\"27227\">\n    <div class=\"n2r__list__item__gallery n2r__slider\">\n    <div class=\"slide-item\"><img data-lazy=\"https:\/\/files.net2rent.com\/pfiles\/61\/27227\/625757-b2-o-m.jpg\" alt=\"R329 PORTO MARINA 109 Apartment Santa Margarita Roses\" title=\"R329 PORTO MARINA 109 Apartment Santa Margarita Roses\"><\/div><div class=\"slide-item\"><img data-lazy=\"https:\/\/files.net2rent.com\/pfiles\/61\/27227\/625761-MH-o-m.jpg\" alt=\"R329 PORTO MARINA 109 Apartment Santa Margarita Roses\" title=\"R329 PORTO MARINA 109 Apartment Santa Margarita Roses\"><\/div><div class=\"slide-item\"><img data-lazy=\"https:\/\/files.net2rent.com\/pfiles\/61\/27227\/625752-S6-o-m.jpg\" alt=\"R329 PORTO MARINA 109 Apartment Santa Margarita Roses\" title=\"R329 PORTO MARINA 109 Apartment Santa Margarita Roses\"><\/div><div class=\"slide-item\"><img data-lazy=\"https:\/\/files.net2rent.com\/pfiles\/61\/27227\/625753-Gt-o-m.jpg\" alt=\"R329 PORTO MARINA 109 Apartment Santa Margarita Roses\" title=\"R329 PORTO MARINA 109 Apartment Santa Margarita Roses\"><\/div><div class=\"slide-item\"><img data-lazy=\"https:\/\/files.net2rent.com\/pfiles\/61\/27227\/625754-wJ-o-m.jpg\" alt=\"R329 PORTO MARINA 109 Apartment Santa Margarita Roses\" title=\"R329 PORTO MARINA 109 Apartment Santa Margarita Roses\"><\/div><div class=\"slide-item\"><img data-lazy=\"https:\/\/files.net2rent.com\/pfiles\/61\/27227\/625755-e6-o-m.jpg\" alt=\"R329 PORTO MARINA 109 Apartment Santa Margarita Roses\" title=\"R329 PORTO MARINA 109 Apartment Santa Margarita Roses\"><\/div><div class=\"slide-item\"><img data-lazy=\"https:\/\/files.net2rent.com\/pfiles\/61\/27227\/625756-qt-o-m.jpg\" alt=\"R329 PORTO MARINA 109 Apartment Santa Margarita Roses\" title=\"R329 PORTO MARINA 109 Apartment Santa Margarita Roses\"><\/div><div class=\"slide-item\"><img data-lazy=\"https:\/\/files.net2rent.com\/pfiles\/61\/27227\/625758-cS-o-m.jpg\" alt=\"R329 PORTO MARINA 109 Apartment Santa Margarita Roses\" title=\"R329 PORTO MARINA 109 Apartment Santa Margarita Roses\"><\/div><div class=\"slide-item\"><img data-lazy=\"https:\/\/files.net2rent.com\/pfiles\/61\/27227\/625759-XA-o-m.jpg\" alt=\"R329 PORTO MARINA 109 Apartment Santa Margarita Roses\" title=\"R329 PORTO MARINA 109 Apartment Santa Margarita Roses\"><\/div><div class=\"slide-item\"><img data-lazy=\"https:\/\/files.net2rent.com\/pfiles\/61\/27227\/625760-X6-o-m.jpg\" alt=\"R329 PORTO MARINA 109 Apartment Santa Margarita Roses\" title=\"R329 PORTO MARINA 109 Apartment Santa Margarita Roses\"><\/div><div class=\"slide-item\"><img data-lazy=\"https:\/\/files.net2rent.com\/pfiles\/61\/27227\/626664-NN-o-m.jpg\" alt=\"R329 PORTO MARINA 109 Apartment Santa Margarita Roses\" title=\"R329 PORTO MARINA 109 Apartment Santa Margarita Roses\"><\/div><div class=\"slide-item\"><img data-lazy=\"https:\/\/files.net2rent.com\/pfiles\/61\/27227\/626644-XN-o-m.jpg\" alt=\"R329 PORTO MARINA 109 Apartment Santa Margarita Roses\" title=\"R329 PORTO MARINA 109 Apartment Santa Margarita Roses\"><\/div><div class=\"slide-item\"><img data-lazy=\"https:\/\/files.net2rent.com\/pfiles\/61\/27227\/626642-No-o-m.jpg\" alt=\"R329 PORTO MARINA 109 Apartment Santa Margarita Roses\" title=\"R329 PORTO MARINA 109 Apartment Santa Margarita Roses\"><\/div><div class=\"slide-item\"><img data-lazy=\"https:\/\/files.net2rent.com\/pfiles\/61\/27227\/626652-Z8-o-m.jpg\" alt=\"R329 PORTO MARINA 109 Apartment Santa Margarita Roses\" title=\"R329 PORTO MARINA 109 Apartment Santa Margarita Roses\"><\/div><div class=\"slide-item\"><img data-lazy=\"https:\/\/files.net2rent.com\/pfiles\/61\/27227\/626658-S3-o-m.jpg\" alt=\"R329 PORTO MARINA 109 Apartment Santa Margarita Roses\" title=\"R329 PORTO MARINA 109 Apartment Santa Margarita Roses\"><\/div><div class=\"slide-item\"><img data-lazy=\"https:\/\/files.net2rent.com\/pfiles\/61\/27227\/626659-Pi-o-m.jpg\" alt=\"R329 PORTO MARINA 109 Apartment Santa Margarita Roses\" title=\"R329 PORTO MARINA 109 Apartment Santa Margarita Roses\"><\/div><div class=\"slide-item\"><img data-lazy=\"https:\/\/files.net2rent.com\/pfiles\/61\/27227\/626656-ck-o-m.jpg\" alt=\"R329 PORTO MARINA 109 Apartment Santa Margarita Roses\" title=\"R329 PORTO MARINA 109 Apartment Santa Margarita Roses\"><\/div><div class=\"slide-item\"><img data-lazy=\"https:\/\/files.net2rent.com\/pfiles\/61\/27227\/626661-u4-o-m.jpg\" alt=\"R329 PORTO MARINA 109 Apartment Santa Margarita Roses\" title=\"R329 PORTO MARINA 109 Apartment Santa Margarita Roses\"><\/div><div class=\"slide-item\"><img data-lazy=\"https:\/\/files.net2rent.com\/pfiles\/61\/27227\/626648-vX-o-m.jpg\" alt=\"R329 PORTO MARINA 109 Apartment Santa Margarita Roses\" title=\"R329 PORTO MARINA 109 Apartment Santa Margarita Roses\"><\/div><div class=\"slide-item\"><img data-lazy=\"https:\/\/files.net2rent.com\/pfiles\/61\/27227\/626646-BI-o-m.jpg\" alt=\"R329 PORTO MARINA 109 Apartment Santa Margarita Roses\" title=\"R329 PORTO MARINA 109 Apartment Santa Margarita Roses\"><\/div><div class=\"slide-item\"><img data-lazy=\"https:\/\/files.net2rent.com\/pfiles\/61\/27227\/626647-e1-o-m.jpg\" alt=\"R329 PORTO MARINA 109 Apartment Santa Margarita Roses\" title=\"R329 PORTO MARINA 109 Apartment Santa Margarita Roses\"><\/div><div class=\"slide-item\"><img data-lazy=\"https:\/\/files.net2rent.com\/pfiles\/61\/27227\/626649-IU-o-m.jpg\" alt=\"R329 PORTO MARINA 109 Apartment Santa Margarita Roses\" title=\"R329 PORTO MARINA 109 Apartment Santa Margarita Roses\"><\/div><div class=\"slide-item\"><img data-lazy=\"https:\/\/files.net2rent.com\/pfiles\/61\/27227\/626654-f4-o-m.jpg\" alt=\"R329 PORTO MARINA 109 Apartment Santa Margarita Roses\" title=\"R329 PORTO MARINA 109 Apartment Santa Margarita Roses\"><\/div><div class=\"slide-item\"><img data-lazy=\"https:\/\/files.net2rent.com\/pfiles\/61\/27227\/626643-dK-o-m.jpg\" alt=\"R329 PORTO MARINA 109 Apartment Santa Margarita Roses\" title=\"R329 PORTO MARINA 109 Apartment Santa Margarita Roses\"><\/div><div class=\"slide-item\"><img data-lazy=\"https:\/\/files.net2rent.com\/pfiles\/61\/27227\/626650-8p-o-m.jpg\" alt=\"R329 PORTO MARINA 109 Apartment Santa Margarita Roses\" title=\"R329 PORTO MARINA 109 Apartment Santa Margarita Roses\"><\/div>  <\/div>\n\n  <div class=\"n2r__list__item__info\">\n    <div class=\"n2r__list__item__title\">\n      <h2 class=\"n2r__list__item__name\">\n        <a href=\"https:\/\/www.companyturistic.com\/de\/unterkunftsdetails\/mieten-wohnung-porto-marina-109-roses-27227\/\">PORTO MARINA 109 - Sehr sch\u00f6nes Apartment in Santa Margarita<\/a>\n      <\/h2>\n          <\/div>\n    <div class=\"n2r__list__item__title\">\n      <div class=\"n2r__list__item__reference\">Ref: R329<\/div>\n      <div class=\"n2r__list__item__turisticreference\">HUTG-072458-00<\/div>      <div class=\"n2r__list__item__city\">Roses<\/div>\n              <div class=\"n2r__list__item__rating\">\n          <div class=\"n2r__rating\">\n            <div class=\"n2r__rating__complete\" style=\"width:0%\"><\/div>\n          <\/div>\n        <\/div>\n          <\/div>\n    <div class=\"n2r__list__item__features\">\n      <div class=\"n2r__list__item__feature n2r__list__item__feature--rooms\" title=\"1 zimmer\"><i class=\"n2r_room\"><\/i> 1<\/div><div class=\"n2r__list__item__feature n2r__list__item__feature--capacity\" title=\"4 pax\"><i class=\"n2r_people\"><\/i> 4<\/div><div class=\"n2r__list__item__feature n2r__list__item__feature--terrace\" title=\"terrasse\"><i class=\"n2r_terrace\"><\/i> <\/div><div class=\"n2r__list__item__feature n2r__list__item__feature--parking\" title=\"parkplatz\"><i class=\"n2r_parking\"><\/i> <\/div><div class=\"n2r__list__item__feature n2r__list__item__feature--sea_distance\" title=\"Entfernung zum Meer\"><i class=\"n2r_sea_distance\"><\/i> 1.2km<\/div><div class=\"n2r__list__item__feature n2r__list__item__feature--pool\" title=\"Schwimmbad\"><i class=\"n2r_swimming_pool\"><\/i> <\/div><div class=\"n2r__list__item__feature n2r__list__item__feature--air_conditioning\" title=\"Klimaanlage\"><i class=\"n2r_properties_equipment_air_conditioning\"><\/i> <\/div>    <\/div>\n    <div class=\"n2r__list__item__description\">Sehr sch\u00f6nes Apartment in Santa Margarita (Roses), nur 1,2 km vom Strand und 700 m vom Zentrum entfernt, wo Sie Bars, Restaurants und Gesch\u00e4fte finden. Es verf\u00fcgt \u00fcber ein Schlafzimmer mit Doppelbett, ein Wohn-\/Esszimmer mit Schlafcouch, eine offene K\u00fcche, ein Badezimmer und eine gro\u00dfe Terrasse mit Blick auf den Gemeinschaftspool. Ein Tiefgaragenstellplatz ist vorhanden. Zur Ausstattung geh\u00f6ren Backofen, Mikrowelle, Waschmaschine und Fernseher. Die Superm\u00e4rkte Mercadona und Lidl befinden sich in unmittelbarer N\u00e4he. Ideal f\u00fcr Paare mit Kindern dank der ruhigen Lage und der M\u00f6glichkeit, den Gemeinschaftspool uneingeschr\u00e4nkt zu nutzen. HUTG-072458<\/div>\n    <div class=\"n2r__list__item__footer\">\n      <div class=\"n2r__list__item__price\"><span class=\"n2r__list__item__price__from\">Von 520 \u20ac <small class=\"n2r__list__item__price__from__type\">\/  woche<\/small><\/span><\/div>    <\/div>\n  <\/div>\n  <a class=\"n2r__list__item__link\" href=\"https:\/\/www.companyturistic.com\/de\/unterkunftsdetails\/mieten-wohnung-porto-marina-109-roses-27227\/\">Mehr<\/a>\n  <\/div><div class=\"n2r__list__item n2r__clickable   n2r__safeandclean\" data-id=\"14750\">\n    <div class=\"n2r__list__item__gallery n2r__slider\">\n    <div class=\"slide-item\"><img data-lazy=\"https:\/\/files.net2rent.com\/pfiles\/61\/14750\/270937-xb-o-m.jpg\" alt=\"R276 LA BOCANA Reihenhaus Santa Margarita Roses\" title=\"R276 LA BOCANA Reihenhaus Santa Margarita Roses\"><\/div><div class=\"slide-item\"><img data-lazy=\"https:\/\/files.net2rent.com\/pfiles\/61\/14750\/542772-E5-o-m.jpg\" alt=\"R276 LA BOCANA Reihenhaus Santa Margarita Roses\" title=\"R276 LA BOCANA Reihenhaus Santa Margarita Roses\"><\/div><div class=\"slide-item\"><img data-lazy=\"https:\/\/files.net2rent.com\/pfiles\/61\/14750\/542774-V8-o-m.jpg\" alt=\"R276 LA BOCANA Reihenhaus Santa Margarita Roses\" title=\"R276 LA BOCANA Reihenhaus Santa Margarita Roses\"><\/div><div class=\"slide-item\"><img data-lazy=\"https:\/\/files.net2rent.com\/pfiles\/61\/14750\/542775-yj-o-m.jpg\" alt=\"R276 LA BOCANA Reihenhaus Santa Margarita Roses\" title=\"R276 LA BOCANA Reihenhaus Santa Margarita Roses\"><\/div><div class=\"slide-item\"><img data-lazy=\"https:\/\/files.net2rent.com\/pfiles\/61\/14750\/542773-75-o-m.jpg\" alt=\"R276 LA BOCANA Reihenhaus Santa Margarita Roses\" title=\"R276 LA BOCANA Reihenhaus Santa Margarita Roses\"><\/div><div class=\"slide-item\"><img data-lazy=\"https:\/\/files.net2rent.com\/pfiles\/61\/14750\/542776-Ql-o-m.jpg\" alt=\"R276 LA BOCANA Reihenhaus Santa Margarita Roses\" title=\"R276 LA BOCANA Reihenhaus Santa Margarita Roses\"><\/div><div class=\"slide-item\"><img data-lazy=\"https:\/\/files.net2rent.com\/pfiles\/61\/14750\/542778-C1-o-m.jpg\" alt=\"R276 LA BOCANA Reihenhaus Santa Margarita Roses\" title=\"R276 LA BOCANA Reihenhaus Santa Margarita Roses\"><\/div><div class=\"slide-item\"><img data-lazy=\"https:\/\/files.net2rent.com\/pfiles\/61\/14750\/542779-pw-o-m.jpg\" alt=\"R276 LA BOCANA Reihenhaus Santa Margarita Roses\" title=\"R276 LA BOCANA Reihenhaus Santa Margarita Roses\"><\/div><div class=\"slide-item\"><img data-lazy=\"https:\/\/files.net2rent.com\/pfiles\/61\/14750\/542780-uS-o-m.jpg\" alt=\"R276 LA BOCANA Reihenhaus Santa Margarita Roses\" title=\"R276 LA BOCANA Reihenhaus Santa Margarita Roses\"><\/div><div class=\"slide-item\"><img data-lazy=\"https:\/\/files.net2rent.com\/pfiles\/61\/14750\/542777-e8-o-m.jpg\" alt=\"R276 LA BOCANA Reihenhaus Santa Margarita Roses\" title=\"R276 LA BOCANA Reihenhaus Santa Margarita Roses\"><\/div><div class=\"slide-item\"><img data-lazy=\"https:\/\/files.net2rent.com\/pfiles\/61\/14750\/542790-Jm-o-m.jpg\" alt=\"R276 LA BOCANA Reihenhaus Santa Margarita Roses\" title=\"R276 LA BOCANA Reihenhaus Santa Margarita Roses\"><\/div><div class=\"slide-item\"><img data-lazy=\"https:\/\/files.net2rent.com\/pfiles\/61\/14750\/270922-zf-o-m.jpg\" alt=\"R276 LA BOCANA Reihenhaus Santa Margarita Roses\" title=\"R276 LA BOCANA Reihenhaus Santa Margarita Roses\"><\/div><div class=\"slide-item\"><img data-lazy=\"https:\/\/files.net2rent.com\/pfiles\/61\/14750\/270923-sb-o-m.jpg\" alt=\"R276 LA BOCANA Reihenhaus Santa Margarita Roses\" title=\"R276 LA BOCANA Reihenhaus Santa Margarita Roses\"><\/div><div class=\"slide-item\"><img data-lazy=\"https:\/\/files.net2rent.com\/pfiles\/61\/14750\/270924-0Q-o-m.jpg\" alt=\"R276 LA BOCANA Reihenhaus Santa Margarita Roses\" title=\"R276 LA BOCANA Reihenhaus Santa Margarita Roses\"><\/div><div class=\"slide-item\"><img data-lazy=\"https:\/\/files.net2rent.com\/pfiles\/61\/14750\/542792-TC-o-m.jpg\" alt=\"R276 LA BOCANA Reihenhaus Santa Margarita Roses\" title=\"R276 LA BOCANA Reihenhaus Santa Margarita Roses\"><\/div><div class=\"slide-item\"><img data-lazy=\"https:\/\/files.net2rent.com\/pfiles\/61\/14750\/542793-fg-o-m.jpg\" alt=\"R276 LA BOCANA Reihenhaus Santa Margarita Roses\" title=\"R276 LA BOCANA Reihenhaus Santa Margarita Roses\"><\/div><div class=\"slide-item\"><img data-lazy=\"https:\/\/files.net2rent.com\/pfiles\/61\/14750\/542795-hC-o-m.jpg\" alt=\"R276 LA BOCANA Reihenhaus Santa Margarita Roses\" title=\"R276 LA BOCANA Reihenhaus Santa Margarita Roses\"><\/div><div class=\"slide-item\"><img data-lazy=\"https:\/\/files.net2rent.com\/pfiles\/61\/14750\/270930-WI-o-m.jpg\" alt=\"R276 LA BOCANA Reihenhaus Santa Margarita Roses\" title=\"R276 LA BOCANA Reihenhaus Santa Margarita Roses\"><\/div><div class=\"slide-item\"><img data-lazy=\"https:\/\/files.net2rent.com\/pfiles\/61\/14750\/270933-8V-o-m.jpg\" alt=\"R276 LA BOCANA Reihenhaus Santa Margarita Roses\" title=\"R276 LA BOCANA Reihenhaus Santa Margarita Roses\"><\/div><div class=\"slide-item\"><img data-lazy=\"https:\/\/files.net2rent.com\/pfiles\/61\/14750\/270936-Nj-o-m.jpg\" alt=\"R276 LA BOCANA Reihenhaus Santa Margarita Roses\" title=\"R276 LA BOCANA Reihenhaus Santa Margarita Roses\"><\/div><div class=\"slide-item\"><img data-lazy=\"https:\/\/files.net2rent.com\/pfiles\/61\/14750\/270938-Mr-o-m.jpg\" alt=\"R276 LA BOCANA Reihenhaus Santa Margarita Roses\" title=\"R276 LA BOCANA Reihenhaus Santa Margarita Roses\"><\/div><div class=\"slide-item\"><img data-lazy=\"https:\/\/files.net2rent.com\/pfiles\/61\/14750\/542782-Pj-o-m.jpg\" alt=\"R276 LA BOCANA Reihenhaus Santa Margarita Roses\" title=\"R276 LA BOCANA Reihenhaus Santa Margarita Roses\"><\/div><div class=\"slide-item\"><img data-lazy=\"https:\/\/files.net2rent.com\/pfiles\/61\/14750\/542784-TE-o-m.jpg\" alt=\"R276 LA BOCANA Reihenhaus Santa Margarita Roses\" title=\"R276 LA BOCANA Reihenhaus Santa Margarita Roses\"><\/div><div class=\"slide-item\"><img data-lazy=\"https:\/\/files.net2rent.com\/pfiles\/61\/14750\/542785-0X-o-m.jpg\" alt=\"R276 LA BOCANA Reihenhaus Santa Margarita Roses\" title=\"R276 LA BOCANA Reihenhaus Santa Margarita Roses\"><\/div><div class=\"slide-item\"><img data-lazy=\"https:\/\/files.net2rent.com\/pfiles\/61\/14750\/542786-c6-o-m.jpg\" alt=\"R276 LA BOCANA Reihenhaus Santa Margarita Roses\" title=\"R276 LA BOCANA Reihenhaus Santa Margarita Roses\"><\/div><div class=\"slide-item\"><img data-lazy=\"https:\/\/files.net2rent.com\/pfiles\/61\/14750\/542787-GK-o-m.jpg\" alt=\"R276 LA BOCANA Reihenhaus Santa Margarita Roses\" title=\"R276 LA BOCANA Reihenhaus Santa Margarita Roses\"><\/div>  <\/div>\n\n  <div class=\"n2r__list__item__info\">\n    <div class=\"n2r__list__item__title\">\n      <h2 class=\"n2r__list__item__name\">\n        <a href=\"https:\/\/www.companyturistic.com\/de\/unterkunftsdetails\/mieten-reihenhaus-la-bocana-roses-14750\/\">LA BOCANA -Reihenhaus am Santa Margarita Kanal (Roses).<\/a>\n      <\/h2>\n          <\/div>\n    <div class=\"n2r__list__item__title\">\n      <div class=\"n2r__list__item__reference\">Ref: R276<\/div>\n      <div class=\"n2r__list__item__turisticreference\">HUTG-055294-63<\/div>      <div class=\"n2r__list__item__city\">Roses<\/div>\n              <div class=\"n2r__list__item__rating\">\n          <div class=\"n2r__rating\">\n            <div class=\"n2r__rating__complete\" style=\"width:0%\"><\/div>\n          <\/div>\n        <\/div>\n          <\/div>\n    <div class=\"n2r__list__item__features\">\n      <div class=\"n2r__list__item__feature n2r__list__item__feature--rooms\" title=\"2 zimmer\"><i class=\"n2r_room\"><\/i> 2<\/div><div class=\"n2r__list__item__feature n2r__list__item__feature--capacity\" title=\"4 pax\"><i class=\"n2r_people\"><\/i> 4<\/div><div class=\"n2r__list__item__feature n2r__list__item__feature--terrace\" title=\"terrasse\"><i class=\"n2r_terrace\"><\/i> <\/div><div class=\"n2r__list__item__feature n2r__list__item__feature--parking\" title=\"parkplatz\"><i class=\"n2r_parking\"><\/i> <\/div><div class=\"n2r__list__item__feature n2r__list__item__feature--sea_distance\" title=\"Entfernung zum Meer\"><i class=\"n2r_sea_distance\"><\/i> 500m<\/div><div class=\"n2r__list__item__feature n2r__list__item__feature--center_distance\" title=\"Entfernung zum Zentrum\"><i class=\"n2r_center_distance\"><\/i> 200m<\/div><div class=\"n2r__list__item__feature n2r__list__item__feature--air_conditioning\" title=\"Klimaanlage\"><i class=\"n2r_properties_equipment_air_conditioning\"><\/i> <\/div>    <\/div>\n    <div class=\"n2r__list__item__description\">Reihenhaus am Santa Margarita Kanal (Roses). Es besteht aus einem Wohn-Esszimmer mit Zugang zur Terrasse, einer K\u00fcche, zwei Schlafzimmern, eines mit einem Doppelbett, das andere mit einem Ausziehbett (2 Einzelbetten) und einem Badezimmer mit Dusche. Ausgestattet mit: Deckenventilatoren und Klimaanlage in allen Zimmern, Waschmaschine, Mikrowelle, Sat-TV und privatem Parkplatz. Dieses Haus liegt sehr nahe am Strand (nur 500 m zu Fu\u00df), dem Zentrum von Santa Margarita (200 m) und dem Ausgang zum Meer.Ideal f\u00fcr einen Familienurlaub an der Costa Brava. HUTG-055294-63<\/div>\n    <div class=\"n2r__list__item__footer\">\n      <div class=\"n2r__list__item__price\"><span class=\"n2r__list__item__price__from\">Von 443 \u20ac <small class=\"n2r__list__item__price__from__type\">\/  woche<\/small><\/span><\/div>    <\/div>\n  <\/div>\n  <a class=\"n2r__list__item__link\" href=\"https:\/\/www.companyturistic.com\/de\/unterkunftsdetails\/mieten-reihenhaus-la-bocana-roses-14750\/\">Mehr<\/a>\n  <\/div><div class=\"n2r__list__item n2r__clickable   \" data-id=\"27039\">\n    <div class=\"n2r__list__item__gallery n2r__slider\">\n    <div class=\"slide-item\"><img data-lazy=\"https:\/\/files.net2rent.com\/pfiles\/61\/27039\/624985-2f-o-m.jpg\" alt=\"L134-01 MAS CAN PERE PAU Einzelhaus \/ Villa  PEDRET I MARZ\u00c0\" title=\"L134-01 MAS CAN PERE PAU Einzelhaus \/ Villa  PEDRET I MARZ\u00c0\"><\/div><div class=\"slide-item\"><img data-lazy=\"https:\/\/files.net2rent.com\/pfiles\/61\/27039\/624986-QG-o-m.jpg\" alt=\"L134-01 MAS CAN PERE PAU Einzelhaus \/ Villa  PEDRET I MARZ\u00c0\" title=\"L134-01 MAS CAN PERE PAU Einzelhaus \/ Villa  PEDRET I MARZ\u00c0\"><\/div><div class=\"slide-item\"><img data-lazy=\"https:\/\/files.net2rent.com\/pfiles\/61\/27039\/625043-Qh-o-m.jpg\" alt=\"L134-01 MAS CAN PERE PAU Einzelhaus \/ Villa  PEDRET I MARZ\u00c0\" title=\"L134-01 MAS CAN PERE PAU Einzelhaus \/ Villa  PEDRET I MARZ\u00c0\"><\/div><div class=\"slide-item\"><img data-lazy=\"https:\/\/files.net2rent.com\/pfiles\/61\/27039\/624990-j4-o-m.jpg\" alt=\"L134-01 MAS CAN PERE PAU Einzelhaus \/ Villa  PEDRET I MARZ\u00c0\" title=\"L134-01 MAS CAN PERE PAU Einzelhaus \/ Villa  PEDRET I MARZ\u00c0\"><\/div><div class=\"slide-item\"><img data-lazy=\"https:\/\/files.net2rent.com\/pfiles\/61\/27039\/624984-Ke-o-m.jpg\" alt=\"L134-01 MAS CAN PERE PAU Einzelhaus \/ Villa  PEDRET I MARZ\u00c0\" title=\"L134-01 MAS CAN PERE PAU Einzelhaus \/ Villa  PEDRET I MARZ\u00c0\"><\/div><div class=\"slide-item\"><img data-lazy=\"https:\/\/files.net2rent.com\/pfiles\/61\/27039\/624963-KY-o-m.jpg\" alt=\"L134-01 MAS CAN PERE PAU Einzelhaus \/ Villa  PEDRET I MARZ\u00c0\" title=\"L134-01 MAS CAN PERE PAU Einzelhaus \/ Villa  PEDRET I MARZ\u00c0\"><\/div><div class=\"slide-item\"><img data-lazy=\"https:\/\/files.net2rent.com\/pfiles\/61\/27039\/624965-ue-o-m.jpg\" alt=\"L134-01 MAS CAN PERE PAU Einzelhaus \/ Villa  PEDRET I MARZ\u00c0\" title=\"L134-01 MAS CAN PERE PAU Einzelhaus \/ Villa  PEDRET I MARZ\u00c0\"><\/div><div class=\"slide-item\"><img data-lazy=\"https:\/\/files.net2rent.com\/pfiles\/61\/27039\/624951-Gp-o-m.jpg\" alt=\"L134-01 MAS CAN PERE PAU Einzelhaus \/ Villa  PEDRET I MARZ\u00c0\" title=\"L134-01 MAS CAN PERE PAU Einzelhaus \/ Villa  PEDRET I MARZ\u00c0\"><\/div><div class=\"slide-item\"><img data-lazy=\"https:\/\/files.net2rent.com\/pfiles\/61\/27039\/624953-St-o-m.jpg\" alt=\"L134-01 MAS CAN PERE PAU Einzelhaus \/ Villa  PEDRET I MARZ\u00c0\" title=\"L134-01 MAS CAN PERE PAU Einzelhaus \/ Villa  PEDRET I MARZ\u00c0\"><\/div><div class=\"slide-item\"><img data-lazy=\"https:\/\/files.net2rent.com\/pfiles\/61\/27039\/624952-nz-o-m.jpg\" alt=\"L134-01 MAS CAN PERE PAU Einzelhaus \/ Villa  PEDRET I MARZ\u00c0\" title=\"L134-01 MAS CAN PERE PAU Einzelhaus \/ Villa  PEDRET I MARZ\u00c0\"><\/div><div class=\"slide-item\"><img data-lazy=\"https:\/\/files.net2rent.com\/pfiles\/61\/27039\/624950-aG-o-m.jpg\" alt=\"L134-01 MAS CAN PERE PAU Einzelhaus \/ Villa  PEDRET I MARZ\u00c0\" title=\"L134-01 MAS CAN PERE PAU Einzelhaus \/ Villa  PEDRET I MARZ\u00c0\"><\/div><div class=\"slide-item\"><img data-lazy=\"https:\/\/files.net2rent.com\/pfiles\/61\/27039\/624954-io-o-m.jpg\" alt=\"L134-01 MAS CAN PERE PAU Einzelhaus \/ Villa  PEDRET I MARZ\u00c0\" title=\"L134-01 MAS CAN PERE PAU Einzelhaus \/ Villa  PEDRET I MARZ\u00c0\"><\/div><div class=\"slide-item\"><img data-lazy=\"https:\/\/files.net2rent.com\/pfiles\/61\/27039\/624956-7e-o-m.jpg\" alt=\"L134-01 MAS CAN PERE PAU Einzelhaus \/ Villa  PEDRET I MARZ\u00c0\" title=\"L134-01 MAS CAN PERE PAU Einzelhaus \/ Villa  PEDRET I MARZ\u00c0\"><\/div><div class=\"slide-item\"><img data-lazy=\"https:\/\/files.net2rent.com\/pfiles\/61\/27039\/624961-vK-o-m.jpg\" alt=\"L134-01 MAS CAN PERE PAU Einzelhaus \/ Villa  PEDRET I MARZ\u00c0\" title=\"L134-01 MAS CAN PERE PAU Einzelhaus \/ Villa  PEDRET I MARZ\u00c0\"><\/div><div class=\"slide-item\"><img data-lazy=\"https:\/\/files.net2rent.com\/pfiles\/61\/27039\/624957-WT-o-m.jpg\" alt=\"L134-01 MAS CAN PERE PAU Einzelhaus \/ Villa  PEDRET I MARZ\u00c0\" title=\"L134-01 MAS CAN PERE PAU Einzelhaus \/ Villa  PEDRET I MARZ\u00c0\"><\/div><div class=\"slide-item\"><img data-lazy=\"https:\/\/files.net2rent.com\/pfiles\/61\/27039\/624955-Pt-o-m.jpg\" alt=\"L134-01 MAS CAN PERE PAU Einzelhaus \/ Villa  PEDRET I MARZ\u00c0\" title=\"L134-01 MAS CAN PERE PAU Einzelhaus \/ Villa  PEDRET I MARZ\u00c0\"><\/div><div class=\"slide-item\"><img data-lazy=\"https:\/\/files.net2rent.com\/pfiles\/61\/27039\/624958-Hz-o-m.jpg\" alt=\"L134-01 MAS CAN PERE PAU Einzelhaus \/ Villa  PEDRET I MARZ\u00c0\" title=\"L134-01 MAS CAN PERE PAU Einzelhaus \/ Villa  PEDRET I MARZ\u00c0\"><\/div><div class=\"slide-item\"><img data-lazy=\"https:\/\/files.net2rent.com\/pfiles\/61\/27039\/624959-Ye-o-m.jpg\" alt=\"L134-01 MAS CAN PERE PAU Einzelhaus \/ Villa  PEDRET I MARZ\u00c0\" title=\"L134-01 MAS CAN PERE PAU Einzelhaus \/ Villa  PEDRET I MARZ\u00c0\"><\/div><div class=\"slide-item\"><img data-lazy=\"https:\/\/files.net2rent.com\/pfiles\/61\/27039\/624960-mh-o-m.jpg\" alt=\"L134-01 MAS CAN PERE PAU Einzelhaus \/ Villa  PEDRET I MARZ\u00c0\" title=\"L134-01 MAS CAN PERE PAU Einzelhaus \/ Villa  PEDRET I MARZ\u00c0\"><\/div><div class=\"slide-item\"><img data-lazy=\"https:\/\/files.net2rent.com\/pfiles\/61\/27039\/624962-Ha-o-m.jpg\" alt=\"L134-01 MAS CAN PERE PAU Einzelhaus \/ Villa  PEDRET I MARZ\u00c0\" title=\"L134-01 MAS CAN PERE PAU Einzelhaus \/ Villa  PEDRET I MARZ\u00c0\"><\/div><div class=\"slide-item\"><img data-lazy=\"https:\/\/files.net2rent.com\/pfiles\/61\/27039\/624966-IC-o-m.jpg\" alt=\"L134-01 MAS CAN PERE PAU Einzelhaus \/ Villa  PEDRET I MARZ\u00c0\" title=\"L134-01 MAS CAN PERE PAU Einzelhaus \/ Villa  PEDRET I MARZ\u00c0\"><\/div><div class=\"slide-item\"><img data-lazy=\"https:\/\/files.net2rent.com\/pfiles\/61\/27039\/624967-8d-o-m.jpg\" alt=\"L134-01 MAS CAN PERE PAU Einzelhaus \/ Villa  PEDRET I MARZ\u00c0\" title=\"L134-01 MAS CAN PERE PAU Einzelhaus \/ Villa  PEDRET I MARZ\u00c0\"><\/div><div class=\"slide-item\"><img data-lazy=\"https:\/\/files.net2rent.com\/pfiles\/61\/27039\/624969-3s-o-m.jpg\" alt=\"L134-01 MAS CAN PERE PAU Einzelhaus \/ Villa  PEDRET I MARZ\u00c0\" title=\"L134-01 MAS CAN PERE PAU Einzelhaus \/ Villa  PEDRET I MARZ\u00c0\"><\/div><div class=\"slide-item\"><img data-lazy=\"https:\/\/files.net2rent.com\/pfiles\/61\/27039\/624977-5G-o-m.jpg\" alt=\"L134-01 MAS CAN PERE PAU Einzelhaus \/ Villa  PEDRET I MARZ\u00c0\" title=\"L134-01 MAS CAN PERE PAU Einzelhaus \/ Villa  PEDRET I MARZ\u00c0\"><\/div><div class=\"slide-item\"><img data-lazy=\"https:\/\/files.net2rent.com\/pfiles\/61\/27039\/624970-Py-o-m.jpg\" alt=\"L134-01 MAS CAN PERE PAU Einzelhaus \/ Villa  PEDRET I MARZ\u00c0\" title=\"L134-01 MAS CAN PERE PAU Einzelhaus \/ Villa  PEDRET I MARZ\u00c0\"><\/div><div class=\"slide-item\"><img data-lazy=\"https:\/\/files.net2rent.com\/pfiles\/61\/27039\/624971-cP-o-m.jpg\" alt=\"L134-01 MAS CAN PERE PAU Einzelhaus \/ Villa  PEDRET I MARZ\u00c0\" title=\"L134-01 MAS CAN PERE PAU Einzelhaus \/ Villa  PEDRET I MARZ\u00c0\"><\/div><div class=\"slide-item\"><img data-lazy=\"https:\/\/files.net2rent.com\/pfiles\/61\/27039\/624975-12-o-m.jpg\" alt=\"L134-01 MAS CAN PERE PAU Einzelhaus \/ Villa  PEDRET I MARZ\u00c0\" title=\"L134-01 MAS CAN PERE PAU Einzelhaus \/ Villa  PEDRET I MARZ\u00c0\"><\/div><div class=\"slide-item\"><img data-lazy=\"https:\/\/files.net2rent.com\/pfiles\/61\/27039\/624976-bK-o-m.jpg\" alt=\"L134-01 MAS CAN PERE PAU Einzelhaus \/ Villa  PEDRET I MARZ\u00c0\" title=\"L134-01 MAS CAN PERE PAU Einzelhaus \/ Villa  PEDRET I MARZ\u00c0\"><\/div><div class=\"slide-item\"><img data-lazy=\"https:\/\/files.net2rent.com\/pfiles\/61\/27039\/624981-fy-o-m.jpg\" alt=\"L134-01 MAS CAN PERE PAU Einzelhaus \/ Villa  PEDRET I MARZ\u00c0\" title=\"L134-01 MAS CAN PERE PAU Einzelhaus \/ Villa  PEDRET I MARZ\u00c0\"><\/div><div class=\"slide-item\"><img data-lazy=\"https:\/\/files.net2rent.com\/pfiles\/61\/27039\/624972-SA-o-m.jpg\" alt=\"L134-01 MAS CAN PERE PAU Einzelhaus \/ Villa  PEDRET I MARZ\u00c0\" title=\"L134-01 MAS CAN PERE PAU Einzelhaus \/ Villa  PEDRET I MARZ\u00c0\"><\/div><div class=\"slide-item\"><img data-lazy=\"https:\/\/files.net2rent.com\/pfiles\/61\/27039\/624982-zD-o-m.jpg\" alt=\"L134-01 MAS CAN PERE PAU Einzelhaus \/ Villa  PEDRET I MARZ\u00c0\" title=\"L134-01 MAS CAN PERE PAU Einzelhaus \/ Villa  PEDRET I MARZ\u00c0\"><\/div><div class=\"slide-item\"><img data-lazy=\"https:\/\/files.net2rent.com\/pfiles\/61\/27039\/624983-NN-o-m.jpg\" alt=\"L134-01 MAS CAN PERE PAU Einzelhaus \/ Villa  PEDRET I MARZ\u00c0\" title=\"L134-01 MAS CAN PERE PAU Einzelhaus \/ Villa  PEDRET I MARZ\u00c0\"><\/div><div class=\"slide-item\"><img data-lazy=\"https:\/\/files.net2rent.com\/pfiles\/61\/27039\/624973-M5-o-m.jpg\" alt=\"L134-01 MAS CAN PERE PAU Einzelhaus \/ Villa  PEDRET I MARZ\u00c0\" title=\"L134-01 MAS CAN PERE PAU Einzelhaus \/ Villa  PEDRET I MARZ\u00c0\"><\/div><div class=\"slide-item\"><img data-lazy=\"https:\/\/files.net2rent.com\/pfiles\/61\/27039\/624974-U9-o-m.jpg\" alt=\"L134-01 MAS CAN PERE PAU Einzelhaus \/ Villa  PEDRET I MARZ\u00c0\" title=\"L134-01 MAS CAN PERE PAU Einzelhaus \/ Villa  PEDRET I MARZ\u00c0\"><\/div><div class=\"slide-item\"><img data-lazy=\"https:\/\/files.net2rent.com\/pfiles\/61\/27039\/624978-Gs-o-m.jpg\" alt=\"L134-01 MAS CAN PERE PAU Einzelhaus \/ Villa  PEDRET I MARZ\u00c0\" title=\"L134-01 MAS CAN PERE PAU Einzelhaus \/ Villa  PEDRET I MARZ\u00c0\"><\/div><div class=\"slide-item\"><img data-lazy=\"https:\/\/files.net2rent.com\/pfiles\/61\/27039\/624979-jd-o-m.jpg\" alt=\"L134-01 MAS CAN PERE PAU Einzelhaus \/ Villa  PEDRET I MARZ\u00c0\" title=\"L134-01 MAS CAN PERE PAU Einzelhaus \/ Villa  PEDRET I MARZ\u00c0\"><\/div><div class=\"slide-item\"><img data-lazy=\"https:\/\/files.net2rent.com\/pfiles\/61\/27039\/624980-et-o-m.jpg\" alt=\"L134-01 MAS CAN PERE PAU Einzelhaus \/ Villa  PEDRET I MARZ\u00c0\" title=\"L134-01 MAS CAN PERE PAU Einzelhaus \/ Villa  PEDRET I MARZ\u00c0\"><\/div><div class=\"slide-item\"><img data-lazy=\"https:\/\/files.net2rent.com\/pfiles\/61\/27039\/624968-Vf-o-m.jpg\" alt=\"L134-01 MAS CAN PERE PAU Einzelhaus \/ Villa  PEDRET I MARZ\u00c0\" title=\"L134-01 MAS CAN PERE PAU Einzelhaus \/ Villa  PEDRET I MARZ\u00c0\"><\/div><div class=\"slide-item\"><img data-lazy=\"https:\/\/files.net2rent.com\/pfiles\/61\/27039\/624989-M6-o-m.jpg\" alt=\"L134-01 MAS CAN PERE PAU Einzelhaus \/ Villa  PEDRET I MARZ\u00c0\" title=\"L134-01 MAS CAN PERE PAU Einzelhaus \/ Villa  PEDRET I MARZ\u00c0\"><\/div>  <\/div>\n\n  <div class=\"n2r__list__item__info\">\n    <div class=\"n2r__list__item__title\">\n      <h2 class=\"n2r__list__item__name\">\n        <a href=\"https:\/\/www.companyturistic.com\/de\/unterkunftsdetails\/mieten-landliches-haus-mas-can-pere-pau-pedret-i-marza-27039\/\">MAS CAN PERE PAU - Authentisches altes katalanisches renoviert Bauernhaus in der Costa Brava, nur wenige Kilometer von Roses und Llan\u00e7\u00e0 sowie deren Str\u00e4nden entfernt.<\/a>\n      <\/h2>\n          <\/div>\n    <div class=\"n2r__list__item__title\">\n      <div class=\"n2r__list__item__reference\">Ref: L134-01<\/div>\n      <div class=\"n2r__list__item__turisticreference\">PG-000525-45<\/div>      <div class=\"n2r__list__item__city\">PEDRET I MARZ\u00c0<\/div>\n              <div class=\"n2r__list__item__rating\">\n          <div class=\"n2r__rating\">\n            <div class=\"n2r__rating__complete\" style=\"width:0%\"><\/div>\n          <\/div>\n        <\/div>\n          <\/div>\n    <div class=\"n2r__list__item__features\">\n      <div class=\"n2r__list__item__feature n2r__list__item__feature--rooms\" title=\"4 zimmer\"><i class=\"n2r_room\"><\/i> 4<\/div><div class=\"n2r__list__item__feature n2r__list__item__feature--capacity\" title=\"10 pax\"><i class=\"n2r_people\"><\/i> 10<\/div><div class=\"n2r__list__item__feature n2r__list__item__feature--terrace\" title=\"terrasse\"><i class=\"n2r_terrace\"><\/i> <\/div><div class=\"n2r__list__item__feature n2r__list__item__feature--parking\" title=\"parkplatz\"><i class=\"n2r_parking\"><\/i> <\/div><div class=\"n2r__list__item__feature n2r__list__item__feature--sea_distance\" title=\"Entfernung zum Meer\"><i class=\"n2r_sea_distance\"><\/i> 14000<\/div><div class=\"n2r__list__item__feature n2r__list__item__feature--center_distance\" title=\"Entfernung zum Zentrum\"><i class=\"n2r_center_distance\"><\/i> 14000<\/div><div class=\"n2r__list__item__feature n2r__list__item__feature--pool\" title=\"Schwimmbad\"><i class=\"n2r_swimming_pool\"><\/i> <\/div><div class=\"n2r__list__item__feature n2r__list__item__feature--wifi\" title=\"WLAN\"><i class=\"n2r_properties_equipment_wifi\"><\/i> <\/div>    <\/div>\n    <div class=\"n2r__list__item__description\">Authentisches altes katalanisches renoviert Bauernhaus in der Costa Brava, nur wenige Kilometer von Roses und Llan\u00e7\u00e0 sowie deren Str\u00e4nden entfernt. Sehr ruhige Umgebung, ideal f\u00fcr Familien, die ihren Urlaub inmitten der Natur in einem gro\u00dfz\u00fcgigen Haus von \u00fcber 250 m\u00b2 verbringen m\u00f6chten. Das Haus geh\u00f6rt zu einem landwirtschaftlichen und viehwirtschaftlichen Anwesen, auf dem sich weitere Wohnh\u00e4user befinden. Umgeben von Garten und Feldern. Der Swimmingpool wird mit den Eigent\u00fcmern geteilt, die ihn gelegentlich nutzen k\u00f6nnen.\r\nDas Haus ist auf zwei Etagen verteilt.Erdgeschoss: gro\u00dfer Eingangsbereich mit Wohnraum sowie eine ger\u00e4umige, voll ausgestattete Wohnk\u00fcche von 40 m\u00b2. Zugang zum Garten mit Terrasse, ausgestattet mit Tisch, B\u00e4nken und Pergola, sowie einem herrlichen Swimmingpool. Grillbereich. Auf dieser Etage befindet sich au\u00dferdem ein Badezimmer mit Dusche.\r\nIm Obergeschoss gibt es ein Wohnzimmer mit Fernseher, eine Galerie mit einem Zustellbett sowie 4 Schlafzimmer (3 Doppelzimmer und ein Vierbettzimmer) und 2 Badezimmer (eines mit Badewanne und eines mit Dusche). Terrasse mit W\u00e4schetrockner.\r\nDie Lage ist ideal f\u00fcr Wandern, Radfahren, Wassersport oder Weintourismus, da sich das Haus zwischen dem Naturpark Cap de Creus, dem Naturpark Aiguamolls de l\u2019Empord\u00e0 und dem Albera-Gebirge befindet, direkt an der Weinstra\u00dfe der DO Empord\u00e0 mit der M\u00f6glichkeit, verschiedene Weing\u00fcter zu besuchen. Au\u00dferdem liegt es nur 15 km von Figueres entfernt, wo das Dal\u00ed-Museum besichtigt werden kann, 7 km von Castell\u00f3 d\u2019Emp\u00faries mit seinem mittelalterlichen Ortskern, 10 km von Peralada (Weingut, Schloss-Casino), 25 km vom malerischen Dorf Cadaqu\u00e9s und 40 km von Girona.\r\nTouristenlizenz: PG-000525-45<\/div>\n    <div class=\"n2r__list__item__footer\">\n      <div class=\"n2r__list__item__price\"><span class=\"n2r__list__item__price__from\">Von 1.500 \u20ac <small class=\"n2r__list__item__price__from__type\">\/  woche<\/small><\/span><\/div>    <\/div>\n  <\/div>\n  <a class=\"n2r__list__item__link\" href=\"https:\/\/www.companyturistic.com\/de\/unterkunftsdetails\/mieten-landliches-haus-mas-can-pere-pau-pedret-i-marza-27039\/\">Mehr<\/a>\n  <\/div><div class=\"n2r__list__item n2r__clickable   \" data-id=\"4032\">\n    <div class=\"n2r__list__item__gallery n2r__slider\">\n    <div class=\"slide-item\"><img data-lazy=\"https:\/\/files.net2rent.com\/pfiles\/61\/4032\/198887-tO-o-m.jpg\" alt=\"L101 CASA FENOLLEDA Einzelhaus Cap de Ras Llan\u00e7\u00e0\" title=\"L101 CASA FENOLLEDA Einzelhaus Cap de Ras Llan\u00e7\u00e0\"><\/div><div class=\"slide-item\"><img data-lazy=\"https:\/\/files.net2rent.com\/pfiles\/61\/4032\/198888-bZ-o-m.jpg\" alt=\"L101 CASA FENOLLEDA Einzelhaus Cap de Ras Llan\u00e7\u00e0\" title=\"L101 CASA FENOLLEDA Einzelhaus Cap de Ras Llan\u00e7\u00e0\"><\/div><div class=\"slide-item\"><img data-lazy=\"https:\/\/files.net2rent.com\/pfiles\/61\/4032\/198889-zk-o-m.jpg\" alt=\"L101 CASA FENOLLEDA Einzelhaus Cap de Ras Llan\u00e7\u00e0\" title=\"L101 CASA FENOLLEDA Einzelhaus Cap de Ras Llan\u00e7\u00e0\"><\/div><div class=\"slide-item\"><img data-lazy=\"https:\/\/files.net2rent.com\/pfiles\/61\/4032\/198890-Bm-o-m.jpg\" alt=\"L101 CASA FENOLLEDA Einzelhaus Cap de Ras Llan\u00e7\u00e0\" title=\"L101 CASA FENOLLEDA Einzelhaus Cap de Ras Llan\u00e7\u00e0\"><\/div><div class=\"slide-item\"><img data-lazy=\"https:\/\/files.net2rent.com\/pfiles\/61\/4032\/198891-BN-o-m.jpg\" alt=\"L101 CASA FENOLLEDA Einzelhaus Cap de Ras Llan\u00e7\u00e0\" title=\"L101 CASA FENOLLEDA Einzelhaus Cap de Ras Llan\u00e7\u00e0\"><\/div><div class=\"slide-item\"><img data-lazy=\"https:\/\/files.net2rent.com\/pfiles\/61\/4032\/198892-0X-o-m.jpg\" alt=\"L101 CASA FENOLLEDA Einzelhaus Cap de Ras Llan\u00e7\u00e0\" title=\"L101 CASA FENOLLEDA Einzelhaus Cap de Ras Llan\u00e7\u00e0\"><\/div><div class=\"slide-item\"><img data-lazy=\"https:\/\/files.net2rent.com\/pfiles\/61\/4032\/198893-Ep-o-m.jpg\" alt=\"L101 CASA FENOLLEDA Einzelhaus Cap de Ras Llan\u00e7\u00e0\" title=\"L101 CASA FENOLLEDA Einzelhaus Cap de Ras Llan\u00e7\u00e0\"><\/div><div class=\"slide-item\"><img data-lazy=\"https:\/\/files.net2rent.com\/pfiles\/61\/4032\/198894-2s-o-m.jpg\" alt=\"L101 CASA FENOLLEDA Einzelhaus Cap de Ras Llan\u00e7\u00e0\" title=\"L101 CASA FENOLLEDA Einzelhaus Cap de Ras Llan\u00e7\u00e0\"><\/div><div class=\"slide-item\"><img data-lazy=\"https:\/\/files.net2rent.com\/pfiles\/61\/4032\/198895-Fy-o-m.jpg\" alt=\"L101 CASA FENOLLEDA Einzelhaus Cap de Ras Llan\u00e7\u00e0\" title=\"L101 CASA FENOLLEDA Einzelhaus Cap de Ras Llan\u00e7\u00e0\"><\/div><div class=\"slide-item\"><img data-lazy=\"https:\/\/files.net2rent.com\/pfiles\/61\/4032\/198896-Tk-o-m.jpg\" alt=\"L101 CASA FENOLLEDA Einzelhaus Cap de Ras Llan\u00e7\u00e0\" title=\"L101 CASA FENOLLEDA Einzelhaus Cap de Ras Llan\u00e7\u00e0\"><\/div><div class=\"slide-item\"><img data-lazy=\"https:\/\/files.net2rent.com\/pfiles\/61\/4032\/198897-Md-o-m.jpg\" alt=\"L101 CASA FENOLLEDA Einzelhaus Cap de Ras Llan\u00e7\u00e0\" title=\"L101 CASA FENOLLEDA Einzelhaus Cap de Ras Llan\u00e7\u00e0\"><\/div><div class=\"slide-item\"><img data-lazy=\"https:\/\/files.net2rent.com\/pfiles\/61\/4032\/198898-hF-o-m.jpg\" alt=\"L101 CASA FENOLLEDA Einzelhaus Cap de Ras Llan\u00e7\u00e0\" title=\"L101 CASA FENOLLEDA Einzelhaus Cap de Ras Llan\u00e7\u00e0\"><\/div><div class=\"slide-item\"><img data-lazy=\"https:\/\/files.net2rent.com\/pfiles\/61\/4032\/198899-mh-o-m.jpg\" alt=\"L101 CASA FENOLLEDA Einzelhaus Cap de Ras Llan\u00e7\u00e0\" title=\"L101 CASA FENOLLEDA Einzelhaus Cap de Ras Llan\u00e7\u00e0\"><\/div><div class=\"slide-item\"><img data-lazy=\"https:\/\/files.net2rent.com\/pfiles\/61\/4032\/198900-Wx-o-m.jpg\" alt=\"L101 CASA FENOLLEDA Einzelhaus Cap de Ras Llan\u00e7\u00e0\" title=\"L101 CASA FENOLLEDA Einzelhaus Cap de Ras Llan\u00e7\u00e0\"><\/div><div class=\"slide-item\"><img data-lazy=\"https:\/\/files.net2rent.com\/pfiles\/61\/4032\/198901-22-o-m.jpg\" alt=\"L101 CASA FENOLLEDA Einzelhaus Cap de Ras Llan\u00e7\u00e0\" title=\"L101 CASA FENOLLEDA Einzelhaus Cap de Ras Llan\u00e7\u00e0\"><\/div><div class=\"slide-item\"><img data-lazy=\"https:\/\/files.net2rent.com\/pfiles\/61\/4032\/198902-Yq-o-m.jpg\" alt=\"L101 CASA FENOLLEDA Einzelhaus Cap de Ras Llan\u00e7\u00e0\" title=\"L101 CASA FENOLLEDA Einzelhaus Cap de Ras Llan\u00e7\u00e0\"><\/div><div class=\"slide-item\"><img data-lazy=\"https:\/\/files.net2rent.com\/pfiles\/61\/4032\/198903-Uc-o-m.jpg\" alt=\"L101 CASA FENOLLEDA Einzelhaus Cap de Ras Llan\u00e7\u00e0\" title=\"L101 CASA FENOLLEDA Einzelhaus Cap de Ras Llan\u00e7\u00e0\"><\/div><div class=\"slide-item\"><img data-lazy=\"https:\/\/files.net2rent.com\/pfiles\/61\/4032\/198904-lF-o-m.jpg\" alt=\"L101 CASA FENOLLEDA Einzelhaus Cap de Ras Llan\u00e7\u00e0\" title=\"L101 CASA FENOLLEDA Einzelhaus Cap de Ras Llan\u00e7\u00e0\"><\/div><div class=\"slide-item\"><img data-lazy=\"https:\/\/files.net2rent.com\/pfiles\/61\/4032\/198905-o8-o-m.jpg\" alt=\"L101 CASA FENOLLEDA Einzelhaus Cap de Ras Llan\u00e7\u00e0\" title=\"L101 CASA FENOLLEDA Einzelhaus Cap de Ras Llan\u00e7\u00e0\"><\/div>  <\/div>\n\n  <div class=\"n2r__list__item__info\">\n    <div class=\"n2r__list__item__title\">\n      <h2 class=\"n2r__list__item__name\">\n        <a href=\"https:\/\/www.companyturistic.com\/de\/unterkunftsdetails\/mieten-villa-casa-fenolleda-llanca-4032\/\">CASA AUDISIO -  Haus mit Panoramablick auf\u2019s Meer und den Cap de Creus in Llan\u00e7\u00e0<\/a>\n      <\/h2>\n          <\/div>\n    <div class=\"n2r__list__item__title\">\n      <div class=\"n2r__list__item__reference\">Ref: L101<\/div>\n      <div class=\"n2r__list__item__turisticreference\">HUTG-007852-52<\/div>      <div class=\"n2r__list__item__city\">Llan\u00e7\u00e0<\/div>\n              <div class=\"n2r__list__item__rating\">\n          <div class=\"n2r__rating\">\n            <div class=\"n2r__rating__complete\" style=\"width:80%\"><\/div>\n          <\/div>\n        <\/div>\n          <\/div>\n    <div class=\"n2r__list__item__features\">\n      <div class=\"n2r__list__item__feature n2r__list__item__feature--rooms\" title=\"2 zimmer\"><i class=\"n2r_room\"><\/i> 2<\/div><div class=\"n2r__list__item__feature n2r__list__item__feature--capacity\" title=\"5 pax\"><i class=\"n2r_people\"><\/i> 5<\/div><div class=\"n2r__list__item__feature n2r__list__item__feature--terrace\" title=\"terrasse\"><i class=\"n2r_terrace\"><\/i> <\/div><div class=\"n2r__list__item__feature n2r__list__item__feature--parking\" title=\"parkplatz\"><i class=\"n2r_parking\"><\/i> <\/div><div class=\"n2r__list__item__feature n2r__list__item__feature--pets\" title=\"Haustiere erlaubt\"><i class=\"n2r_pets\"><\/i> <\/div>    <\/div>\n    <div class=\"n2r__list__item__description\">Freistehendes einfach Haus mit Panoramablick auf\u2019s Meer und den Cap de Creus. Gelegen in der ruhigen Wohnanlage vom Cap de Creus, ca. 700m von den kleinen Str\u00e4nden und Buchten und 3,5km vom Zentrum von Llan\u00e7\u00e0 entfernt. Mit 2 Schlafzimmer ( ein Doppel und ein Dreibettzimmer), Wohn-Essbereich, geschlossene K\u00fcche, komplettes Bad, Toilette, Terrasse und Garten. Ausgestattet mit Ofen, Mikrowelle, Waschmachine und Satelitenfernsehn. Es verf\u00fcgt im Aussenbereich \u00fcber eine Parkm\u00f6glichkeit. Naturbelassene Umgebung, wenige Meter nur von den Hauptwanderwegen der Gegend entfernt. Ideal f\u00fcr diejenigen, die abschalten m\u00f6chten. HUTG-007852<\/div>\n    <div class=\"n2r__list__item__footer\">\n      <div class=\"n2r__list__item__price\"><span class=\"n2r__list__item__price__from\">Von 483 \u20ac <small class=\"n2r__list__item__price__from__type\">\/  woche<\/small><\/span><\/div>    <\/div>\n  <\/div>\n  <a class=\"n2r__list__item__link\" href=\"https:\/\/www.companyturistic.com\/de\/unterkunftsdetails\/mieten-villa-casa-fenolleda-llanca-4032\/\">Mehr<\/a>\n  <\/div>    <\/div>\n      <\/div>\n  <\/div><\/div>\n\t\t\t\t\t\t<\/div>\n\t\t\t\t\t<\/div>\n\t\t<\/div>\n\t\t\t\t\t<\/div>\n\t\t<\/section>\n\t\t\t\t<section class=\"elementor-section elementor-top-section elementor-element elementor-element-c0cfcf6 elementor-section-boxed elementor-section-height-default elementor-section-height-default\" data-id=\"c0cfcf6\" data-element_type=\"section\" data-e-type=\"section\" data-settings=\"{&quot;background_background&quot;:&quot;classic&quot;}\">\n\t\t\t\t\t\t\t<div class=\"elementor-background-overlay\"><\/div>\n\t\t\t\t\t\t\t<div class=\"elementor-container elementor-column-gap-default\">\n\t\t\t\t\t<div class=\"elementor-column elementor-col-100 elementor-top-column elementor-element elementor-element-71eea7b\" data-id=\"71eea7b\" data-element_type=\"column\" data-e-type=\"column\">\n\t\t\t<div class=\"elementor-widget-wrap elementor-element-populated\">\n\t\t\t\t\t\t<div class=\"elementor-element elementor-element-208c00a elementor-widget elementor-widget-heading\" data-id=\"208c00a\" data-element_type=\"widget\" data-e-type=\"widget\" data-widget_type=\"heading.default\">\n\t\t\t\t\t<h2 class=\"elementor-heading-title elementor-size-default\">M\u00f6chten Sie Ihre Immobilie vermieten?<\/h2>\t\t\t\t<\/div>\n\t\t\t\t<div class=\"elementor-element elementor-element-6f39f39 elementor-widget elementor-widget-html\" data-id=\"6f39f39\" data-element_type=\"widget\" data-e-type=\"widget\" data-widget_type=\"html.default\">\n\t\t\t\t\t<script> \r\njQuery(document).ready(function($) { \r\nvar delay = 100; setTimeout(function() { \r\n$('.elementor-tab-title').removeClass('elementor-active');\r\n $('.elementor-tab-content').css('display', 'none'); }, delay); \r\n}); \r\n<\/script>\t\t\t\t<\/div>\n\t\t\t\t<div class=\"elementor-element elementor-element-d8ee6f3 elementor-widget elementor-widget-accordion\" data-id=\"d8ee6f3\" data-element_type=\"widget\" data-e-type=\"widget\" data-widget_type=\"accordion.default\">\n\t\t\t\t\t\t\t<div class=\"elementor-accordion\">\n\t\t\t\t\t\t\t<div class=\"elementor-accordion-item\">\n\t\t\t\t\t<div id=\"elementor-tab-title-2271\" class=\"elementor-tab-title\" data-tab=\"1\" role=\"button\" aria-controls=\"elementor-tab-content-2271\" aria-expanded=\"false\">\n\t\t\t\t\t\t\t\t\t\t\t\t\t<span class=\"elementor-accordion-icon elementor-accordion-icon-right\" aria-hidden=\"true\">\n\t\t\t\t\t\t\t\t\t\t\t\t\t\t\t<span class=\"elementor-accordion-icon-closed\"><svg class=\"e-font-icon-svg e-fas-chevron-down\" viewBox=\"0 0 448 512\" xmlns=\"http:\/\/www.w3.org\/2000\/svg\"><path d=\"M207.029 381.476L12.686 187.132c-9.373-9.373-9.373-24.569 0-33.941l22.667-22.667c9.357-9.357 24.522-9.375 33.901-.04L224 284.505l154.745-154.021c9.379-9.335 24.544-9.317 33.901.04l22.667 22.667c9.373 9.373 9.373 24.569 0 33.941L240.971 381.476c-9.373 9.372-24.569 9.372-33.942 0z\"><\/path><\/svg><\/span>\n\t\t\t\t\t\t\t\t<span class=\"elementor-accordion-icon-opened\"><svg class=\"e-font-icon-svg e-fas-chevron-up\" viewBox=\"0 0 448 512\" xmlns=\"http:\/\/www.w3.org\/2000\/svg\"><path d=\"M240.971 130.524l194.343 194.343c9.373 9.373 9.373 24.569 0 33.941l-22.667 22.667c-9.357 9.357-24.522 9.375-33.901.04L224 227.495 69.255 381.516c-9.379 9.335-24.544 9.317-33.901-.04l-22.667-22.667c-9.373-9.373-9.373-24.569 0-33.941L207.03 130.525c9.372-9.373 24.568-9.373 33.941-.001z\"><\/path><\/svg><\/span>\n\t\t\t\t\t\t\t\t\t\t\t\t\t\t<\/span>\n\t\t\t\t\t\t\t\t\t\t\t\t<a class=\"elementor-accordion-title\" tabindex=\"0\">Nehmen Sie Kontakt mit uns auf<\/a>\n\t\t\t\t\t<\/div>\n\t\t\t\t\t<div id=\"elementor-tab-content-2271\" class=\"elementor-tab-content elementor-clearfix\" data-tab=\"1\" role=\"region\" aria-labelledby=\"elementor-tab-title-2271\">\t\t<div data-elementor-type=\"section\" data-elementor-id=\"487\" class=\"elementor elementor-487 elementor-161 elementor-161\" data-elementor-post-type=\"elementor_library\">\n\t\t\t\t\t<section class=\"elementor-section elementor-top-section elementor-element elementor-element-a77307c elementor-section-boxed elementor-section-height-default elementor-section-height-default\" data-id=\"a77307c\" data-element_type=\"section\" data-e-type=\"section\" data-settings=\"{&quot;background_background&quot;:&quot;classic&quot;}\">\n\t\t\t\t\t\t<div class=\"elementor-container elementor-column-gap-default\">\n\t\t\t\t\t<div class=\"elementor-column elementor-col-100 elementor-top-column elementor-element elementor-element-56848c6\" data-id=\"56848c6\" data-element_type=\"column\" data-e-type=\"column\">\n\t\t\t<div class=\"elementor-widget-wrap elementor-element-populated\">\n\t\t\t\t\t\t<div class=\"elementor-element elementor-element-0fb2c4c elementor-button-align-stretch elementor-widget elementor-widget-form\" data-id=\"0fb2c4c\" data-element_type=\"widget\" data-e-type=\"widget\" data-settings=\"{&quot;button_width&quot;:&quot;40&quot;,&quot;step_next_label&quot;:&quot;N\\u00e4chste &quot;,&quot;step_previous_label&quot;:&quot;Vorherige &quot;,&quot;step_type&quot;:&quot;number_text&quot;,&quot;step_icon_shape&quot;:&quot;circle&quot;}\" data-widget_type=\"form.default\">\n\t\t\t\t\t\t\t<form class=\"elementor-form\" method=\"post\" name=\"Neues Formular\" aria-label=\"Neues Formular\">\n\t\t\t<input type=\"hidden\" name=\"post_id\" value=\"487\"\/>\n\t\t\t<input type=\"hidden\" name=\"form_id\" value=\"0fb2c4c\"\/>\n\t\t\t<input type=\"hidden\" name=\"referer_title\" value=\"Company Turistic &#8211; Alquiler de apartamentos vacacionales en la Costa Brava\" \/>\n\n\t\t\t\n\t\t\t<div class=\"elementor-form-fields-wrapper elementor-labels-above\">\n\t\t\t\t\t\t\t\t<div class=\"elementor-field-type-text elementor-field-group elementor-column elementor-field-group-name elementor-col-50 elementor-field-required elementor-mark-required\">\n\t\t\t\t\t\t\t\t\t\t\t\t<label for=\"form-field-name\" class=\"elementor-field-label\">\n\t\t\t\t\t\t\t\tName\t\t\t\t\t\t\t<\/label>\n\t\t\t\t\t\t\t\t\t\t\t\t\t\t<input size=\"1\" type=\"text\" name=\"form_fields[name]\" id=\"form-field-name\" class=\"elementor-field elementor-size-sm  elementor-field-textual\" placeholder=\"Name\" required=\"required\">\n\t\t\t\t\t\t\t\t\t\t\t<\/div>\n\t\t\t\t\t\t\t\t<div class=\"elementor-field-type-email elementor-field-group elementor-column elementor-field-group-email elementor-col-50 elementor-field-required elementor-mark-required\">\n\t\t\t\t\t\t\t\t\t\t\t\t<label for=\"form-field-email\" class=\"elementor-field-label\">\n\t\t\t\t\t\t\t\tE-mail\t\t\t\t\t\t\t<\/label>\n\t\t\t\t\t\t\t\t\t\t\t\t\t\t<input size=\"1\" type=\"email\" name=\"form_fields[email]\" id=\"form-field-email\" class=\"elementor-field elementor-size-sm  elementor-field-textual\" placeholder=\"E-mail\" required=\"required\">\n\t\t\t\t\t\t\t\t\t\t\t<\/div>\n\t\t\t\t\t\t\t\t<div class=\"elementor-field-type-tel elementor-field-group elementor-column elementor-field-group-field_202544d elementor-col-50 elementor-field-required elementor-mark-required\">\n\t\t\t\t\t\t\t\t\t\t\t\t<label for=\"form-field-field_202544d\" class=\"elementor-field-label\">\n\t\t\t\t\t\t\t\tTelefon \t\t\t\t\t\t\t<\/label>\n\t\t\t\t\t\t\t\t<input size=\"1\" type=\"tel\" name=\"form_fields[field_202544d]\" id=\"form-field-field_202544d\" class=\"elementor-field elementor-size-sm  elementor-field-textual\" placeholder=\"Telefon \" required=\"required\" pattern=\"[0-9()#&amp;+*-=.]+\" title=\"Nur Nummern oder Telefon-Zeichen (#, -, *, etc) werden akzeptiert.\">\n\n\t\t\t\t\t\t<\/div>\n\t\t\t\t\t\t\t\t<div class=\"elementor-field-type-text elementor-field-group elementor-column elementor-field-group-field_1756384 elementor-col-50 elementor-field-required elementor-mark-required\">\n\t\t\t\t\t\t\t\t\t\t\t\t<label for=\"form-field-field_1756384\" class=\"elementor-field-label\">\n\t\t\t\t\t\t\t\tStadt \t\t\t\t\t\t\t<\/label>\n\t\t\t\t\t\t\t\t\t\t\t\t\t\t<input size=\"1\" type=\"text\" name=\"form_fields[field_1756384]\" id=\"form-field-field_1756384\" class=\"elementor-field elementor-size-sm  elementor-field-textual\" placeholder=\"Stadt \" required=\"required\">\n\t\t\t\t\t\t\t\t\t\t\t<\/div>\n\t\t\t\t\t\t\t\t<div class=\"elementor-field-type-radio elementor-field-group elementor-column elementor-field-group-field_5f2953b elementor-col-50 elementor-field-required elementor-mark-required\">\n\t\t\t\t\t\t\t\t\t\t\t\t<label for=\"form-field-field_5f2953b\" class=\"elementor-field-label\">\n\t\t\t\t\t\t\t\tWie sollen wir Sie kontaktieren? \t\t\t\t\t\t\t<\/label>\n\t\t\t\t\t\t<div class=\"elementor-field-subgroup  elementor-subgroup-inline\"><span class=\"elementor-field-option\"><input type=\"radio\" value=\"Ruf morgens an\" id=\"form-field-field_5f2953b-0\" name=\"form_fields[field_5f2953b]\" required=\"required\"> <label for=\"form-field-field_5f2953b-0\">Ruf morgens an<\/label><\/span><span class=\"elementor-field-option\"><input type=\"radio\" value=\"Rufen Sie am Nachmittag an\" id=\"form-field-field_5f2953b-1\" name=\"form_fields[field_5f2953b]\" required=\"required\"> <label for=\"form-field-field_5f2953b-1\">Rufen Sie am Nachmittag an<\/label><\/span><span class=\"elementor-field-option\"><input type=\"radio\" value=\"Per Mail \" id=\"form-field-field_5f2953b-2\" name=\"form_fields[field_5f2953b]\" required=\"required\"> <label for=\"form-field-field_5f2953b-2\">Per Mail <\/label><\/span><\/div>\t\t\t\t<\/div>\n\t\t\t\t\t\t\t\t<div class=\"elementor-field-type-acceptance elementor-field-group elementor-column elementor-field-group-field_9e0d76d elementor-col-100 elementor-field-required elementor-mark-required\">\n\t\t\t\t\t\t\t\t\t\t\t\t<label for=\"form-field-field_9e0d76d\" class=\"elementor-field-label\">\n\t\t\t\t\t\t\t\tDatenschutz\t\t\t\t\t\t\t<\/label>\n\t\t\t\t\t\t\t\t<div class=\"elementor-field-subgroup\">\n\t\t\t<span class=\"elementor-field-option\">\n\t\t\t\t<input type=\"checkbox\" name=\"form_fields[field_9e0d76d]\" id=\"form-field-field_9e0d76d\" class=\"elementor-field elementor-size-sm  elementor-acceptance-field\" required=\"required\" checked=\"checked\">\n\t\t\t\t<label for=\"form-field-field_9e0d76d\">Akzeptieren Sie die Datenschutzbestimmungen<\/label>\t\t\t<\/span>\n\t\t<\/div>\n\t\t\t\t\t\t<\/div>\n\t\t\t\t\t\t\t\t<div class=\"elementor-field-type-acceptance elementor-field-group elementor-column elementor-field-group-field_25679c1 elementor-col-100\">\n\t\t\t\t\t\t\t\t\t\t\t\t<label for=\"form-field-field_25679c1\" class=\"elementor-field-label\">\n\t\t\t\t\t\t\t\tNachrichten\t\t\t\t\t\t\t<\/label>\n\t\t\t\t\t\t\t\t<div class=\"elementor-field-subgroup\">\n\t\t\t<span class=\"elementor-field-option\">\n\t\t\t\t<input type=\"checkbox\" name=\"form_fields[field_25679c1]\" id=\"form-field-field_25679c1\" class=\"elementor-field elementor-size-sm  elementor-acceptance-field\" checked=\"checked\">\n\t\t\t\t<label for=\"form-field-field_25679c1\">Nachrichten von der Firma Finques annehmen<\/label>\t\t\t<\/span>\n\t\t<\/div>\n\t\t\t\t\t\t<\/div>\n\t\t\t\t\t\t\t\t<div class=\"elementor-field-type-recaptcha_v3 elementor-field-group elementor-column elementor-field-group-field_d05444e elementor-col-100 recaptcha_v3-bottomright\">\n\t\t\t\t\t<div class=\"elementor-field\" id=\"form-field-field_d05444e\"><div class=\"elementor-g-recaptcha\" data-sitekey=\"6LdWi5ccAAAAAB6LeHLOdYgIe3072989Jjig7eV6\" data-type=\"v3\" data-action=\"Form\" data-badge=\"bottomright\" data-size=\"invisible\"><\/div><\/div>\t\t\t\t<\/div>\n\t\t\t\t\t\t\t\t<div class=\"elementor-field-group elementor-column elementor-field-type-submit elementor-col-40 e-form__buttons\">\n\t\t\t\t\t<button class=\"elementor-button elementor-size-sm\" type=\"submit\">\n\t\t\t\t\t\t<span class=\"elementor-button-content-wrapper\">\n\t\t\t\t\t\t\t\t\t\t\t\t\t\t\t\t\t\t\t\t\t\t<span class=\"elementor-button-text\">Senden<\/span>\n\t\t\t\t\t\t\t\t\t\t\t\t\t<\/span>\n\t\t\t\t\t<\/button>\n\t\t\t\t<\/div>\n\t\t\t<\/div>\n\t\t<\/form>\n\t\t\t\t\t\t<\/div>\n\t\t\t\t<div class=\"elementor-element elementor-element-39ed7a1 elementor-widget elementor-widget-heading\" data-id=\"39ed7a1\" data-element_type=\"widget\" data-e-type=\"widget\" data-widget_type=\"heading.default\">\n\t\t\t\t\t<h2 class=\"elementor-heading-title elementor-size-default\">Datenschutzbestimmungen<\/h2>\t\t\t\t<\/div>\n\t\t\t\t<div class=\"elementor-element elementor-element-9348c0b elementor-widget elementor-widget-text-editor\" data-id=\"9348c0b\" data-element_type=\"widget\" data-e-type=\"widget\" data-widget_type=\"text-editor.default\">\n\t\t\t\t\t\t\t\t\t<p>In \u00dcbereinstimmung mit den Bestimmungen des Gesetzes 15\/1999 vom 13. Dezember \u00fcber den Schutz personenbezogener Daten (im Folgenden LOPD) teilt IMMOSERVEIS J. COMPANY, SL mit CIF: B-17.290.602 mit, dass die auf dieser Website gesammelten Daten in eine automatisierte Datei aufgenommen werden, die bei der Datenschutzbeh\u00f6rde registriert wird und IMMOSERVEIS J. COMPANY, SL geh\u00f6rt, deren Zweck es ist, auf Ihre Anfragen zu antworten. Gem\u00e4\u00df Artikel 5 des oben genannten Gesetzes werden Sie auf unseren Formularen ausf\u00fchrlich \u00fcber den Zweck und die Verwendung der von Ihnen angegebenen Daten informiert. Die Daten, die Sie in den Dokumenten auf der Website angeben, werden automatisch verarbeitet und werden Teil der Datei von IMMOSERVEIS J. COMPANY, SL, die bei der Datenschutzbeh\u00f6rde registriert ist. Diese Daten k\u00f6nnen f\u00fcr die interne Verwaltung von Gesch\u00e4ftskontakten, die Informationen anfordern, oder von Personen, mit denen eine Gesch\u00e4ftsbeziehung unterhalten wird, verwendet werden. Sofern nicht anders angegeben, ist die Beantwortung von Fragen zu Ihren pers\u00f6nlichen Daten freiwillig. Die betreffende Person verpflichtet sich, f\u00fcr die Richtigkeit der von ihr angegebenen Daten zu sorgen. Gem\u00e4\u00df Artikel 5 des Gesetzes 15\/1999 vom 13. Dezember \u00fcber den Schutz personenbezogener Daten haben Sie das Recht, auf diese Informationen zuzugreifen, sie zu berichtigen, wenn die Daten unrichtig sind, und sich aus der Datei abzumelden, indem Sie eine schriftliche Anfrage an folgende Adresse senden: Attention LOPD, IMMOSERVEIS J. COMPANY, SL, C \/ Pella i Forgas 7, 17600 Figueres (Girona) Spanien, oder indem Sie eine solche Anfrage an die E-Mail-Adresse info@finquescompany.com senden und damit die in Artikel 5.4 desselben Gesetzes vorgesehene Mitteilung erf\u00fcllen.<\/p>\n\t\t\t\t\t\t\t\t<\/div>\n\t\t\t\t\t<\/div>\n\t\t<\/div>\n\t\t\t\t\t<\/div>\n\t\t<\/section>\n\t\t\t\t<\/div>\n\t\t\n<\/div>\n\t\t\t\t<\/div>\n\t\t\t\t\t\t\t\t<\/div>\n\t\t\t\t\t\t<\/div>\n\t\t\t\t\t<\/div>\n\t\t<\/div>\n\t\t\t\t\t<\/div>\n\t\t<\/section>\n\t\t\t\t<section class=\"elementor-section elementor-top-section elementor-element elementor-element-ca90d90 elementor-section-boxed elementor-section-height-default elementor-section-height-default\" data-id=\"ca90d90\" data-element_type=\"section\" data-e-type=\"section\">\n\t\t\t\t\t\t<div class=\"elementor-container elementor-column-gap-no\">\n\t\t\t\t\t<div class=\"elementor-column elementor-col-33 elementor-top-column elementor-element elementor-element-24fe9eb\" data-id=\"24fe9eb\" data-element_type=\"column\" data-e-type=\"column\" data-settings=\"{&quot;background_background&quot;:&quot;classic&quot;}\">\n\t\t\t<div class=\"elementor-widget-wrap elementor-element-populated\">\n\t\t\t\t\t<div class=\"elementor-background-overlay\"><\/div>\n\t\t\t\t\t\t<div class=\"elementor-element elementor-element-6536556 elementor-align-center elementor-widget elementor-widget-button\" data-id=\"6536556\" data-element_type=\"widget\" data-e-type=\"widget\" data-widget_type=\"button.default\">\n\t\t\t\t\t\t\t\t\t\t<a class=\"elementor-button elementor-button-link elementor-size-sm elementor-animation-bob\" href=\"https:\/\/www.companyturistic.com\/de\/mietangebote\/\">\n\t\t\t\t\t\t<span class=\"elementor-button-content-wrapper\">\n\t\t\t\t\t\t\t\t\t<span class=\"elementor-button-text\">UNSERE ANGEBOTE<\/span>\n\t\t\t\t\t<\/span>\n\t\t\t\t\t<\/a>\n\t\t\t\t\t\t\t\t<\/div>\n\t\t\t\t<div class=\"elementor-element elementor-element-b4888a5 elementor-widget elementor-widget-heading\" data-id=\"b4888a5\" data-element_type=\"widget\" data-e-type=\"widget\" data-widget_type=\"heading.default\">\n\t\t\t\t\t<p class=\"elementor-heading-title elementor-size-default\">Unsere Kunden haben bereits gebucht, wann werden Sie es tun? F\u00fcr Ihren Urlaub haben wir Wohnungen in Roses und Llan\u00e7\u00e0.<\/p>\t\t\t\t<\/div>\n\t\t\t\t\t<\/div>\n\t\t<\/div>\n\t\t\t\t<div class=\"elementor-column elementor-col-33 elementor-top-column elementor-element elementor-element-0399dba\" data-id=\"0399dba\" data-element_type=\"column\" data-e-type=\"column\" data-settings=\"{&quot;background_background&quot;:&quot;classic&quot;}\">\n\t\t\t<div class=\"elementor-widget-wrap elementor-element-populated\">\n\t\t\t\t\t<div class=\"elementor-background-overlay\"><\/div>\n\t\t\t\t\t\t<div class=\"elementor-element elementor-element-188030e elementor-align-center elementor-widget elementor-widget-button\" data-id=\"188030e\" data-element_type=\"widget\" data-e-type=\"widget\" data-widget_type=\"button.default\">\n\t\t\t\t\t\t\t\t\t\t<a class=\"elementor-button elementor-button-link elementor-size-sm elementor-animation-bob\" href=\"https:\/\/www.companyturistic.com\/de\/suchergebnisse-mieten\/?commercialization_type=rental&#038;adults=1&#038;search_text=&#038;city=&#038;zone=&#038;type=&#038;category=&#038;checkin=&#038;checkout=&#038;adults=1&#038;children=0&#038;flexible=&#038;min_room_number=&#038;min_toilets_number=&#038;property_meters_min=&#038;sell_price_min=&#038;sell_price_max=&#038;pets=&#038;pets=1&#038;pool=&#038;parking_garage=&#038;garden=&#038;wifi=&#038;air_conditioning=&#038;barbecue=&#038;terrace=\">\n\t\t\t\t\t\t<span class=\"elementor-button-content-wrapper\">\n\t\t\t\t\t\t\t\t\t<span class=\"elementor-button-text\"> Tiere der Gesellschaft<\/span>\n\t\t\t\t\t<\/span>\n\t\t\t\t\t<\/a>\n\t\t\t\t\t\t\t\t<\/div>\n\t\t\t\t<div class=\"elementor-element elementor-element-fdd1b7c elementor-widget elementor-widget-heading\" data-id=\"fdd1b7c\" data-element_type=\"widget\" data-e-type=\"widget\" data-widget_type=\"heading.default\">\n\t\t\t\t\t<p class=\"elementor-heading-title elementor-size-default\">Wir akzeptieren Haustiere in vielen unserer Unterk\u00fcnfte. Bitte kontaktieren Sie uns, um Ihre Unterkunft zu finden. Es wird ein Zuschlag erhoben.<\/p>\t\t\t\t<\/div>\n\t\t\t\t\t<\/div>\n\t\t<\/div>\n\t\t\t\t<div class=\"elementor-column elementor-col-33 elementor-top-column elementor-element elementor-element-543d654\" data-id=\"543d654\" data-element_type=\"column\" data-e-type=\"column\" data-settings=\"{&quot;background_background&quot;:&quot;classic&quot;}\">\n\t\t\t<div class=\"elementor-widget-wrap elementor-element-populated\">\n\t\t\t\t\t<div class=\"elementor-background-overlay\"><\/div>\n\t\t\t\t\t\t<div class=\"elementor-element elementor-element-3076be2 elementor-align-center elementor-widget elementor-widget-button\" data-id=\"3076be2\" data-element_type=\"widget\" data-e-type=\"widget\" data-widget_type=\"button.default\">\n\t\t\t\t\t\t\t\t\t\t<a class=\"elementor-button elementor-button-link elementor-size-sm elementor-animation-bob\" href=\"#\">\n\t\t\t\t\t\t<span class=\"elementor-button-content-wrapper\">\n\t\t\t\t\t\t\t\t\t<span class=\"elementor-button-text\">Zus\u00e4tzliche Dienstleistungen<\/span>\n\t\t\t\t\t<\/span>\n\t\t\t\t\t<\/a>\n\t\t\t\t\t\t\t\t<\/div>\n\t\t\t\t<div class=\"elementor-element elementor-element-7056831 elementor-widget elementor-widget-heading\" data-id=\"7056831\" data-element_type=\"widget\" data-e-type=\"widget\" data-widget_type=\"heading.default\">\n\t\t\t\t\t<p class=\"elementor-heading-title elementor-size-default\">F\u00fcr den Komfort unserer G\u00e4ste bieten wir die M\u00f6glichkeit, Bettw\u00e4sche und Handt\u00fccher zu einem sehr g\u00fcnstigen Preis zu mieten.<\/p>\t\t\t\t<\/div>\n\t\t\t\t\t<\/div>\n\t\t<\/div>\n\t\t\t\t\t<\/div>\n\t\t<\/section>\n\t\t\t\t<section class=\"elementor-section elementor-top-section elementor-element elementor-element-f16001e elementor-section-boxed elementor-section-height-default elementor-section-height-default\" data-id=\"f16001e\" data-element_type=\"section\" data-e-type=\"section\">\n\t\t\t\t\t\t<div class=\"elementor-container elementor-column-gap-no\">\n\t\t\t\t\t<div class=\"elementor-column elementor-col-33 elementor-top-column elementor-element elementor-element-da24f3e\" data-id=\"da24f3e\" data-element_type=\"column\" data-e-type=\"column\" data-settings=\"{&quot;background_background&quot;:&quot;classic&quot;}\">\n\t\t\t<div class=\"elementor-widget-wrap elementor-element-populated\">\n\t\t\t\t\t<div class=\"elementor-background-overlay\"><\/div>\n\t\t\t\t\t\t<div class=\"elementor-element elementor-element-f644d08 elementor-align-center elementor-widget elementor-widget-button\" data-id=\"f644d08\" data-element_type=\"widget\" data-e-type=\"widget\" data-widget_type=\"button.default\">\n\t\t\t\t\t\t\t\t\t\t<a class=\"elementor-button elementor-button-link elementor-size-sm elementor-animation-bob\" href=\"https:\/\/www.companyturistic.com\/de\/costa-brava-und-alt-emporda\/llanca\/\">\n\t\t\t\t\t\t<span class=\"elementor-button-content-wrapper\">\n\t\t\t\t\t\t\t\t\t<span class=\"elementor-button-text\">Llan\u00e7\u00e0<\/span>\n\t\t\t\t\t<\/span>\n\t\t\t\t\t<\/a>\n\t\t\t\t\t\t\t\t<\/div>\n\t\t\t\t<div class=\"elementor-element elementor-element-97cfd0d elementor-widget elementor-widget-heading\" data-id=\"97cfd0d\" data-element_type=\"widget\" data-e-type=\"widget\" data-widget_type=\"heading.default\">\n\t\t\t\t\t<p class=\"elementor-heading-title elementor-size-default\">Llan\u00e7\u00e0 ist ein kleines Fischerdorf voller Charme, das Sie in das Herz der katalanischen Kultur f\u00fchrt. <\/p>\t\t\t\t<\/div>\n\t\t\t\t\t<\/div>\n\t\t<\/div>\n\t\t\t\t<div class=\"elementor-column elementor-col-33 elementor-top-column elementor-element elementor-element-1148564\" data-id=\"1148564\" data-element_type=\"column\" data-e-type=\"column\" data-settings=\"{&quot;background_background&quot;:&quot;classic&quot;}\">\n\t\t\t<div class=\"elementor-widget-wrap elementor-element-populated\">\n\t\t\t\t\t<div class=\"elementor-background-overlay\"><\/div>\n\t\t\t\t\t\t<div class=\"elementor-element elementor-element-f033e8e elementor-align-center elementor-widget elementor-widget-button\" data-id=\"f033e8e\" data-element_type=\"widget\" data-e-type=\"widget\" data-widget_type=\"button.default\">\n\t\t\t\t\t\t\t\t\t\t<a class=\"elementor-button elementor-button-link elementor-size-sm elementor-animation-bob\" href=\"https:\/\/www.companyturistic.com\/de\/costa-brava-und-alt-emporda\/roses\/\">\n\t\t\t\t\t\t<span class=\"elementor-button-content-wrapper\">\n\t\t\t\t\t\t\t\t\t<span class=\"elementor-button-text\">Roses<\/span>\n\t\t\t\t\t<\/span>\n\t\t\t\t\t<\/a>\n\t\t\t\t\t\t\t\t<\/div>\n\t\t\t\t<div class=\"elementor-element elementor-element-be002f2 elementor-widget elementor-widget-heading\" data-id=\"be002f2\" data-element_type=\"widget\" data-e-type=\"widget\" data-widget_type=\"heading.default\">\n\t\t\t\t\t<p class=\"elementor-heading-title elementor-size-default\">Roses ist die wichtigste Touristenstadt an der n\u00f6rdlichen Costa Brava und die den europ\u00e4ischen Hauptst\u00e4dten am n\u00e4chsten gelegene.<\/p>\t\t\t\t<\/div>\n\t\t\t\t\t<\/div>\n\t\t<\/div>\n\t\t\t\t<div class=\"elementor-column elementor-col-33 elementor-top-column elementor-element elementor-element-1b2562b\" data-id=\"1b2562b\" data-element_type=\"column\" data-e-type=\"column\" data-settings=\"{&quot;background_background&quot;:&quot;classic&quot;}\">\n\t\t\t<div class=\"elementor-widget-wrap elementor-element-populated\">\n\t\t\t\t\t<div class=\"elementor-background-overlay\"><\/div>\n\t\t\t\t\t\t<div class=\"elementor-element elementor-element-a020a83 elementor-align-center elementor-widget elementor-widget-button\" data-id=\"a020a83\" data-element_type=\"widget\" data-e-type=\"widget\" data-widget_type=\"button.default\">\n\t\t\t\t\t\t\t\t\t\t<a class=\"elementor-button elementor-button-link elementor-size-sm elementor-animation-bob\" href=\"https:\/\/www.companyturistic.com\/de\/costa-brava-und-alt-emporda\/\">\n\t\t\t\t\t\t<span class=\"elementor-button-content-wrapper\">\n\t\t\t\t\t\t\t\t\t<span class=\"elementor-button-text\">Andere St\u00e4dte<\/span>\n\t\t\t\t\t<\/span>\n\t\t\t\t\t<\/a>\n\t\t\t\t\t\t\t\t<\/div>\n\t\t\t\t<div class=\"elementor-element elementor-element-b7588a0 elementor-widget elementor-widget-heading\" data-id=\"b7588a0\" data-element_type=\"widget\" data-e-type=\"widget\" data-widget_type=\"heading.default\">\n\t\t\t\t\t<p class=\"elementor-heading-title elementor-size-default\">Wir haben Unterk\u00fcnfte in verschiedenen St\u00e4dten an der Costa Brava und Alt Empord\u00e0 zu entdecken! <\/p>\t\t\t\t<\/div>\n\t\t\t\t\t<\/div>\n\t\t<\/div>\n\t\t\t\t\t<\/div>\n\t\t<\/section>\n\t\t\t\t<section class=\"elementor-section elementor-top-section elementor-element elementor-element-0530cd1 elementor-section-boxed elementor-section-height-default elementor-section-height-default\" data-id=\"0530cd1\" data-element_type=\"section\" data-e-type=\"section\" data-settings=\"{&quot;background_background&quot;:&quot;classic&quot;}\">\n\t\t\t\t\t\t<div class=\"elementor-container elementor-column-gap-default\">\n\t\t\t\t\t<div class=\"elementor-column elementor-col-100 elementor-top-column elementor-element elementor-element-dd456f8\" data-id=\"dd456f8\" data-element_type=\"column\" data-e-type=\"column\">\n\t\t\t<div class=\"elementor-widget-wrap elementor-element-populated\">\n\t\t\t\t\t\t<div class=\"elementor-element elementor-element-b91f278 elementor-widget elementor-widget-heading\" data-id=\"b91f278\" data-element_type=\"widget\" data-e-type=\"widget\" data-widget_type=\"heading.default\">\n\t\t\t\t\t<h2 class=\"elementor-heading-title elementor-size-default\">Was halten sie von uns? <\/h2>\t\t\t\t<\/div>\n\t\t\t\t<div class=\"elementor-element elementor-element-df7f5b5 elementor-testimonial--skin-default elementor-testimonial--layout-image_inline elementor-testimonial--align-center elementor-arrows-yes elementor-pagination-type-bullets elementor-widget elementor-widget-testimonial-carousel\" data-id=\"df7f5b5\" data-element_type=\"widget\" data-e-type=\"widget\" data-settings=\"{&quot;space_between&quot;:{&quot;unit&quot;:&quot;px&quot;,&quot;size&quot;:20,&quot;sizes&quot;:[]},&quot;show_arrows&quot;:&quot;yes&quot;,&quot;pagination&quot;:&quot;bullets&quot;,&quot;speed&quot;:500,&quot;autoplay&quot;:&quot;yes&quot;,&quot;autoplay_speed&quot;:5000,&quot;loop&quot;:&quot;yes&quot;,&quot;pause_on_hover&quot;:&quot;yes&quot;,&quot;pause_on_interaction&quot;:&quot;yes&quot;,&quot;space_between_tablet&quot;:{&quot;unit&quot;:&quot;px&quot;,&quot;size&quot;:10,&quot;sizes&quot;:[]},&quot;space_between_mobile&quot;:{&quot;unit&quot;:&quot;px&quot;,&quot;size&quot;:10,&quot;sizes&quot;:[]}}\" data-widget_type=\"testimonial-carousel.default\">\n\t\t\t\t\t\t\t\t\t\t<div class=\"elementor-main-swiper swiper\" role=\"region\" aria-roledescription=\"carousel\" aria-label=\"Slider\">\n\t\t\t\t<div class=\"swiper-wrapper\">\n\t\t\t\t\t\t\t\t\t\t\t<div class=\"swiper-slide\" role=\"group\" aria-roledescription=\"slide\">\n\t\t\t\t\t\t\t\t\t<div class=\"elementor-testimonial\">\n\t\t\t\t\t\t\t<div class=\"elementor-testimonial__content\">\n\t\t\t\t\t<div class=\"elementor-testimonial__text\">\n\t\t\t\t\t\t<p>Wie beim ersten Mal vertrauen wir dieser Firma beim Verkauf unserer Wohnung. Alles super, sehr gutes Team von Fachleuten, schneller Verkauf und zum empfohlenen Preis. Danke f\u00fcr alles. <\/p>\n\t\t\t\t\t<\/div>\n\t\t\t\t\t\t\t\t\t<\/div>\n\t\t\t\t\t\t<div class=\"elementor-testimonial__footer\">\n\t\t\t\t\t\t\t\t\t<div class=\"elementor-testimonial__image\">\n\t\t\t\t\t\t<img decoding=\"async\" src=\"https:\/\/www.companyturistic.com\/wp-content\/uploads\/2021\/10\/01.jpg\" alt=\"Manuel Vallecillo\">\n\t\t\t\t\t\t\t\t\t\t\t<\/div>\n\t\t\t\t\t\t\t\t<cite class=\"elementor-testimonial__cite\"><span class=\"elementor-testimonial__name\">Manuel Vallecillo<\/span><span class=\"elementor-testimonial__title\">Google Places<\/span><\/cite>\t\t\t<\/div>\n\t\t<\/div>\n\t\t\t\t\t\t\t\t<\/div>\n\t\t\t\t\t\t\t\t\t\t\t<div class=\"swiper-slide\" role=\"group\" aria-roledescription=\"slide\">\n\t\t\t\t\t\t\t\t\t<div class=\"elementor-testimonial\">\n\t\t\t\t\t\t\t<div class=\"elementor-testimonial__content\">\n\t\t\t\t\t<div class=\"elementor-testimonial__text\">\n\t\t\t\t\t\t<p>Der Service und die Betreuung sind vorbildlich, das Team von Mitarbeitern, die Sie in dieser Agentur finden, ist au\u00dfergew\u00f6hnlich. Diese Agentur hat es uns erm\u00f6glicht, unseren Traum zu verwirklichen und macht uns sehr gl\u00fccklich. <\/p>\n\t\t\t\t\t<\/div>\n\t\t\t\t\t\t\t\t\t<\/div>\n\t\t\t\t\t\t<div class=\"elementor-testimonial__footer\">\n\t\t\t\t\t\t\t\t\t<div class=\"elementor-testimonial__image\">\n\t\t\t\t\t\t<img decoding=\"async\" src=\"https:\/\/www.companyturistic.com\/wp-content\/uploads\/2021\/10\/02.jpg\" alt=\"Oriol Casademont\">\n\t\t\t\t\t\t\t\t\t\t\t<\/div>\n\t\t\t\t\t\t\t\t<cite class=\"elementor-testimonial__cite\"><span class=\"elementor-testimonial__name\">Oriol Casademont<\/span><span class=\"elementor-testimonial__title\">Google Places<\/span><\/cite>\t\t\t<\/div>\n\t\t<\/div>\n\t\t\t\t\t\t\t\t<\/div>\n\t\t\t\t\t\t\t\t\t\t\t<div class=\"swiper-slide\" role=\"group\" aria-roledescription=\"slide\">\n\t\t\t\t\t\t\t\t\t<div class=\"elementor-testimonial\">\n\t\t\t\t\t\t\t<div class=\"elementor-testimonial__content\">\n\t\t\t\t\t<div class=\"elementor-testimonial__text\">\n\t\t\t\t\t\t<p>Wir haben eine Wohnung bei Tourist Company gemietet und hatten einen tollen Urlaub in einer tollen Wohnung. Vielen Dank, dass Sie uns helfen, ohne R\u00fcckschl\u00e4ge zu genie\u00dfen. <\/p>\n\t\t\t\t\t<\/div>\n\t\t\t\t\t\t\t\t\t<\/div>\n\t\t\t\t\t\t<div class=\"elementor-testimonial__footer\">\n\t\t\t\t\t\t\t\t\t<div class=\"elementor-testimonial__image\">\n\t\t\t\t\t\t<img decoding=\"async\" src=\"https:\/\/www.companyturistic.com\/wp-content\/uploads\/2021\/10\/03.jpg\" alt=\"N\u00f9ria Monfort\">\n\t\t\t\t\t\t\t\t\t\t\t<\/div>\n\t\t\t\t\t\t\t\t<cite class=\"elementor-testimonial__cite\"><span class=\"elementor-testimonial__name\">N\u00f9ria Monfort<\/span><span class=\"elementor-testimonial__title\">Google Places<\/span><\/cite>\t\t\t<\/div>\n\t\t<\/div>\n\t\t\t\t\t\t\t\t<\/div>\n\t\t\t\t\t\t\t\t\t\t\t<div class=\"swiper-slide\" role=\"group\" aria-roledescription=\"slide\">\n\t\t\t\t\t\t\t\t\t<div class=\"elementor-testimonial\">\n\t\t\t\t\t\t\t<div class=\"elementor-testimonial__content\">\n\t\t\t\t\t<div class=\"elementor-testimonial__text\">\n\t\t\t\t\t\t<p>The house is in a unique location with fantastic views of the sea, Cap Ras, and the Pyrenees mountains rising from the sea. [...] The communication and interaction with the agency were excellent. They were very prompt every time and very keen on sorting out our requests or questions. We also met the owners who were staying in the other, twin house, and they were also very nice people and were asking if we needed anything.<\/p>\n\t\t\t\t\t<\/div>\n\t\t\t\t\t\t\t\t\t<\/div>\n\t\t\t\t\t\t<div class=\"elementor-testimonial__footer\">\n\t\t\t\t\t\t\t\t\t<div class=\"elementor-testimonial__image\">\n\t\t\t\t\t\t<img decoding=\"async\" src=\"https:\/\/www.companyturistic.com\/wp-content\/uploads\/2022\/06\/Captura-de-pantalla-2022-06-20-a-las-11.31.52.png\" alt=\"Cristian\">\n\t\t\t\t\t\t\t\t\t\t\t<\/div>\n\t\t\t\t\t\t\t\t<cite class=\"elementor-testimonial__cite\"><span class=\"elementor-testimonial__name\">Cristian<\/span><span class=\"elementor-testimonial__title\">Airbnb<\/span><\/cite>\t\t\t<\/div>\n\t\t<\/div>\n\t\t\t\t\t\t\t\t<\/div>\n\t\t\t\t\t\t\t\t\t<\/div>\n\t\t\t\t\t\t\t\t\t\t\t\t\t\t\t<div class=\"elementor-swiper-button elementor-swiper-button-prev\" role=\"button\" tabindex=\"0\" aria-label=\"Voriger\">\n\t\t\t\t\t\t\t<svg aria-hidden=\"true\" class=\"e-font-icon-svg e-eicon-chevron-left\" viewBox=\"0 0 1000 1000\" xmlns=\"http:\/\/www.w3.org\/2000\/svg\"><path d=\"M646 125C629 125 613 133 604 142L308 442C296 454 292 471 292 487 292 504 296 521 308 533L604 854C617 867 629 875 646 875 663 875 679 871 692 858 704 846 713 829 713 812 713 796 708 779 692 767L438 487 692 225C700 217 708 204 708 187 708 171 704 154 692 142 675 129 663 125 646 125Z\"><\/path><\/svg>\t\t\t\t\t\t<\/div>\n\t\t\t\t\t\t<div class=\"elementor-swiper-button elementor-swiper-button-next\" role=\"button\" tabindex=\"0\" aria-label=\"N\u00e4chster\">\n\t\t\t\t\t\t\t<svg aria-hidden=\"true\" class=\"e-font-icon-svg e-eicon-chevron-right\" viewBox=\"0 0 1000 1000\" xmlns=\"http:\/\/www.w3.org\/2000\/svg\"><path d=\"M696 533C708 521 713 504 713 487 713 471 708 454 696 446L400 146C388 133 375 125 354 125 338 125 325 129 313 142 300 154 292 171 292 187 292 204 296 221 308 233L563 492 304 771C292 783 288 800 288 817 288 833 296 850 308 863 321 871 338 875 354 875 371 875 388 867 400 854L696 533Z\"><\/path><\/svg>\t\t\t\t\t\t<\/div>\n\t\t\t\t\t\t\t\t\t\t\t\t\t\t\t\t<div class=\"swiper-pagination\"><\/div>\n\t\t\t\t\t\t\t\t\t\t\t\t<\/div>\n\t\t\t\t\t\t\t\t<\/div>\n\t\t\t\t\t<\/div>\n\t\t<\/div>\n\t\t\t\t\t<\/div>\n\t\t<\/section>\n\t\t\t\t<section class=\"elementor-section elementor-top-section elementor-element elementor-element-11655eb elementor-section-boxed elementor-section-height-default elementor-section-height-default\" data-id=\"11655eb\" data-element_type=\"section\" data-e-type=\"section\" data-settings=\"{&quot;background_background&quot;:&quot;classic&quot;}\">\n\t\t\t\t\t\t\t<div class=\"elementor-background-overlay\"><\/div>\n\t\t\t\t\t\t\t<div class=\"elementor-container elementor-column-gap-default\">\n\t\t\t\t\t<div class=\"elementor-column elementor-col-100 elementor-top-column elementor-element elementor-element-19fc13b\" data-id=\"19fc13b\" data-element_type=\"column\" data-e-type=\"column\">\n\t\t\t<div class=\"elementor-widget-wrap elementor-element-populated\">\n\t\t\t\t\t\t<div class=\"elementor-element elementor-element-eb9b612 elementor-widget elementor-widget-heading\" data-id=\"eb9b612\" data-element_type=\"widget\" data-e-type=\"widget\" data-widget_type=\"heading.default\">\n\t\t\t\t\t<h2 class=\"elementor-heading-title elementor-size-default\">Company Tur\u00edstic von Finques J. Company<\/h2>\t\t\t\t<\/div>\n\t\t\t\t<div class=\"elementor-element elementor-element-3a4b733 elementor-widget elementor-widget-heading\" data-id=\"3a4b733\" data-element_type=\"widget\" data-e-type=\"widget\" data-widget_type=\"heading.default\">\n\t\t\t\t\t<h3 class=\"elementor-heading-title elementor-size-default\">Mehr als 60 Jahre im Dienste unserer Kunden <\/h3>\t\t\t\t<\/div>\n\t\t\t\t<div class=\"elementor-element elementor-element-2c44c68 elementor-widget elementor-widget-text-editor\" data-id=\"2c44c68\" data-element_type=\"widget\" data-e-type=\"widget\" data-widget_type=\"text-editor.default\">\n\t\t\t\t\t\t\t\t\t<p> <strong>Company Tur\u00edstic von Finques J. Company<\/strong> Wir sind ein 1963 gegr\u00fcndetes Immobilienunternehmen. Unsere Mission ist es, uns als modernes Immobilienunternehmen zu konsolidieren, mit dem Wunsch, unsere Kunden mit pers\u00f6nlicher Aufmerksamkeit und Professionalit\u00e4t zu bedienen und umfassende Beratung in allen Bereichen der Immobiliendienstleistungen. Man k\u00f6nnte es so zusammenfassen: &#8220;Professionalit\u00e4t im Dienste unserer Kunden&#8221;. <\/p>\n\t\t\t\t\t\t\t\t<\/div>\n\t\t\t\t<div class=\"elementor-element elementor-element-1b92590 elementor-align-center elementor-widget elementor-widget-button\" data-id=\"1b92590\" data-element_type=\"widget\" data-e-type=\"widget\" data-widget_type=\"button.default\">\n\t\t\t\t\t\t\t\t\t\t<a class=\"elementor-button elementor-button-link elementor-size-sm\" href=\"#\">\n\t\t\t\t\t\t<span class=\"elementor-button-content-wrapper\">\n\t\t\t\t\t\t\t\t\t<span class=\"elementor-button-text\">M\u00d6CHTEN SIE MEHR WISSEN? <\/span>\n\t\t\t\t\t<\/span>\n\t\t\t\t\t<\/a>\n\t\t\t\t\t\t\t\t<\/div>\n\t\t\t\t\t<\/div>\n\t\t<\/div>\n\t\t\t\t\t<\/div>\n\t\t<\/section>\n\t\t\t\t<\/div>\n\t\t","protected":false},"excerpt":{"rendered":"<p>Verbringen Sie diesen Sommer Ihren Urlaub an der Costa Brava! Willkommen bei Company Tur\u00edsticWohnungen und H\u00e4user in Llan\u00e7\u00e0, Roses und Port de la Selva M\u00f6chten Sie Ihre Immobilie vermieten? Nehmen Sie Kontakt mit uns auf Nom E-mail Tel\u00e8fon Ciutat Com vols que et contactem? Trucada al mat\u00ed Trucada a la tarda Per correu Privacitat Acceptar [&hellip;]<\/p>\n","protected":false},"author":1,"featured_media":222,"parent":0,"menu_order":0,"comment_status":"closed","ping_status":"closed","template":"","meta":{"footnotes":""},"class_list":["post-389","page","type-page","status-publish","has-post-thumbnail","hentry"],"yoast_head":"<!-- This site is optimized with the Yoast SEO plugin v27.4 - https:\/\/yoast.com\/product\/yoast-seo-wordpress\/ -->\n<title>Ferienwohnungen Costa Brava | Urlaub an Spaniens<\/title>\n<meta name=\"description\" content=\"Ferienwohnungen Costa Brava: Entdecken Sie sonnige Unterk\u00fcnfte am Meer \u2013 ideal f\u00fcr Familien, Paare oder Gruppen. Jetzt Traumurlaub buchen!\" \/>\n<meta name=\"robots\" content=\"index, follow, max-snippet:-1, max-image-preview:large, max-video-preview:-1\" \/>\n<link rel=\"canonical\" href=\"https:\/\/www.companyturistic.com\/de\/\" \/>\n<meta property=\"og:locale\" content=\"de_DE\" \/>\n<meta property=\"og:type\" content=\"article\" \/>\n<meta property=\"og:title\" content=\"Ferienwohnungen Costa Brava | Urlaub an Spaniens\" \/>\n<meta property=\"og:description\" content=\"Ferienwohnungen Costa Brava: Entdecken Sie sonnige Unterk\u00fcnfte am Meer \u2013 ideal f\u00fcr Familien, Paare oder Gruppen. Jetzt Traumurlaub buchen!\" \/>\n<meta property=\"og:url\" content=\"https:\/\/www.companyturistic.com\/de\/\" \/>\n<meta property=\"og:site_name\" content=\"Company Turistic - Alquiler de apartamentos vacacionales en la Costa Brava\" \/>\n<meta property=\"article:modified_time\" content=\"2025-12-17T16:02:38+00:00\" \/>\n<meta property=\"og:image\" content=\"https:\/\/www.companyturistic.com\/wp-content\/uploads\/2021\/09\/ct-rrss.jpg\" \/>\n\t<meta property=\"og:image:width\" content=\"1280\" \/>\n\t<meta property=\"og:image:height\" content=\"720\" \/>\n\t<meta property=\"og:image:type\" content=\"image\/jpeg\" \/>\n<meta name=\"twitter:card\" content=\"summary_large_image\" \/>\n<meta name=\"twitter:label1\" content=\"Gesch\u00e4tzte Lesezeit\" \/>\n\t<meta name=\"twitter:data1\" content=\"5\u00a0Minuten\" \/>\n<script type=\"application\/ld+json\" class=\"yoast-schema-graph\">{\"@context\":\"https:\\\/\\\/schema.org\",\"@graph\":[{\"@type\":\"WebPage\",\"@id\":\"https:\\\/\\\/www.companyturistic.com\\\/de\\\/\",\"url\":\"https:\\\/\\\/www.companyturistic.com\\\/de\\\/\",\"name\":\"Ferienwohnungen Costa Brava | Urlaub an Spaniens\",\"isPartOf\":{\"@id\":\"https:\\\/\\\/www.companyturistic.com\\\/de\\\/#website\"},\"primaryImageOfPage\":{\"@id\":\"https:\\\/\\\/www.companyturistic.com\\\/de\\\/#primaryimage\"},\"image\":{\"@id\":\"https:\\\/\\\/www.companyturistic.com\\\/de\\\/#primaryimage\"},\"thumbnailUrl\":\"https:\\\/\\\/www.companyturistic.com\\\/wp-content\\\/uploads\\\/2021\\\/09\\\/ct-rrss.jpg\",\"datePublished\":\"2021-10-04T11:40:50+00:00\",\"dateModified\":\"2025-12-17T16:02:38+00:00\",\"description\":\"Ferienwohnungen Costa Brava: Entdecken Sie sonnige Unterk\u00fcnfte am Meer \u2013 ideal f\u00fcr Familien, Paare oder Gruppen. Jetzt Traumurlaub buchen!\",\"breadcrumb\":{\"@id\":\"https:\\\/\\\/www.companyturistic.com\\\/de\\\/#breadcrumb\"},\"inLanguage\":\"de\",\"potentialAction\":[{\"@type\":\"ReadAction\",\"target\":[\"https:\\\/\\\/www.companyturistic.com\\\/de\\\/\"]}]},{\"@type\":\"BreadcrumbList\",\"@id\":\"https:\\\/\\\/www.companyturistic.com\\\/de\\\/#breadcrumb\",\"itemListElement\":[{\"@type\":\"ListItem\",\"position\":1,\"name\":\"Inici\",\"item\":\"https:\\\/\\\/www.companyturistic.com\\\/de\\\/\"},{\"@type\":\"ListItem\",\"position\":2,\"name\":\"Company Turistic &#8211; Startseite\"}]},{\"@type\":\"WebSite\",\"@id\":\"https:\\\/\\\/www.companyturistic.com\\\/de\\\/#website\",\"url\":\"https:\\\/\\\/www.companyturistic.com\\\/de\\\/\",\"name\":\"Company Turistic - Alquiler de apartamentos vacacionales en la Costa Brava\",\"description\":\"Alquiler de apartamentos vacacionales en la Costa Brava\",\"publisher\":{\"@id\":\"https:\\\/\\\/www.companyturistic.com\\\/de\\\/#organization\"},\"alternateName\":\"Company Turistic\",\"potentialAction\":[{\"@type\":\"SearchAction\",\"target\":{\"@type\":\"EntryPoint\",\"urlTemplate\":\"https:\\\/\\\/www.companyturistic.com\\\/resultats-de-cerca-lloguer\\\/?search_text={search_term_string}\"},\"query-input\":{\"@type\":\"PropertyValueSpecification\",\"valueRequired\":true,\"valueName\":\"search_term_string\"}}],\"inLanguage\":\"de\"},{\"@type\":\"Organization\",\"@id\":\"https:\\\/\\\/www.companyturistic.com\\\/de\\\/#organization\",\"name\":\"Company Tur\u00edstic - Finques J. Company\",\"alternateName\":\"Finques J. Company\",\"url\":\"https:\\\/\\\/www.companyturistic.com\\\/de\\\/\",\"logo\":{\"@type\":\"ImageObject\",\"inLanguage\":\"de\",\"@id\":\"https:\\\/\\\/www.companyturistic.com\\\/de\\\/#\\\/schema\\\/logo\\\/image\\\/\",\"url\":\"https:\\\/\\\/www.companyturistic.com\\\/wp-content\\\/uploads\\\/2021\\\/09\\\/logo-company-turistic.png\",\"contentUrl\":\"https:\\\/\\\/www.companyturistic.com\\\/wp-content\\\/uploads\\\/2021\\\/09\\\/logo-company-turistic.png\",\"width\":603,\"height\":149,\"caption\":\"Company Tur\u00edstic - Finques J. Company\"},\"image\":{\"@id\":\"https:\\\/\\\/www.companyturistic.com\\\/de\\\/#\\\/schema\\\/logo\\\/image\\\/\"}}]}<\/script>\n<!-- \/ Yoast SEO plugin. -->","yoast_head_json":{"title":"Ferienwohnungen Costa Brava | Urlaub an Spaniens","description":"Ferienwohnungen Costa Brava: Entdecken Sie sonnige Unterk\u00fcnfte am Meer \u2013 ideal f\u00fcr Familien, Paare oder Gruppen. Jetzt Traumurlaub buchen!","robots":{"index":"index","follow":"follow","max-snippet":"max-snippet:-1","max-image-preview":"max-image-preview:large","max-video-preview":"max-video-preview:-1"},"canonical":"https:\/\/www.companyturistic.com\/de\/","og_locale":"de_DE","og_type":"article","og_title":"Ferienwohnungen Costa Brava | Urlaub an Spaniens","og_description":"Ferienwohnungen Costa Brava: Entdecken Sie sonnige Unterk\u00fcnfte am Meer \u2013 ideal f\u00fcr Familien, Paare oder Gruppen. Jetzt Traumurlaub buchen!","og_url":"https:\/\/www.companyturistic.com\/de\/","og_site_name":"Company Turistic - Alquiler de apartamentos vacacionales en la Costa Brava","article_modified_time":"2025-12-17T16:02:38+00:00","og_image":[{"width":1280,"height":720,"url":"https:\/\/www.companyturistic.com\/wp-content\/uploads\/2021\/09\/ct-rrss.jpg","type":"image\/jpeg"}],"twitter_card":"summary_large_image","twitter_misc":{"Gesch\u00e4tzte Lesezeit":"5\u00a0Minuten"},"schema":{"@context":"https:\/\/schema.org","@graph":[{"@type":"WebPage","@id":"https:\/\/www.companyturistic.com\/de\/","url":"https:\/\/www.companyturistic.com\/de\/","name":"Ferienwohnungen Costa Brava | Urlaub an Spaniens","isPartOf":{"@id":"https:\/\/www.companyturistic.com\/de\/#website"},"primaryImageOfPage":{"@id":"https:\/\/www.companyturistic.com\/de\/#primaryimage"},"image":{"@id":"https:\/\/www.companyturistic.com\/de\/#primaryimage"},"thumbnailUrl":"https:\/\/www.companyturistic.com\/wp-content\/uploads\/2021\/09\/ct-rrss.jpg","datePublished":"2021-10-04T11:40:50+00:00","dateModified":"2025-12-17T16:02:38+00:00","description":"Ferienwohnungen Costa Brava: Entdecken Sie sonnige Unterk\u00fcnfte am Meer \u2013 ideal f\u00fcr Familien, Paare oder Gruppen. Jetzt Traumurlaub buchen!","breadcrumb":{"@id":"https:\/\/www.companyturistic.com\/de\/#breadcrumb"},"inLanguage":"de","potentialAction":[{"@type":"ReadAction","target":["https:\/\/www.companyturistic.com\/de\/"]}]},{"@type":"BreadcrumbList","@id":"https:\/\/www.companyturistic.com\/de\/#breadcrumb","itemListElement":[{"@type":"ListItem","position":1,"name":"Inici","item":"https:\/\/www.companyturistic.com\/de\/"},{"@type":"ListItem","position":2,"name":"Company Turistic &#8211; Startseite"}]},{"@type":"WebSite","@id":"https:\/\/www.companyturistic.com\/de\/#website","url":"https:\/\/www.companyturistic.com\/de\/","name":"Company Turistic - Alquiler de apartamentos vacacionales en la Costa Brava","description":"Alquiler de apartamentos vacacionales en la Costa Brava","publisher":{"@id":"https:\/\/www.companyturistic.com\/de\/#organization"},"alternateName":"Company Turistic","potentialAction":[{"@type":"SearchAction","target":{"@type":"EntryPoint","urlTemplate":"https:\/\/www.companyturistic.com\/resultats-de-cerca-lloguer\/?search_text={search_term_string}"},"query-input":{"@type":"PropertyValueSpecification","valueRequired":true,"valueName":"search_term_string"}}],"inLanguage":"de"},{"@type":"Organization","@id":"https:\/\/www.companyturistic.com\/de\/#organization","name":"Company Tur\u00edstic - Finques J. Company","alternateName":"Finques J. Company","url":"https:\/\/www.companyturistic.com\/de\/","logo":{"@type":"ImageObject","inLanguage":"de","@id":"https:\/\/www.companyturistic.com\/de\/#\/schema\/logo\/image\/","url":"https:\/\/www.companyturistic.com\/wp-content\/uploads\/2021\/09\/logo-company-turistic.png","contentUrl":"https:\/\/www.companyturistic.com\/wp-content\/uploads\/2021\/09\/logo-company-turistic.png","width":603,"height":149,"caption":"Company Tur\u00edstic - Finques J. Company"},"image":{"@id":"https:\/\/www.companyturistic.com\/de\/#\/schema\/logo\/image\/"}}]}},"_links":{"self":[{"href":"https:\/\/www.companyturistic.com\/de\/wp-json\/wp\/v2\/pages\/389","targetHints":{"allow":["GET"]}}],"collection":[{"href":"https:\/\/www.companyturistic.com\/de\/wp-json\/wp\/v2\/pages"}],"about":[{"href":"https:\/\/www.companyturistic.com\/de\/wp-json\/wp\/v2\/types\/page"}],"author":[{"embeddable":true,"href":"https:\/\/www.companyturistic.com\/de\/wp-json\/wp\/v2\/users\/1"}],"replies":[{"embeddable":true,"href":"https:\/\/www.companyturistic.com\/de\/wp-json\/wp\/v2\/comments?post=389"}],"version-history":[{"count":13,"href":"https:\/\/www.companyturistic.com\/de\/wp-json\/wp\/v2\/pages\/389\/revisions"}],"predecessor-version":[{"id":3964,"href":"https:\/\/www.companyturistic.com\/de\/wp-json\/wp\/v2\/pages\/389\/revisions\/3964"}],"wp:featuredmedia":[{"embeddable":true,"href":"https:\/\/www.companyturistic.com\/de\/wp-json\/wp\/v2\/media\/222"}],"wp:attachment":[{"href":"https:\/\/www.companyturistic.com\/de\/wp-json\/wp\/v2\/media?parent=389"}],"curies":[{"name":"wp","href":"https:\/\/api.w.org\/{rel}","templated":true}]}}