{"id":356,"date":"2021-10-04T11:00:18","date_gmt":"2021-10-04T11:00:18","guid":{"rendered":"https:\/\/design.net2rent.com\/company\/company-turistic-accueil\/"},"modified":"2026-01-22T10:40:42","modified_gmt":"2026-01-22T09:40:42","slug":"company-turistic-accueil","status":"publish","type":"page","link":"https:\/\/www.companyturistic.com\/fr\/","title":{"rendered":"Company Turistic &#8211; Accueil"},"content":{"rendered":"\t\t<div data-elementor-type=\"wp-page\" data-elementor-id=\"356\" class=\"elementor elementor-356 elementor-53\" data-elementor-post-type=\"page\">\n\t\t\t\t\t\t<section class=\"elementor-section elementor-top-section elementor-element elementor-element-39adabe elementor-section-height-min-height elementor-section-boxed elementor-section-height-default elementor-section-items-middle\" data-id=\"39adabe\" data-element_type=\"section\" data-e-type=\"section\" data-settings=\"{&quot;background_background&quot;:&quot;slideshow&quot;,&quot;background_slideshow_gallery&quot;:[{&quot;id&quot;:187,&quot;url&quot;:&quot;https:\\\/\\\/www.companyturistic.com\\\/wp-content\\\/uploads\\\/2021\\\/09\\\/llanca.jpg&quot;},{&quot;id&quot;:104,&quot;url&quot;:&quot;https:\\\/\\\/www.companyturistic.com\\\/wp-content\\\/uploads\\\/2021\\\/09\\\/port-de-la-selva-1.jpg&quot;},{&quot;id&quot;:832,&quot;url&quot;:&quot;https:\\\/\\\/www.companyturistic.com\\\/wp-content\\\/uploads\\\/2021\\\/10\\\/roses-1_93.jpg&quot;},{&quot;id&quot;:652,&quot;url&quot;:&quot;https:\\\/\\\/www.companyturistic.com\\\/wp-content\\\/uploads\\\/2021\\\/10\\\/llanca-1_71.jpg&quot;},{&quot;id&quot;:948,&quot;url&quot;:&quot;https:\\\/\\\/www.companyturistic.com\\\/wp-content\\\/uploads\\\/2021\\\/10\\\/port-de-la-selva-el-1_102.jpg&quot;},{&quot;id&quot;:4373,&quot;url&quot;:&quot;https:\\\/\\\/www.companyturistic.com\\\/wp-content\\\/uploads\\\/2021\\\/09\\\/gironna.jpg&quot;}],&quot;background_slideshow_ken_burns&quot;:&quot;yes&quot;,&quot;background_slideshow_loop&quot;:&quot;yes&quot;,&quot;background_slideshow_slide_duration&quot;:5000,&quot;background_slideshow_slide_transition&quot;:&quot;fade&quot;,&quot;background_slideshow_transition_duration&quot;:500,&quot;background_slideshow_ken_burns_zoom_direction&quot;:&quot;in&quot;}\">\n\t\t\t\t\t\t\t<div class=\"elementor-background-overlay\"><\/div>\n\t\t\t\t\t\t\t<div class=\"elementor-container elementor-column-gap-no\">\n\t\t\t\t\t<div class=\"elementor-column elementor-col-100 elementor-top-column elementor-element elementor-element-bdf9a34\" data-id=\"bdf9a34\" data-element_type=\"column\" data-e-type=\"column\">\n\t\t\t<div class=\"elementor-widget-wrap elementor-element-populated\">\n\t\t\t\t\t\t<div class=\"elementor-element elementor-element-9f38f7d elementor-widget elementor-widget-heading\" data-id=\"9f38f7d\" data-element_type=\"widget\" data-e-type=\"widget\" data-widget_type=\"heading.default\">\n\t\t\t\t\t<h2 class=\"elementor-heading-title elementor-size-default\">Cet \u00e9t\u00e9, profitez d'appartements de vacances sur la Costa Brava!<\/h2>\t\t\t\t<\/div>\n\t\t\t\t<div class=\"elementor-element elementor-element-3f8dc31 elementor-widget elementor-widget-shortcode\" data-id=\"3f8dc31\" data-element_type=\"widget\" data-e-type=\"widget\" data-widget_type=\"shortcode.default\">\n\t\t\t\t\t\t\t<div class=\"elementor-shortcode\"><div class=\"n2r__search  \" data-n2r-searchsession-url=\"https:\/\/www.companyturistic.com\/wp-json\/n2r\/v1\/searchsession\" data-n2r-nosession=\"true\">\n    <div class=\"n2r__search__container n2r__tabs__content\">\n    <div class=\"n2r__tabs__content__item n2r__search__container__rental active\" >\n  <form name=\"n2r__search\" method=\"get\" action=\"https:\/\/www.companyturistic.com\/resultats-de-cerca-lloguer\/\" role=\"form\" autocomplete=\"off\">\n    <input type=\"hidden\" aria-hidden=\"true\" name=\"commercialization_type\" value=\"rental\">\n              <div class=\"n2r__search__field\">\n            <label for=\"n2r-search-rental-search_text-77422\">R\u00e9f\u00e9rence<\/label>\n            <input type=\"text\" name=\"search_text\" id=\"n2r-search-rental-search_text-77422\" class=\"n2r__input\" value=\"\">\n          <\/div>\n                    <div class=\"n2r__search__field n2r__datepickercontainer\">\n            <label for=\"n2r-search-rental-dates-77422\">S\u00e9lectionnez les dates<\/label>\n            <input type=\"text\" name=\"dates\" id=\"n2r-search-rental-dates-77422\" class=\"n2r__input n2r-daterangepicker-component\" value=\"\" data-checkin=\"\" data-checkout=\"\" data-language=\"fr\" data-nights=\"1\" placeholder=\" \">\n            <a class=\"n2r__datepickercontainer__clear\"><i class=\"fa fa-times\"><\/i><\/a>\n            <input type=\"hidden\" aria-hidden=\"true\" name=\"checkin\" value=\"\">\n            <input type=\"hidden\" aria-hidden=\"true\" name=\"checkout\" value=\"\">\n          <\/div>\n                  <div class=\"n2r__search__field n2r__search__field--small\">\n            <label for=\"n2r-search-rental-adults-77422\">Adultes<\/label>\n            <input class=\"n2r__input\" name=\"adults\" id=\"n2r-search-rental-adults-77422\" type=\"number\" min=\"1\" max=\"30\" value=\"1\">\n          <\/div>\n                  <div class=\"n2r__search__field n2r__search__field--small\">\n            <label for=\"n2r-search-rental-children-77422\">Enfants<\/label>\n            <input class=\"n2r__input\" name=\"children\" id=\"n2r-search-rental-children-77422\" type=\"number\" min=\"0\" max=\"30\" value=\"0\">\n          <\/div>\n                    <div class=\"n2r__search__field\">\n              <label for=\"n2r-search-rental-city-77422\">Destination<\/label>\n              <select name=\"city\" id=\"n2r-search-rental-city-77422\" class=\"n2r__select\">\n                <option value=\"\">Tout<\/option>\n                <option value=\"Castell\u00f3 d&#039;Emp\u00faries\" >Castell\u00f3 d&#039;Emp\u00faries<\/option><option value=\"Empuriabrava\" >Empuriabrava<\/option><option value=\"Figueres\" >Figueres<\/option><option value=\"Llan\u00e7\u00e0\" >Llan\u00e7\u00e0<\/option><option value=\"PEDRET I MARZ\u00c0\" >PEDRET I MARZ\u00c0<\/option><option value=\"Peralada\" >Peralada<\/option><option value=\"Port de la Selva (El)\" >Port de la Selva (El)<\/option><option value=\"Roses\" >Roses<\/option>              <\/select>\n              <span><\/span>\n            <\/div>\n              <div class=\"n2r__search__field n2r__search__field--submit\">\n      <button type=\"submit\" class=\"n2r__search__submit n2r__btn\">Chercher<\/button>\n    <\/div>\n  <\/form>\n<\/div>  <\/div>\n<\/div><\/div>\n\t\t\t\t\t\t<\/div>\n\t\t\t\t\t<\/div>\n\t\t<\/div>\n\t\t\t\t\t<\/div>\n\t\t<\/section>\n\t\t\t\t<section class=\"elementor-section elementor-top-section elementor-element elementor-element-df3dbcb elementor-section-boxed elementor-section-height-default elementor-section-height-default\" data-id=\"df3dbcb\" data-element_type=\"section\" data-e-type=\"section\">\n\t\t\t\t\t\t<div class=\"elementor-container elementor-column-gap-default\">\n\t\t\t\t\t<div class=\"elementor-column elementor-col-100 elementor-top-column elementor-element elementor-element-6d3369a\" data-id=\"6d3369a\" data-element_type=\"column\" data-e-type=\"column\">\n\t\t\t<div class=\"elementor-widget-wrap elementor-element-populated\">\n\t\t\t\t\t\t<div class=\"elementor-element elementor-element-38ad0fa elementor-widget elementor-widget-heading\" data-id=\"38ad0fa\" data-element_type=\"widget\" data-e-type=\"widget\" data-widget_type=\"heading.default\">\n\t\t\t\t\t<h1 class=\"elementor-heading-title elementor-size-default\"><strong>Bienvenue \u00e0 Company Tur\u00edstic<\/strong><\/br>appartements et maisons \u00e0 Llan\u00e7\u00e0, Roses et Port de la Selva<\/h1>\t\t\t\t<\/div>\n\t\t\t\t<div class=\"elementor-element elementor-element-a1bd217 elementor-widget elementor-widget-shortcode\" data-id=\"a1bd217\" data-element_type=\"widget\" data-e-type=\"widget\" data-widget_type=\"shortcode.default\">\n\t\t\t\t\t\t\t<div class=\"elementor-shortcode\">\n<div class=\"n2r__list grid\" data-n2r-searchparams=\"\">\n    <div class=\"n2r__row\">\n    <div class=\"n2r__list__items\">\n      <div class=\"n2r__list__item n2r__clickable   \" data-id=\"4125\">\n    <div class=\"n2r__list__item__gallery n2r__slider\">\n    <div class=\"slide-item\"><img data-lazy=\"https:\/\/files.net2rent.com\/pfiles\/61\/4125\/171485-Rm-o-m.jpg\" alt=\"R144 PORT CANIGO II 304 Appartement Santa Margarita Roses\" title=\"R144 PORT CANIGO II 304 Appartement Santa Margarita Roses\"><\/div><div class=\"slide-item\"><img data-lazy=\"https:\/\/files.net2rent.com\/pfiles\/61\/4125\/171466-vf-o-m.jpg\" alt=\"R144 PORT CANIGO II 304 Appartement Santa Margarita Roses\" title=\"R144 PORT CANIGO II 304 Appartement Santa Margarita Roses\"><\/div><div class=\"slide-item\"><img data-lazy=\"https:\/\/files.net2rent.com\/pfiles\/61\/4125\/171467-vx-o-m.jpg\" alt=\"R144 PORT CANIGO II 304 Appartement Santa Margarita Roses\" title=\"R144 PORT CANIGO II 304 Appartement Santa Margarita Roses\"><\/div><div class=\"slide-item\"><img data-lazy=\"https:\/\/files.net2rent.com\/pfiles\/61\/4125\/171470-82-o-m.jpg\" alt=\"R144 PORT CANIGO II 304 Appartement Santa Margarita Roses\" title=\"R144 PORT CANIGO II 304 Appartement Santa Margarita Roses\"><\/div><div class=\"slide-item\"><img data-lazy=\"https:\/\/files.net2rent.com\/pfiles\/61\/4125\/171468-Cn-o-m.jpg\" alt=\"R144 PORT CANIGO II 304 Appartement Santa Margarita Roses\" title=\"R144 PORT CANIGO II 304 Appartement Santa Margarita Roses\"><\/div><div class=\"slide-item\"><img data-lazy=\"https:\/\/files.net2rent.com\/pfiles\/61\/4125\/171477-gJ-o-m.jpg\" alt=\"R144 PORT CANIGO II 304 Appartement Santa Margarita Roses\" title=\"R144 PORT CANIGO II 304 Appartement Santa Margarita Roses\"><\/div><div class=\"slide-item\"><img data-lazy=\"https:\/\/files.net2rent.com\/pfiles\/61\/4125\/171476-kn-o-m.jpg\" alt=\"R144 PORT CANIGO II 304 Appartement Santa Margarita Roses\" title=\"R144 PORT CANIGO II 304 Appartement Santa Margarita Roses\"><\/div><div class=\"slide-item\"><img data-lazy=\"https:\/\/files.net2rent.com\/pfiles\/61\/4125\/171475-t9-o-m.jpg\" alt=\"R144 PORT CANIGO II 304 Appartement Santa Margarita Roses\" title=\"R144 PORT CANIGO II 304 Appartement Santa Margarita Roses\"><\/div><div class=\"slide-item\"><img data-lazy=\"https:\/\/files.net2rent.com\/pfiles\/61\/4125\/171472-lB-o-m.jpg\" alt=\"R144 PORT CANIGO II 304 Appartement Santa Margarita Roses\" title=\"R144 PORT CANIGO II 304 Appartement Santa Margarita Roses\"><\/div><div class=\"slide-item\"><img data-lazy=\"https:\/\/files.net2rent.com\/pfiles\/61\/4125\/171480-A6-o-m.jpg\" alt=\"R144 PORT CANIGO II 304 Appartement Santa Margarita Roses\" title=\"R144 PORT CANIGO II 304 Appartement Santa Margarita Roses\"><\/div><div class=\"slide-item\"><img data-lazy=\"https:\/\/files.net2rent.com\/pfiles\/61\/4125\/171487-Ms-o-m.jpg\" alt=\"R144 PORT CANIGO II 304 Appartement Santa Margarita Roses\" title=\"R144 PORT CANIGO II 304 Appartement Santa Margarita Roses\"><\/div><div class=\"slide-item\"><img data-lazy=\"https:\/\/files.net2rent.com\/pfiles\/61\/4125\/171486-Yn-o-m.jpg\" alt=\"R144 PORT CANIGO II 304 Appartement Santa Margarita Roses\" title=\"R144 PORT CANIGO II 304 Appartement Santa Margarita Roses\"><\/div><div class=\"slide-item\"><img data-lazy=\"https:\/\/files.net2rent.com\/pfiles\/61\/4125\/171483-7I-o-m.jpg\" alt=\"R144 PORT CANIGO II 304 Appartement Santa Margarita Roses\" title=\"R144 PORT CANIGO II 304 Appartement Santa Margarita Roses\"><\/div><div class=\"slide-item\"><img data-lazy=\"https:\/\/files.net2rent.com\/pfiles\/61\/4125\/171484-Eb-o-m.jpg\" alt=\"R144 PORT CANIGO II 304 Appartement Santa Margarita Roses\" title=\"R144 PORT CANIGO II 304 Appartement Santa Margarita Roses\"><\/div><div class=\"slide-item\"><img data-lazy=\"https:\/\/files.net2rent.com\/pfiles\/61\/4125\/199441-kf-o-m.jpg\" alt=\"\" title=\"\"><\/div>  <\/div>\n\n  <div class=\"n2r__list__item__info\">\n    <div class=\"n2r__list__item__title\">\n      <h2 class=\"n2r__list__item__name\">\n        <a href=\"https:\/\/www.companyturistic.com\/fr\/details-de-lhebergement\/louer-appartement-port-canigo-ii-304-roses-4125\/\">PORT CANIG\u00d3 II 304 -Appartement agr\u00e9able et lumineux avec piscine et vue sur le canal \u00e0 Santa Margarita (Roses)<\/a>\n      <\/h2>\n          <\/div>\n    <div class=\"n2r__list__item__title\">\n      <div class=\"n2r__list__item__reference\">Ref: R144<\/div>\n      <div class=\"n2r__list__item__turisticreference\">HUTG-008640-57<\/div>      <div class=\"n2r__list__item__city\">Roses<\/div>\n              <div class=\"n2r__list__item__rating\">\n          <div class=\"n2r__rating\">\n            <div class=\"n2r__rating__complete\" style=\"width:80%\"><\/div>\n          <\/div>\n        <\/div>\n          <\/div>\n    <div class=\"n2r__list__item__features\">\n      <div class=\"n2r__list__item__feature n2r__list__item__feature--rooms\" title=\"1 chambres \u00e0 coucher\"><i class=\"n2r_room\"><\/i> 1<\/div><div class=\"n2r__list__item__feature n2r__list__item__feature--capacity\" title=\"4 pax\"><i class=\"n2r_people\"><\/i> 4<\/div><div class=\"n2r__list__item__feature n2r__list__item__feature--terrace\" title=\"terrasse\"><i class=\"n2r_terrace\"><\/i> <\/div><div class=\"n2r__list__item__feature n2r__list__item__feature--sea_distance\" title=\"Distance \u00e0 la plage\"><i class=\"n2r_sea_distance\"><\/i> 1,5km<\/div><div class=\"n2r__list__item__feature n2r__list__item__feature--pool\" title=\"piscine\"><i class=\"n2r_swimming_pool\"><\/i> <\/div><div class=\"n2r__list__item__feature n2r__list__item__feature--wifi\" title=\"WIFI\"><i class=\"n2r_properties_equipment_wifi\"><\/i> <\/div><div class=\"n2r__list__item__feature n2r__list__item__feature--pets\" title=\"Animaux domestiques autoris\u00e9s\"><i class=\"n2r_pets\"><\/i> <\/div>    <\/div>\n    <div class=\"n2r__list__item__description\">Charmant appartement, tr\u00e8s lumineux, situ\u00e9 \u00e0 Santa Margarita (Roses),avec une vue magnifique sur les canaux. Situ\u00e9 \u00e0 seulement 1,5km de la plage et 800m du centre ville de Santa Margarita. Il dispose d&#039;une chambre avec deux lits simples, d&#039;un salon-salle \u00e0 manger avec 2 couchages individuels suppl\u00e9mentaires, cuisine ouverte, salle de bains et terrasse avec vue imprenable sur le canal. Equip\u00e9 de micro-ondes et lave-linge. Wifi. Piscine communautaire avec pataugeoire et jacuzzi. Petit supermarch\u00e9 \u00e0 proximit\u00e9. Concierge toute la journ\u00e9e. Id\u00e9al pour son emplacement dans un quartier calme, proche du centre et des commerces. HUTG-008640-57<\/div>\n    <div class=\"n2r__list__item__footer\">\n      <div class=\"n2r__list__item__price\"><span class=\"n2r__list__item__price__from\">D\u00e9s 355 \u20ac <small class=\"n2r__list__item__price__from__type\">\/  La semaine<\/small><\/span><\/div>    <\/div>\n  <\/div>\n  <a class=\"n2r__list__item__link\" href=\"https:\/\/www.companyturistic.com\/fr\/details-de-lhebergement\/louer-appartement-port-canigo-ii-304-roses-4125\/\">Plus<\/a>\n  <\/div><div class=\"n2r__list__item n2r__clickable   \" data-id=\"22082\">\n    <div class=\"n2r__list__item__gallery n2r__slider\">\n    <div class=\"slide-item\"><img data-lazy=\"https:\/\/files.net2rent.com\/pfiles\/61\/22082\/520800-GU-o-m.jpg\" alt=\"L150-02 CABIONI 4 Maison jumel\u00e9e Grifeu Llan\u00e7\u00e0\" title=\"L150-02 CABIONI 4 Maison jumel\u00e9e Grifeu Llan\u00e7\u00e0\"><\/div><div class=\"slide-item\"><img data-lazy=\"https:\/\/files.net2rent.com\/pfiles\/61\/22082\/520798-px-o-m.jpg\" alt=\"L150-02 CABIONI 4 Maison jumel\u00e9e Grifeu Llan\u00e7\u00e0\" title=\"L150-02 CABIONI 4 Maison jumel\u00e9e Grifeu Llan\u00e7\u00e0\"><\/div><div class=\"slide-item\"><img data-lazy=\"https:\/\/files.net2rent.com\/pfiles\/61\/22082\/520799-Z1-o-m.jpg\" alt=\"L150-02 CABIONI 4 Maison jumel\u00e9e Grifeu Llan\u00e7\u00e0\" title=\"L150-02 CABIONI 4 Maison jumel\u00e9e Grifeu Llan\u00e7\u00e0\"><\/div><div class=\"slide-item\"><img data-lazy=\"https:\/\/files.net2rent.com\/pfiles\/61\/22082\/520796-eC-o-m.jpg\" alt=\"L150-02 CABIONI 4 Maison jumel\u00e9e Grifeu Llan\u00e7\u00e0\" title=\"L150-02 CABIONI 4 Maison jumel\u00e9e Grifeu Llan\u00e7\u00e0\"><\/div><div class=\"slide-item\"><img data-lazy=\"https:\/\/files.net2rent.com\/pfiles\/61\/22082\/520797-MM-o-m.jpg\" alt=\"L150-02 CABIONI 4 Maison jumel\u00e9e Grifeu Llan\u00e7\u00e0\" title=\"L150-02 CABIONI 4 Maison jumel\u00e9e Grifeu Llan\u00e7\u00e0\"><\/div><div class=\"slide-item\"><img data-lazy=\"https:\/\/files.net2rent.com\/pfiles\/61\/22082\/520785-a0-o-m.jpg\" alt=\"L150-02 CABIONI 4 Maison jumel\u00e9e Grifeu Llan\u00e7\u00e0\" title=\"L150-02 CABIONI 4 Maison jumel\u00e9e Grifeu Llan\u00e7\u00e0\"><\/div><div class=\"slide-item\"><img data-lazy=\"https:\/\/files.net2rent.com\/pfiles\/61\/22082\/520786-c7-o-m.jpg\" alt=\"L150-02 CABIONI 4 Maison jumel\u00e9e Grifeu Llan\u00e7\u00e0\" title=\"L150-02 CABIONI 4 Maison jumel\u00e9e Grifeu Llan\u00e7\u00e0\"><\/div><div class=\"slide-item\"><img data-lazy=\"https:\/\/files.net2rent.com\/pfiles\/61\/22082\/520787-ey-o-m.jpg\" alt=\"L150-02 CABIONI 4 Maison jumel\u00e9e Grifeu Llan\u00e7\u00e0\" title=\"L150-02 CABIONI 4 Maison jumel\u00e9e Grifeu Llan\u00e7\u00e0\"><\/div><div class=\"slide-item\"><img data-lazy=\"https:\/\/files.net2rent.com\/pfiles\/61\/22082\/520789-Kp-o-m.jpg\" alt=\"L150-02 CABIONI 4 Maison jumel\u00e9e Grifeu Llan\u00e7\u00e0\" title=\"L150-02 CABIONI 4 Maison jumel\u00e9e Grifeu Llan\u00e7\u00e0\"><\/div><div class=\"slide-item\"><img data-lazy=\"https:\/\/files.net2rent.com\/pfiles\/61\/22082\/520790-Nn-o-m.jpg\" alt=\"L150-02 CABIONI 4 Maison jumel\u00e9e Grifeu Llan\u00e7\u00e0\" title=\"L150-02 CABIONI 4 Maison jumel\u00e9e Grifeu Llan\u00e7\u00e0\"><\/div><div class=\"slide-item\"><img data-lazy=\"https:\/\/files.net2rent.com\/pfiles\/61\/22082\/520791-1n-o-m.jpg\" alt=\"L150-02 CABIONI 4 Maison jumel\u00e9e Grifeu Llan\u00e7\u00e0\" title=\"L150-02 CABIONI 4 Maison jumel\u00e9e Grifeu Llan\u00e7\u00e0\"><\/div><div class=\"slide-item\"><img data-lazy=\"https:\/\/files.net2rent.com\/pfiles\/61\/22082\/520781-bt-o-m.jpg\" alt=\"L150-02 CABIONI 4 Maison jumel\u00e9e Grifeu Llan\u00e7\u00e0\" title=\"L150-02 CABIONI 4 Maison jumel\u00e9e Grifeu Llan\u00e7\u00e0\"><\/div><div class=\"slide-item\"><img data-lazy=\"https:\/\/files.net2rent.com\/pfiles\/61\/22082\/520788-r7-o-m.jpg\" alt=\"L150-02 CABIONI 4 Maison jumel\u00e9e Grifeu Llan\u00e7\u00e0\" title=\"L150-02 CABIONI 4 Maison jumel\u00e9e Grifeu Llan\u00e7\u00e0\"><\/div><div class=\"slide-item\"><img data-lazy=\"https:\/\/files.net2rent.com\/pfiles\/61\/22082\/520792-yE-o-m.jpg\" alt=\"L150-02 CABIONI 4 Maison jumel\u00e9e Grifeu Llan\u00e7\u00e0\" title=\"L150-02 CABIONI 4 Maison jumel\u00e9e Grifeu Llan\u00e7\u00e0\"><\/div><div class=\"slide-item\"><img data-lazy=\"https:\/\/files.net2rent.com\/pfiles\/61\/22082\/520795-x9-o-m.jpg\" alt=\"L150-02 CABIONI 4 Maison jumel\u00e9e Grifeu Llan\u00e7\u00e0\" title=\"L150-02 CABIONI 4 Maison jumel\u00e9e Grifeu Llan\u00e7\u00e0\"><\/div><div class=\"slide-item\"><img data-lazy=\"https:\/\/files.net2rent.com\/pfiles\/61\/22082\/520794-JW-o-m.jpg\" alt=\"L150-02 CABIONI 4 Maison jumel\u00e9e Grifeu Llan\u00e7\u00e0\" title=\"L150-02 CABIONI 4 Maison jumel\u00e9e Grifeu Llan\u00e7\u00e0\"><\/div><div class=\"slide-item\"><img data-lazy=\"https:\/\/files.net2rent.com\/pfiles\/61\/22082\/520782-6Q-o-m.jpg\" alt=\"L150-02 CABIONI 4 Maison jumel\u00e9e Grifeu Llan\u00e7\u00e0\" title=\"L150-02 CABIONI 4 Maison jumel\u00e9e Grifeu Llan\u00e7\u00e0\"><\/div><div class=\"slide-item\"><img data-lazy=\"https:\/\/files.net2rent.com\/pfiles\/61\/22082\/520783-P8-o-m.jpg\" alt=\"L150-02 CABIONI 4 Maison jumel\u00e9e Grifeu Llan\u00e7\u00e0\" title=\"L150-02 CABIONI 4 Maison jumel\u00e9e Grifeu Llan\u00e7\u00e0\"><\/div><div class=\"slide-item\"><img data-lazy=\"https:\/\/files.net2rent.com\/pfiles\/61\/22082\/520784-vL-o-m.jpg\" alt=\"L150-02 CABIONI 4 Maison jumel\u00e9e Grifeu Llan\u00e7\u00e0\" title=\"L150-02 CABIONI 4 Maison jumel\u00e9e Grifeu Llan\u00e7\u00e0\"><\/div><div class=\"slide-item\"><img data-lazy=\"https:\/\/files.net2rent.com\/pfiles\/61\/22082\/520803-TA-o-m.jpg\" alt=\"L150-02 CABIONI 4 Maison jumel\u00e9e Grifeu Llan\u00e7\u00e0\" title=\"L150-02 CABIONI 4 Maison jumel\u00e9e Grifeu Llan\u00e7\u00e0\"><\/div><div class=\"slide-item\"><img data-lazy=\"https:\/\/files.net2rent.com\/pfiles\/61\/22082\/520804-4n-o-m.jpg\" alt=\"L150-02 CABIONI 4 Maison jumel\u00e9e Grifeu Llan\u00e7\u00e0\" title=\"L150-02 CABIONI 4 Maison jumel\u00e9e Grifeu Llan\u00e7\u00e0\"><\/div><div class=\"slide-item\"><img data-lazy=\"https:\/\/files.net2rent.com\/pfiles\/61\/22082\/520805-P1-o-m.jpg\" alt=\"L150-02 CABIONI 4 Maison jumel\u00e9e Grifeu Llan\u00e7\u00e0\" title=\"L150-02 CABIONI 4 Maison jumel\u00e9e Grifeu Llan\u00e7\u00e0\"><\/div><div class=\"slide-item\"><img data-lazy=\"https:\/\/files.net2rent.com\/pfiles\/61\/22082\/520806-kl-o-m.jpg\" alt=\"L150-02 CABIONI 4 Maison jumel\u00e9e Grifeu Llan\u00e7\u00e0\" title=\"L150-02 CABIONI 4 Maison jumel\u00e9e Grifeu Llan\u00e7\u00e0\"><\/div><div class=\"slide-item\"><img data-lazy=\"https:\/\/files.net2rent.com\/pfiles\/61\/22082\/520801-lP-o-m.jpg\" alt=\"L150-02 CABIONI 4 Maison jumel\u00e9e Grifeu Llan\u00e7\u00e0\" title=\"L150-02 CABIONI 4 Maison jumel\u00e9e Grifeu Llan\u00e7\u00e0\"><\/div><div class=\"slide-item\"><img data-lazy=\"https:\/\/files.net2rent.com\/pfiles\/61\/22082\/520802-IX-o-m.jpg\" alt=\"L150-02 CABIONI 4 Maison jumel\u00e9e Grifeu Llan\u00e7\u00e0\" title=\"L150-02 CABIONI 4 Maison jumel\u00e9e Grifeu Llan\u00e7\u00e0\"><\/div>  <\/div>\n\n  <div class=\"n2r__list__item__info\">\n    <div class=\"n2r__list__item__title\">\n      <h2 class=\"n2r__list__item__name\">\n        <a href=\"https:\/\/www.companyturistic.com\/fr\/details-de-lhebergement\/louer-maison-mitoyenne-cabioni-4-llanca-22082\/\">CABIONI 4 - Grande maison mitoyenne avec piscine commune ouverte de juin \u00e0 septembre, situ\u00e9e \u00e0 quelques m\u00e8tres de la plage de Grifeu<\/a>\n      <\/h2>\n          <\/div>\n    <div class=\"n2r__list__item__title\">\n      <div class=\"n2r__list__item__reference\">Ref: L150-02<\/div>\n      <div class=\"n2r__list__item__turisticreference\">HUTG-038272-43<\/div>      <div class=\"n2r__list__item__city\">Llan\u00e7\u00e0<\/div>\n              <div class=\"n2r__list__item__rating\">\n          <div class=\"n2r__rating\">\n            <div class=\"n2r__rating__complete\" style=\"width:0%\"><\/div>\n          <\/div>\n        <\/div>\n          <\/div>\n    <div class=\"n2r__list__item__features\">\n      <div class=\"n2r__list__item__feature n2r__list__item__feature--rooms\" title=\"2 chambres \u00e0 coucher\"><i class=\"n2r_room\"><\/i> 2<\/div><div class=\"n2r__list__item__feature n2r__list__item__feature--capacity\" title=\"4 pax\"><i class=\"n2r_people\"><\/i> 4<\/div><div class=\"n2r__list__item__feature n2r__list__item__feature--terrace\" title=\"terrasse\"><i class=\"n2r_terrace\"><\/i> <\/div><div class=\"n2r__list__item__feature n2r__list__item__feature--parking\" title=\"Parking\"><i class=\"n2r_parking\"><\/i> <\/div><div class=\"n2r__list__item__feature n2r__list__item__feature--pool\" title=\"piscine\"><i class=\"n2r_swimming_pool\"><\/i> <\/div><div class=\"n2r__list__item__feature n2r__list__item__feature--air_conditioning\" title=\"Climatisation\"><i class=\"n2r_properties_equipment_air_conditioning\"><\/i> <\/div><div class=\"n2r__list__item__feature n2r__list__item__feature--pets\" title=\"Animaux domestiques autoris\u00e9s\"><i class=\"n2r_pets\"><\/i> <\/div>    <\/div>\n    <div class=\"n2r__list__item__description\">Grande maison mitoyenne avec piscine commune ouverte de juin \u00e0 septembre, situ\u00e9e \u00e0 quelques m\u00e8tres de la plage de Grifeu, \u00e0 Llan\u00e7\u00e0. Il est r\u00e9parti sur deux \u00e9tages (le troisi\u00e8me, \u00e0 usage priv\u00e9). Rez-de-chauss\u00e9e : dispose de deux chambres doubles, salle de bains et jardin. Premier \u00e9tage : salon-salle \u00e0 manger spacieux et tr\u00e8s lumineux, cuisine et terrasse donnant sur la piscine et un petit WC. Equip\u00e9 avec air conditionn\u00e9, e TV, four et lave-linge. Comprend un stationnement ext\u00e9rieur. Pour 4 personnes. HUTG-038272<\/div>\n    <div class=\"n2r__list__item__footer\">\n      <div class=\"n2r__list__item__price\"><span class=\"n2r__list__item__price__from\">D\u00e9s 546 \u20ac <small class=\"n2r__list__item__price__from__type\">\/  La semaine<\/small><\/span><\/div>    <\/div>\n  <\/div>\n  <a class=\"n2r__list__item__link\" href=\"https:\/\/www.companyturistic.com\/fr\/details-de-lhebergement\/louer-maison-mitoyenne-cabioni-4-llanca-22082\/\">Plus<\/a>\n  <\/div><div class=\"n2r__list__item n2r__clickable   \" data-id=\"27227\">\n    <div class=\"n2r__list__item__gallery n2r__slider\">\n    <div class=\"slide-item\"><img data-lazy=\"https:\/\/files.net2rent.com\/pfiles\/61\/27227\/625757-b2-o-m.jpg\" alt=\"R329 PORTO MARINA 109 Appartement Santa Margarita Roses\" title=\"R329 PORTO MARINA 109 Appartement Santa Margarita Roses\"><\/div><div class=\"slide-item\"><img data-lazy=\"https:\/\/files.net2rent.com\/pfiles\/61\/27227\/625761-MH-o-m.jpg\" alt=\"R329 PORTO MARINA 109 Appartement Santa Margarita Roses\" title=\"R329 PORTO MARINA 109 Appartement Santa Margarita Roses\"><\/div><div class=\"slide-item\"><img data-lazy=\"https:\/\/files.net2rent.com\/pfiles\/61\/27227\/625752-S6-o-m.jpg\" alt=\"R329 PORTO MARINA 109 Appartement Santa Margarita Roses\" title=\"R329 PORTO MARINA 109 Appartement Santa Margarita Roses\"><\/div><div class=\"slide-item\"><img data-lazy=\"https:\/\/files.net2rent.com\/pfiles\/61\/27227\/625753-Gt-o-m.jpg\" alt=\"R329 PORTO MARINA 109 Appartement Santa Margarita Roses\" title=\"R329 PORTO MARINA 109 Appartement Santa Margarita Roses\"><\/div><div class=\"slide-item\"><img data-lazy=\"https:\/\/files.net2rent.com\/pfiles\/61\/27227\/625754-wJ-o-m.jpg\" alt=\"R329 PORTO MARINA 109 Appartement Santa Margarita Roses\" title=\"R329 PORTO MARINA 109 Appartement Santa Margarita Roses\"><\/div><div class=\"slide-item\"><img data-lazy=\"https:\/\/files.net2rent.com\/pfiles\/61\/27227\/625755-e6-o-m.jpg\" alt=\"R329 PORTO MARINA 109 Appartement Santa Margarita Roses\" title=\"R329 PORTO MARINA 109 Appartement Santa Margarita Roses\"><\/div><div class=\"slide-item\"><img data-lazy=\"https:\/\/files.net2rent.com\/pfiles\/61\/27227\/625756-qt-o-m.jpg\" alt=\"R329 PORTO MARINA 109 Appartement Santa Margarita Roses\" title=\"R329 PORTO MARINA 109 Appartement Santa Margarita Roses\"><\/div><div class=\"slide-item\"><img data-lazy=\"https:\/\/files.net2rent.com\/pfiles\/61\/27227\/625758-cS-o-m.jpg\" alt=\"R329 PORTO MARINA 109 Appartement Santa Margarita Roses\" title=\"R329 PORTO MARINA 109 Appartement Santa Margarita Roses\"><\/div><div class=\"slide-item\"><img data-lazy=\"https:\/\/files.net2rent.com\/pfiles\/61\/27227\/625759-XA-o-m.jpg\" alt=\"R329 PORTO MARINA 109 Appartement Santa Margarita Roses\" title=\"R329 PORTO MARINA 109 Appartement Santa Margarita Roses\"><\/div><div class=\"slide-item\"><img data-lazy=\"https:\/\/files.net2rent.com\/pfiles\/61\/27227\/625760-X6-o-m.jpg\" alt=\"R329 PORTO MARINA 109 Appartement Santa Margarita Roses\" title=\"R329 PORTO MARINA 109 Appartement Santa Margarita Roses\"><\/div><div class=\"slide-item\"><img data-lazy=\"https:\/\/files.net2rent.com\/pfiles\/61\/27227\/626664-NN-o-m.jpg\" alt=\"R329 PORTO MARINA 109 Appartement Santa Margarita Roses\" title=\"R329 PORTO MARINA 109 Appartement Santa Margarita Roses\"><\/div><div class=\"slide-item\"><img data-lazy=\"https:\/\/files.net2rent.com\/pfiles\/61\/27227\/626644-XN-o-m.jpg\" alt=\"R329 PORTO MARINA 109 Appartement Santa Margarita Roses\" title=\"R329 PORTO MARINA 109 Appartement Santa Margarita Roses\"><\/div><div class=\"slide-item\"><img data-lazy=\"https:\/\/files.net2rent.com\/pfiles\/61\/27227\/626642-No-o-m.jpg\" alt=\"R329 PORTO MARINA 109 Appartement Santa Margarita Roses\" title=\"R329 PORTO MARINA 109 Appartement Santa Margarita Roses\"><\/div><div class=\"slide-item\"><img data-lazy=\"https:\/\/files.net2rent.com\/pfiles\/61\/27227\/626652-Z8-o-m.jpg\" alt=\"R329 PORTO MARINA 109 Appartement Santa Margarita Roses\" title=\"R329 PORTO MARINA 109 Appartement Santa Margarita Roses\"><\/div><div class=\"slide-item\"><img data-lazy=\"https:\/\/files.net2rent.com\/pfiles\/61\/27227\/626658-S3-o-m.jpg\" alt=\"R329 PORTO MARINA 109 Appartement Santa Margarita Roses\" title=\"R329 PORTO MARINA 109 Appartement Santa Margarita Roses\"><\/div><div class=\"slide-item\"><img data-lazy=\"https:\/\/files.net2rent.com\/pfiles\/61\/27227\/626659-Pi-o-m.jpg\" alt=\"R329 PORTO MARINA 109 Appartement Santa Margarita Roses\" title=\"R329 PORTO MARINA 109 Appartement Santa Margarita Roses\"><\/div><div class=\"slide-item\"><img data-lazy=\"https:\/\/files.net2rent.com\/pfiles\/61\/27227\/626656-ck-o-m.jpg\" alt=\"R329 PORTO MARINA 109 Appartement Santa Margarita Roses\" title=\"R329 PORTO MARINA 109 Appartement Santa Margarita Roses\"><\/div><div class=\"slide-item\"><img data-lazy=\"https:\/\/files.net2rent.com\/pfiles\/61\/27227\/626661-u4-o-m.jpg\" alt=\"R329 PORTO MARINA 109 Appartement Santa Margarita Roses\" title=\"R329 PORTO MARINA 109 Appartement Santa Margarita Roses\"><\/div><div class=\"slide-item\"><img data-lazy=\"https:\/\/files.net2rent.com\/pfiles\/61\/27227\/626648-vX-o-m.jpg\" alt=\"R329 PORTO MARINA 109 Appartement Santa Margarita Roses\" title=\"R329 PORTO MARINA 109 Appartement Santa Margarita Roses\"><\/div><div class=\"slide-item\"><img data-lazy=\"https:\/\/files.net2rent.com\/pfiles\/61\/27227\/626646-BI-o-m.jpg\" alt=\"R329 PORTO MARINA 109 Appartement Santa Margarita Roses\" title=\"R329 PORTO MARINA 109 Appartement Santa Margarita Roses\"><\/div><div class=\"slide-item\"><img data-lazy=\"https:\/\/files.net2rent.com\/pfiles\/61\/27227\/626647-e1-o-m.jpg\" alt=\"R329 PORTO MARINA 109 Appartement Santa Margarita Roses\" title=\"R329 PORTO MARINA 109 Appartement Santa Margarita Roses\"><\/div><div class=\"slide-item\"><img data-lazy=\"https:\/\/files.net2rent.com\/pfiles\/61\/27227\/626649-IU-o-m.jpg\" alt=\"R329 PORTO MARINA 109 Appartement Santa Margarita Roses\" title=\"R329 PORTO MARINA 109 Appartement Santa Margarita Roses\"><\/div><div class=\"slide-item\"><img data-lazy=\"https:\/\/files.net2rent.com\/pfiles\/61\/27227\/626654-f4-o-m.jpg\" alt=\"R329 PORTO MARINA 109 Appartement Santa Margarita Roses\" title=\"R329 PORTO MARINA 109 Appartement Santa Margarita Roses\"><\/div><div class=\"slide-item\"><img data-lazy=\"https:\/\/files.net2rent.com\/pfiles\/61\/27227\/626643-dK-o-m.jpg\" alt=\"R329 PORTO MARINA 109 Appartement Santa Margarita Roses\" title=\"R329 PORTO MARINA 109 Appartement Santa Margarita Roses\"><\/div><div class=\"slide-item\"><img data-lazy=\"https:\/\/files.net2rent.com\/pfiles\/61\/27227\/626650-8p-o-m.jpg\" alt=\"R329 PORTO MARINA 109 Appartement Santa Margarita Roses\" title=\"R329 PORTO MARINA 109 Appartement Santa Margarita Roses\"><\/div>  <\/div>\n\n  <div class=\"n2r__list__item__info\">\n    <div class=\"n2r__list__item__title\">\n      <h2 class=\"n2r__list__item__name\">\n        <a href=\"https:\/\/www.companyturistic.com\/fr\/details-de-lhebergement\/louer-appartement-porto-marina-109-roses-27227\/\">PORTO MARINA 109 - Tr\u00e8s bel appartement situ\u00e9 \u00e0 Santa Margarita<\/a>\n      <\/h2>\n          <\/div>\n    <div class=\"n2r__list__item__title\">\n      <div class=\"n2r__list__item__reference\">Ref: R329<\/div>\n      <div class=\"n2r__list__item__turisticreference\">HUTG-072458-00<\/div>      <div class=\"n2r__list__item__city\">Roses<\/div>\n              <div class=\"n2r__list__item__rating\">\n          <div class=\"n2r__rating\">\n            <div class=\"n2r__rating__complete\" style=\"width:0%\"><\/div>\n          <\/div>\n        <\/div>\n          <\/div>\n    <div class=\"n2r__list__item__features\">\n      <div class=\"n2r__list__item__feature n2r__list__item__feature--rooms\" title=\"1 chambres \u00e0 coucher\"><i class=\"n2r_room\"><\/i> 1<\/div><div class=\"n2r__list__item__feature n2r__list__item__feature--capacity\" title=\"4 pax\"><i class=\"n2r_people\"><\/i> 4<\/div><div class=\"n2r__list__item__feature n2r__list__item__feature--terrace\" title=\"terrasse\"><i class=\"n2r_terrace\"><\/i> <\/div><div class=\"n2r__list__item__feature n2r__list__item__feature--parking\" title=\"Parking\"><i class=\"n2r_parking\"><\/i> <\/div><div class=\"n2r__list__item__feature n2r__list__item__feature--sea_distance\" title=\"Distance \u00e0 la plage\"><i class=\"n2r_sea_distance\"><\/i> 1.2km<\/div><div class=\"n2r__list__item__feature n2r__list__item__feature--pool\" title=\"piscine\"><i class=\"n2r_swimming_pool\"><\/i> <\/div><div class=\"n2r__list__item__feature n2r__list__item__feature--air_conditioning\" title=\"Climatisation\"><i class=\"n2r_properties_equipment_air_conditioning\"><\/i> <\/div>    <\/div>\n    <div class=\"n2r__list__item__description\">Tr\u00e8s bel appartement situ\u00e9 \u00e0 Santa Margarita (Roses), \u00e0 1,2 km de la plage et \u00e0 700 m du centre de Santa Margarita, o\u00f9 vous trouverez tous les bars, restaurants et commerces. Il comprend une chambre avec un lit double, un s\u00e9jour\/salle \u00e0 manger avec canap\u00e9-lit, une cuisine ouverte, une salle de bains et une grande terrasse donnant sur la piscine commune. Place de parking en garage souterrain. \u00c9quip\u00e9 d&#039;un four, d&#039;un micro-ondes, d&#039;un lave-linge et d&#039;une t\u00e9l\u00e9vision. Supermarch\u00e9s Mercadona et Lidl \u00e0 proximit\u00e9. Id\u00e9al pour les couples avec enfants gr\u00e2ce \u00e0 son environnement calme et \u00e0 l&#039;acc\u00e8s privil\u00e9gi\u00e9 \u00e0 la piscine. HUTG-072458<\/div>\n    <div class=\"n2r__list__item__footer\">\n      <div class=\"n2r__list__item__price\"><span class=\"n2r__list__item__price__from\">D\u00e9s 520 \u20ac <small class=\"n2r__list__item__price__from__type\">\/  La semaine<\/small><\/span><\/div>    <\/div>\n  <\/div>\n  <a class=\"n2r__list__item__link\" href=\"https:\/\/www.companyturistic.com\/fr\/details-de-lhebergement\/louer-appartement-porto-marina-109-roses-27227\/\">Plus<\/a>\n  <\/div><div class=\"n2r__list__item n2r__clickable   n2r__safeandclean\" data-id=\"14750\">\n    <div class=\"n2r__list__item__gallery n2r__slider\">\n    <div class=\"slide-item\"><img data-lazy=\"https:\/\/files.net2rent.com\/pfiles\/61\/14750\/270937-xb-o-m.jpg\" alt=\"R276 LA BOCANA Maison jumel\u00e9e Santa Margarita Roses\" title=\"R276 LA BOCANA Maison jumel\u00e9e Santa Margarita Roses\"><\/div><div class=\"slide-item\"><img data-lazy=\"https:\/\/files.net2rent.com\/pfiles\/61\/14750\/542772-E5-o-m.jpg\" alt=\"R276 LA BOCANA Maison jumel\u00e9e Santa Margarita Roses\" title=\"R276 LA BOCANA Maison jumel\u00e9e Santa Margarita Roses\"><\/div><div class=\"slide-item\"><img data-lazy=\"https:\/\/files.net2rent.com\/pfiles\/61\/14750\/542774-V8-o-m.jpg\" alt=\"R276 LA BOCANA Maison jumel\u00e9e Santa Margarita Roses\" title=\"R276 LA BOCANA Maison jumel\u00e9e Santa Margarita Roses\"><\/div><div class=\"slide-item\"><img data-lazy=\"https:\/\/files.net2rent.com\/pfiles\/61\/14750\/542775-yj-o-m.jpg\" alt=\"R276 LA BOCANA Maison jumel\u00e9e Santa Margarita Roses\" title=\"R276 LA BOCANA Maison jumel\u00e9e Santa Margarita Roses\"><\/div><div class=\"slide-item\"><img data-lazy=\"https:\/\/files.net2rent.com\/pfiles\/61\/14750\/542773-75-o-m.jpg\" alt=\"R276 LA BOCANA Maison jumel\u00e9e Santa Margarita Roses\" title=\"R276 LA BOCANA Maison jumel\u00e9e Santa Margarita Roses\"><\/div><div class=\"slide-item\"><img data-lazy=\"https:\/\/files.net2rent.com\/pfiles\/61\/14750\/542776-Ql-o-m.jpg\" alt=\"R276 LA BOCANA Maison jumel\u00e9e Santa Margarita Roses\" title=\"R276 LA BOCANA Maison jumel\u00e9e Santa Margarita Roses\"><\/div><div class=\"slide-item\"><img data-lazy=\"https:\/\/files.net2rent.com\/pfiles\/61\/14750\/542778-C1-o-m.jpg\" alt=\"R276 LA BOCANA Maison jumel\u00e9e Santa Margarita Roses\" title=\"R276 LA BOCANA Maison jumel\u00e9e Santa Margarita Roses\"><\/div><div class=\"slide-item\"><img data-lazy=\"https:\/\/files.net2rent.com\/pfiles\/61\/14750\/542779-pw-o-m.jpg\" alt=\"R276 LA BOCANA Maison jumel\u00e9e Santa Margarita Roses\" title=\"R276 LA BOCANA Maison jumel\u00e9e Santa Margarita Roses\"><\/div><div class=\"slide-item\"><img data-lazy=\"https:\/\/files.net2rent.com\/pfiles\/61\/14750\/542780-uS-o-m.jpg\" alt=\"R276 LA BOCANA Maison jumel\u00e9e Santa Margarita Roses\" title=\"R276 LA BOCANA Maison jumel\u00e9e Santa Margarita Roses\"><\/div><div class=\"slide-item\"><img data-lazy=\"https:\/\/files.net2rent.com\/pfiles\/61\/14750\/542777-e8-o-m.jpg\" alt=\"R276 LA BOCANA Maison jumel\u00e9e Santa Margarita Roses\" title=\"R276 LA BOCANA Maison jumel\u00e9e Santa Margarita Roses\"><\/div><div class=\"slide-item\"><img data-lazy=\"https:\/\/files.net2rent.com\/pfiles\/61\/14750\/542790-Jm-o-m.jpg\" alt=\"R276 LA BOCANA Maison jumel\u00e9e Santa Margarita Roses\" title=\"R276 LA BOCANA Maison jumel\u00e9e Santa Margarita Roses\"><\/div><div class=\"slide-item\"><img data-lazy=\"https:\/\/files.net2rent.com\/pfiles\/61\/14750\/270922-zf-o-m.jpg\" alt=\"R276 LA BOCANA Maison jumel\u00e9e Santa Margarita Roses\" title=\"R276 LA BOCANA Maison jumel\u00e9e Santa Margarita Roses\"><\/div><div class=\"slide-item\"><img data-lazy=\"https:\/\/files.net2rent.com\/pfiles\/61\/14750\/270923-sb-o-m.jpg\" alt=\"R276 LA BOCANA Maison jumel\u00e9e Santa Margarita Roses\" title=\"R276 LA BOCANA Maison jumel\u00e9e Santa Margarita Roses\"><\/div><div class=\"slide-item\"><img data-lazy=\"https:\/\/files.net2rent.com\/pfiles\/61\/14750\/270924-0Q-o-m.jpg\" alt=\"R276 LA BOCANA Maison jumel\u00e9e Santa Margarita Roses\" title=\"R276 LA BOCANA Maison jumel\u00e9e Santa Margarita Roses\"><\/div><div class=\"slide-item\"><img data-lazy=\"https:\/\/files.net2rent.com\/pfiles\/61\/14750\/542792-TC-o-m.jpg\" alt=\"R276 LA BOCANA Maison jumel\u00e9e Santa Margarita Roses\" title=\"R276 LA BOCANA Maison jumel\u00e9e Santa Margarita Roses\"><\/div><div class=\"slide-item\"><img data-lazy=\"https:\/\/files.net2rent.com\/pfiles\/61\/14750\/542793-fg-o-m.jpg\" alt=\"R276 LA BOCANA Maison jumel\u00e9e Santa Margarita Roses\" title=\"R276 LA BOCANA Maison jumel\u00e9e Santa Margarita Roses\"><\/div><div class=\"slide-item\"><img data-lazy=\"https:\/\/files.net2rent.com\/pfiles\/61\/14750\/542795-hC-o-m.jpg\" alt=\"R276 LA BOCANA Maison jumel\u00e9e Santa Margarita Roses\" title=\"R276 LA BOCANA Maison jumel\u00e9e Santa Margarita Roses\"><\/div><div class=\"slide-item\"><img data-lazy=\"https:\/\/files.net2rent.com\/pfiles\/61\/14750\/270930-WI-o-m.jpg\" alt=\"R276 LA BOCANA Maison jumel\u00e9e Santa Margarita Roses\" title=\"R276 LA BOCANA Maison jumel\u00e9e Santa Margarita Roses\"><\/div><div class=\"slide-item\"><img data-lazy=\"https:\/\/files.net2rent.com\/pfiles\/61\/14750\/270933-8V-o-m.jpg\" alt=\"R276 LA BOCANA Maison jumel\u00e9e Santa Margarita Roses\" title=\"R276 LA BOCANA Maison jumel\u00e9e Santa Margarita Roses\"><\/div><div class=\"slide-item\"><img data-lazy=\"https:\/\/files.net2rent.com\/pfiles\/61\/14750\/270936-Nj-o-m.jpg\" alt=\"R276 LA BOCANA Maison jumel\u00e9e Santa Margarita Roses\" title=\"R276 LA BOCANA Maison jumel\u00e9e Santa Margarita Roses\"><\/div><div class=\"slide-item\"><img data-lazy=\"https:\/\/files.net2rent.com\/pfiles\/61\/14750\/270938-Mr-o-m.jpg\" alt=\"R276 LA BOCANA Maison jumel\u00e9e Santa Margarita Roses\" title=\"R276 LA BOCANA Maison jumel\u00e9e Santa Margarita Roses\"><\/div><div class=\"slide-item\"><img data-lazy=\"https:\/\/files.net2rent.com\/pfiles\/61\/14750\/542782-Pj-o-m.jpg\" alt=\"R276 LA BOCANA Maison jumel\u00e9e Santa Margarita Roses\" title=\"R276 LA BOCANA Maison jumel\u00e9e Santa Margarita Roses\"><\/div><div class=\"slide-item\"><img data-lazy=\"https:\/\/files.net2rent.com\/pfiles\/61\/14750\/542784-TE-o-m.jpg\" alt=\"R276 LA BOCANA Maison jumel\u00e9e Santa Margarita Roses\" title=\"R276 LA BOCANA Maison jumel\u00e9e Santa Margarita Roses\"><\/div><div class=\"slide-item\"><img data-lazy=\"https:\/\/files.net2rent.com\/pfiles\/61\/14750\/542785-0X-o-m.jpg\" alt=\"R276 LA BOCANA Maison jumel\u00e9e Santa Margarita Roses\" title=\"R276 LA BOCANA Maison jumel\u00e9e Santa Margarita Roses\"><\/div><div class=\"slide-item\"><img data-lazy=\"https:\/\/files.net2rent.com\/pfiles\/61\/14750\/542786-c6-o-m.jpg\" alt=\"R276 LA BOCANA Maison jumel\u00e9e Santa Margarita Roses\" title=\"R276 LA BOCANA Maison jumel\u00e9e Santa Margarita Roses\"><\/div><div class=\"slide-item\"><img data-lazy=\"https:\/\/files.net2rent.com\/pfiles\/61\/14750\/542787-GK-o-m.jpg\" alt=\"R276 LA BOCANA Maison jumel\u00e9e Santa Margarita Roses\" title=\"R276 LA BOCANA Maison jumel\u00e9e Santa Margarita Roses\"><\/div>  <\/div>\n\n  <div class=\"n2r__list__item__info\">\n    <div class=\"n2r__list__item__title\">\n      <h2 class=\"n2r__list__item__name\">\n        <a href=\"https:\/\/www.companyturistic.com\/fr\/details-de-lhebergement\/louer-maison-mitoyenne-la-bocana-roses-14750\/\">LA BOCANA -Maison mitoyenne sur le canal de Santa Margarita (Roses).<\/a>\n      <\/h2>\n          <\/div>\n    <div class=\"n2r__list__item__title\">\n      <div class=\"n2r__list__item__reference\">Ref: R276<\/div>\n      <div class=\"n2r__list__item__turisticreference\">HUTG-055294-63<\/div>      <div class=\"n2r__list__item__city\">Roses<\/div>\n              <div class=\"n2r__list__item__rating\">\n          <div class=\"n2r__rating\">\n            <div class=\"n2r__rating__complete\" style=\"width:0%\"><\/div>\n          <\/div>\n        <\/div>\n          <\/div>\n    <div class=\"n2r__list__item__features\">\n      <div class=\"n2r__list__item__feature n2r__list__item__feature--rooms\" title=\"2 chambres \u00e0 coucher\"><i class=\"n2r_room\"><\/i> 2<\/div><div class=\"n2r__list__item__feature n2r__list__item__feature--capacity\" title=\"4 pax\"><i class=\"n2r_people\"><\/i> 4<\/div><div class=\"n2r__list__item__feature n2r__list__item__feature--terrace\" title=\"terrasse\"><i class=\"n2r_terrace\"><\/i> <\/div><div class=\"n2r__list__item__feature n2r__list__item__feature--parking\" title=\"Parking\"><i class=\"n2r_parking\"><\/i> <\/div><div class=\"n2r__list__item__feature n2r__list__item__feature--sea_distance\" title=\"Distance \u00e0 la plage\"><i class=\"n2r_sea_distance\"><\/i> 500m<\/div><div class=\"n2r__list__item__feature n2r__list__item__feature--center_distance\" title=\"Distance au centre\"><i class=\"n2r_center_distance\"><\/i> 200m<\/div><div class=\"n2r__list__item__feature n2r__list__item__feature--air_conditioning\" title=\"Climatisation\"><i class=\"n2r_properties_equipment_air_conditioning\"><\/i> <\/div>    <\/div>\n    <div class=\"n2r__list__item__description\">Maison mitoyenne sur le canal de Santa Margarita (Roses). Elle se compose d&#039;un salon-salle \u00e0 manger avec acc\u00e8s \u00e0 la terrasse, d&#039;une cuisine, de deux chambres, une avec un lit double, l&#039;autre avec un lit gigogne (2 lits simples) et une salle de bain avec douche. \u00c9quip\u00e9e de: ventilateurs de plafond et climatisation dans toutes les pi\u00e8ces, lave-linge, micro-ondes, t\u00e9l\u00e9vision par satellite et place de parking ext\u00e9rieure priv\u00e9e. Cette maison est tr\u00e8s proche de la plage (seulement 500m \u00e0 pied), du centre de Santa Margarita (200m) et de la sortie du port.Id\u00e9ale pour des vacances en famille sur la Costa Brava. HUTG-055294-63<\/div>\n    <div class=\"n2r__list__item__footer\">\n      <div class=\"n2r__list__item__price\"><span class=\"n2r__list__item__price__from\">D\u00e9s 443 \u20ac <small class=\"n2r__list__item__price__from__type\">\/  La semaine<\/small><\/span><\/div>    <\/div>\n  <\/div>\n  <a class=\"n2r__list__item__link\" href=\"https:\/\/www.companyturistic.com\/fr\/details-de-lhebergement\/louer-maison-mitoyenne-la-bocana-roses-14750\/\">Plus<\/a>\n  <\/div><div class=\"n2r__list__item n2r__clickable   \" data-id=\"27039\">\n    <div class=\"n2r__list__item__gallery n2r__slider\">\n    <div class=\"slide-item\"><img data-lazy=\"https:\/\/files.net2rent.com\/pfiles\/61\/27039\/624985-2f-o-m.jpg\" alt=\"L134-01 MAS CAN PERE PAU Villa priv\u00e9e \/ Villa  PEDRET I MARZ\u00c0\" title=\"L134-01 MAS CAN PERE PAU Villa priv\u00e9e \/ Villa  PEDRET I MARZ\u00c0\"><\/div><div class=\"slide-item\"><img data-lazy=\"https:\/\/files.net2rent.com\/pfiles\/61\/27039\/624986-QG-o-m.jpg\" alt=\"L134-01 MAS CAN PERE PAU Villa priv\u00e9e \/ Villa  PEDRET I MARZ\u00c0\" title=\"L134-01 MAS CAN PERE PAU Villa priv\u00e9e \/ Villa  PEDRET I MARZ\u00c0\"><\/div><div class=\"slide-item\"><img data-lazy=\"https:\/\/files.net2rent.com\/pfiles\/61\/27039\/625043-Qh-o-m.jpg\" alt=\"L134-01 MAS CAN PERE PAU Villa priv\u00e9e \/ Villa  PEDRET I MARZ\u00c0\" title=\"L134-01 MAS CAN PERE PAU Villa priv\u00e9e \/ Villa  PEDRET I MARZ\u00c0\"><\/div><div class=\"slide-item\"><img data-lazy=\"https:\/\/files.net2rent.com\/pfiles\/61\/27039\/624990-j4-o-m.jpg\" alt=\"L134-01 MAS CAN PERE PAU Villa priv\u00e9e \/ Villa  PEDRET I MARZ\u00c0\" title=\"L134-01 MAS CAN PERE PAU Villa priv\u00e9e \/ Villa  PEDRET I MARZ\u00c0\"><\/div><div class=\"slide-item\"><img data-lazy=\"https:\/\/files.net2rent.com\/pfiles\/61\/27039\/624984-Ke-o-m.jpg\" alt=\"L134-01 MAS CAN PERE PAU Villa priv\u00e9e \/ Villa  PEDRET I MARZ\u00c0\" title=\"L134-01 MAS CAN PERE PAU Villa priv\u00e9e \/ Villa  PEDRET I MARZ\u00c0\"><\/div><div class=\"slide-item\"><img data-lazy=\"https:\/\/files.net2rent.com\/pfiles\/61\/27039\/624963-KY-o-m.jpg\" alt=\"L134-01 MAS CAN PERE PAU Villa priv\u00e9e \/ Villa  PEDRET I MARZ\u00c0\" title=\"L134-01 MAS CAN PERE PAU Villa priv\u00e9e \/ Villa  PEDRET I MARZ\u00c0\"><\/div><div class=\"slide-item\"><img data-lazy=\"https:\/\/files.net2rent.com\/pfiles\/61\/27039\/624965-ue-o-m.jpg\" alt=\"L134-01 MAS CAN PERE PAU Villa priv\u00e9e \/ Villa  PEDRET I MARZ\u00c0\" title=\"L134-01 MAS CAN PERE PAU Villa priv\u00e9e \/ Villa  PEDRET I MARZ\u00c0\"><\/div><div class=\"slide-item\"><img data-lazy=\"https:\/\/files.net2rent.com\/pfiles\/61\/27039\/624951-Gp-o-m.jpg\" alt=\"L134-01 MAS CAN PERE PAU Villa priv\u00e9e \/ Villa  PEDRET I MARZ\u00c0\" title=\"L134-01 MAS CAN PERE PAU Villa priv\u00e9e \/ Villa  PEDRET I MARZ\u00c0\"><\/div><div class=\"slide-item\"><img data-lazy=\"https:\/\/files.net2rent.com\/pfiles\/61\/27039\/624953-St-o-m.jpg\" alt=\"L134-01 MAS CAN PERE PAU Villa priv\u00e9e \/ Villa  PEDRET I MARZ\u00c0\" title=\"L134-01 MAS CAN PERE PAU Villa priv\u00e9e \/ Villa  PEDRET I MARZ\u00c0\"><\/div><div class=\"slide-item\"><img data-lazy=\"https:\/\/files.net2rent.com\/pfiles\/61\/27039\/624952-nz-o-m.jpg\" alt=\"L134-01 MAS CAN PERE PAU Villa priv\u00e9e \/ Villa  PEDRET I MARZ\u00c0\" title=\"L134-01 MAS CAN PERE PAU Villa priv\u00e9e \/ Villa  PEDRET I MARZ\u00c0\"><\/div><div class=\"slide-item\"><img data-lazy=\"https:\/\/files.net2rent.com\/pfiles\/61\/27039\/624950-aG-o-m.jpg\" alt=\"L134-01 MAS CAN PERE PAU Villa priv\u00e9e \/ Villa  PEDRET I MARZ\u00c0\" title=\"L134-01 MAS CAN PERE PAU Villa priv\u00e9e \/ Villa  PEDRET I MARZ\u00c0\"><\/div><div class=\"slide-item\"><img data-lazy=\"https:\/\/files.net2rent.com\/pfiles\/61\/27039\/624954-io-o-m.jpg\" alt=\"L134-01 MAS CAN PERE PAU Villa priv\u00e9e \/ Villa  PEDRET I MARZ\u00c0\" title=\"L134-01 MAS CAN PERE PAU Villa priv\u00e9e \/ Villa  PEDRET I MARZ\u00c0\"><\/div><div class=\"slide-item\"><img data-lazy=\"https:\/\/files.net2rent.com\/pfiles\/61\/27039\/624956-7e-o-m.jpg\" alt=\"L134-01 MAS CAN PERE PAU Villa priv\u00e9e \/ Villa  PEDRET I MARZ\u00c0\" title=\"L134-01 MAS CAN PERE PAU Villa priv\u00e9e \/ Villa  PEDRET I MARZ\u00c0\"><\/div><div class=\"slide-item\"><img data-lazy=\"https:\/\/files.net2rent.com\/pfiles\/61\/27039\/624961-vK-o-m.jpg\" alt=\"L134-01 MAS CAN PERE PAU Villa priv\u00e9e \/ Villa  PEDRET I MARZ\u00c0\" title=\"L134-01 MAS CAN PERE PAU Villa priv\u00e9e \/ Villa  PEDRET I MARZ\u00c0\"><\/div><div class=\"slide-item\"><img data-lazy=\"https:\/\/files.net2rent.com\/pfiles\/61\/27039\/624957-WT-o-m.jpg\" alt=\"L134-01 MAS CAN PERE PAU Villa priv\u00e9e \/ Villa  PEDRET I MARZ\u00c0\" title=\"L134-01 MAS CAN PERE PAU Villa priv\u00e9e \/ Villa  PEDRET I MARZ\u00c0\"><\/div><div class=\"slide-item\"><img data-lazy=\"https:\/\/files.net2rent.com\/pfiles\/61\/27039\/624955-Pt-o-m.jpg\" alt=\"L134-01 MAS CAN PERE PAU Villa priv\u00e9e \/ Villa  PEDRET I MARZ\u00c0\" title=\"L134-01 MAS CAN PERE PAU Villa priv\u00e9e \/ Villa  PEDRET I MARZ\u00c0\"><\/div><div class=\"slide-item\"><img data-lazy=\"https:\/\/files.net2rent.com\/pfiles\/61\/27039\/624958-Hz-o-m.jpg\" alt=\"L134-01 MAS CAN PERE PAU Villa priv\u00e9e \/ Villa  PEDRET I MARZ\u00c0\" title=\"L134-01 MAS CAN PERE PAU Villa priv\u00e9e \/ Villa  PEDRET I MARZ\u00c0\"><\/div><div class=\"slide-item\"><img data-lazy=\"https:\/\/files.net2rent.com\/pfiles\/61\/27039\/624959-Ye-o-m.jpg\" alt=\"L134-01 MAS CAN PERE PAU Villa priv\u00e9e \/ Villa  PEDRET I MARZ\u00c0\" title=\"L134-01 MAS CAN PERE PAU Villa priv\u00e9e \/ Villa  PEDRET I MARZ\u00c0\"><\/div><div class=\"slide-item\"><img data-lazy=\"https:\/\/files.net2rent.com\/pfiles\/61\/27039\/624960-mh-o-m.jpg\" alt=\"L134-01 MAS CAN PERE PAU Villa priv\u00e9e \/ Villa  PEDRET I MARZ\u00c0\" title=\"L134-01 MAS CAN PERE PAU Villa priv\u00e9e \/ Villa  PEDRET I MARZ\u00c0\"><\/div><div class=\"slide-item\"><img data-lazy=\"https:\/\/files.net2rent.com\/pfiles\/61\/27039\/624962-Ha-o-m.jpg\" alt=\"L134-01 MAS CAN PERE PAU Villa priv\u00e9e \/ Villa  PEDRET I MARZ\u00c0\" title=\"L134-01 MAS CAN PERE PAU Villa priv\u00e9e \/ Villa  PEDRET I MARZ\u00c0\"><\/div><div class=\"slide-item\"><img data-lazy=\"https:\/\/files.net2rent.com\/pfiles\/61\/27039\/624966-IC-o-m.jpg\" alt=\"L134-01 MAS CAN PERE PAU Villa priv\u00e9e \/ Villa  PEDRET I MARZ\u00c0\" title=\"L134-01 MAS CAN PERE PAU Villa priv\u00e9e \/ Villa  PEDRET I MARZ\u00c0\"><\/div><div class=\"slide-item\"><img data-lazy=\"https:\/\/files.net2rent.com\/pfiles\/61\/27039\/624967-8d-o-m.jpg\" alt=\"L134-01 MAS CAN PERE PAU Villa priv\u00e9e \/ Villa  PEDRET I MARZ\u00c0\" title=\"L134-01 MAS CAN PERE PAU Villa priv\u00e9e \/ Villa  PEDRET I MARZ\u00c0\"><\/div><div class=\"slide-item\"><img data-lazy=\"https:\/\/files.net2rent.com\/pfiles\/61\/27039\/624969-3s-o-m.jpg\" alt=\"L134-01 MAS CAN PERE PAU Villa priv\u00e9e \/ Villa  PEDRET I MARZ\u00c0\" title=\"L134-01 MAS CAN PERE PAU Villa priv\u00e9e \/ Villa  PEDRET I MARZ\u00c0\"><\/div><div class=\"slide-item\"><img data-lazy=\"https:\/\/files.net2rent.com\/pfiles\/61\/27039\/624977-5G-o-m.jpg\" alt=\"L134-01 MAS CAN PERE PAU Villa priv\u00e9e \/ Villa  PEDRET I MARZ\u00c0\" title=\"L134-01 MAS CAN PERE PAU Villa priv\u00e9e \/ Villa  PEDRET I MARZ\u00c0\"><\/div><div class=\"slide-item\"><img data-lazy=\"https:\/\/files.net2rent.com\/pfiles\/61\/27039\/624970-Py-o-m.jpg\" alt=\"L134-01 MAS CAN PERE PAU Villa priv\u00e9e \/ Villa  PEDRET I MARZ\u00c0\" title=\"L134-01 MAS CAN PERE PAU Villa priv\u00e9e \/ Villa  PEDRET I MARZ\u00c0\"><\/div><div class=\"slide-item\"><img data-lazy=\"https:\/\/files.net2rent.com\/pfiles\/61\/27039\/624971-cP-o-m.jpg\" alt=\"L134-01 MAS CAN PERE PAU Villa priv\u00e9e \/ Villa  PEDRET I MARZ\u00c0\" title=\"L134-01 MAS CAN PERE PAU Villa priv\u00e9e \/ Villa  PEDRET I MARZ\u00c0\"><\/div><div class=\"slide-item\"><img data-lazy=\"https:\/\/files.net2rent.com\/pfiles\/61\/27039\/624975-12-o-m.jpg\" alt=\"L134-01 MAS CAN PERE PAU Villa priv\u00e9e \/ Villa  PEDRET I MARZ\u00c0\" title=\"L134-01 MAS CAN PERE PAU Villa priv\u00e9e \/ Villa  PEDRET I MARZ\u00c0\"><\/div><div class=\"slide-item\"><img data-lazy=\"https:\/\/files.net2rent.com\/pfiles\/61\/27039\/624976-bK-o-m.jpg\" alt=\"L134-01 MAS CAN PERE PAU Villa priv\u00e9e \/ Villa  PEDRET I MARZ\u00c0\" title=\"L134-01 MAS CAN PERE PAU Villa priv\u00e9e \/ Villa  PEDRET I MARZ\u00c0\"><\/div><div class=\"slide-item\"><img data-lazy=\"https:\/\/files.net2rent.com\/pfiles\/61\/27039\/624981-fy-o-m.jpg\" alt=\"L134-01 MAS CAN PERE PAU Villa priv\u00e9e \/ Villa  PEDRET I MARZ\u00c0\" title=\"L134-01 MAS CAN PERE PAU Villa priv\u00e9e \/ Villa  PEDRET I MARZ\u00c0\"><\/div><div class=\"slide-item\"><img data-lazy=\"https:\/\/files.net2rent.com\/pfiles\/61\/27039\/624972-SA-o-m.jpg\" alt=\"L134-01 MAS CAN PERE PAU Villa priv\u00e9e \/ Villa  PEDRET I MARZ\u00c0\" title=\"L134-01 MAS CAN PERE PAU Villa priv\u00e9e \/ Villa  PEDRET I MARZ\u00c0\"><\/div><div class=\"slide-item\"><img data-lazy=\"https:\/\/files.net2rent.com\/pfiles\/61\/27039\/624982-zD-o-m.jpg\" alt=\"L134-01 MAS CAN PERE PAU Villa priv\u00e9e \/ Villa  PEDRET I MARZ\u00c0\" title=\"L134-01 MAS CAN PERE PAU Villa priv\u00e9e \/ Villa  PEDRET I MARZ\u00c0\"><\/div><div class=\"slide-item\"><img data-lazy=\"https:\/\/files.net2rent.com\/pfiles\/61\/27039\/624983-NN-o-m.jpg\" alt=\"L134-01 MAS CAN PERE PAU Villa priv\u00e9e \/ Villa  PEDRET I MARZ\u00c0\" title=\"L134-01 MAS CAN PERE PAU Villa priv\u00e9e \/ Villa  PEDRET I MARZ\u00c0\"><\/div><div class=\"slide-item\"><img data-lazy=\"https:\/\/files.net2rent.com\/pfiles\/61\/27039\/624973-M5-o-m.jpg\" alt=\"L134-01 MAS CAN PERE PAU Villa priv\u00e9e \/ Villa  PEDRET I MARZ\u00c0\" title=\"L134-01 MAS CAN PERE PAU Villa priv\u00e9e \/ Villa  PEDRET I MARZ\u00c0\"><\/div><div class=\"slide-item\"><img data-lazy=\"https:\/\/files.net2rent.com\/pfiles\/61\/27039\/624974-U9-o-m.jpg\" alt=\"L134-01 MAS CAN PERE PAU Villa priv\u00e9e \/ Villa  PEDRET I MARZ\u00c0\" title=\"L134-01 MAS CAN PERE PAU Villa priv\u00e9e \/ Villa  PEDRET I MARZ\u00c0\"><\/div><div class=\"slide-item\"><img data-lazy=\"https:\/\/files.net2rent.com\/pfiles\/61\/27039\/624978-Gs-o-m.jpg\" alt=\"L134-01 MAS CAN PERE PAU Villa priv\u00e9e \/ Villa  PEDRET I MARZ\u00c0\" title=\"L134-01 MAS CAN PERE PAU Villa priv\u00e9e \/ Villa  PEDRET I MARZ\u00c0\"><\/div><div class=\"slide-item\"><img data-lazy=\"https:\/\/files.net2rent.com\/pfiles\/61\/27039\/624979-jd-o-m.jpg\" alt=\"L134-01 MAS CAN PERE PAU Villa priv\u00e9e \/ Villa  PEDRET I MARZ\u00c0\" title=\"L134-01 MAS CAN PERE PAU Villa priv\u00e9e \/ Villa  PEDRET I MARZ\u00c0\"><\/div><div class=\"slide-item\"><img data-lazy=\"https:\/\/files.net2rent.com\/pfiles\/61\/27039\/624980-et-o-m.jpg\" alt=\"L134-01 MAS CAN PERE PAU Villa priv\u00e9e \/ Villa  PEDRET I MARZ\u00c0\" title=\"L134-01 MAS CAN PERE PAU Villa priv\u00e9e \/ Villa  PEDRET I MARZ\u00c0\"><\/div><div class=\"slide-item\"><img data-lazy=\"https:\/\/files.net2rent.com\/pfiles\/61\/27039\/624968-Vf-o-m.jpg\" alt=\"L134-01 MAS CAN PERE PAU Villa priv\u00e9e \/ Villa  PEDRET I MARZ\u00c0\" title=\"L134-01 MAS CAN PERE PAU Villa priv\u00e9e \/ Villa  PEDRET I MARZ\u00c0\"><\/div><div class=\"slide-item\"><img data-lazy=\"https:\/\/files.net2rent.com\/pfiles\/61\/27039\/624989-M6-o-m.jpg\" alt=\"L134-01 MAS CAN PERE PAU Villa priv\u00e9e \/ Villa  PEDRET I MARZ\u00c0\" title=\"L134-01 MAS CAN PERE PAU Villa priv\u00e9e \/ Villa  PEDRET I MARZ\u00c0\"><\/div>  <\/div>\n\n  <div class=\"n2r__list__item__info\">\n    <div class=\"n2r__list__item__title\">\n      <h2 class=\"n2r__list__item__name\">\n        <a href=\"https:\/\/www.companyturistic.com\/fr\/details-de-lhebergement\/louer-maison-rurale-mas-can-pere-pau-pedret-i-marza-27039\/\">MAS CAN PERE PAU - Ancienne maison catalane renou\u00e9e, situ\u00e9e \u00e0 la Costa Brava, \u00e0 quelques kilom\u00e8tres de Roses et de Llan\u00e7\u00e0 et de leurs plages.<\/a>\n      <\/h2>\n          <\/div>\n    <div class=\"n2r__list__item__title\">\n      <div class=\"n2r__list__item__reference\">Ref: L134-01<\/div>\n      <div class=\"n2r__list__item__turisticreference\">PG-000525-45<\/div>      <div class=\"n2r__list__item__city\">PEDRET I MARZ\u00c0<\/div>\n              <div class=\"n2r__list__item__rating\">\n          <div class=\"n2r__rating\">\n            <div class=\"n2r__rating__complete\" style=\"width:0%\"><\/div>\n          <\/div>\n        <\/div>\n          <\/div>\n    <div class=\"n2r__list__item__features\">\n      <div class=\"n2r__list__item__feature n2r__list__item__feature--rooms\" title=\"4 chambres \u00e0 coucher\"><i class=\"n2r_room\"><\/i> 4<\/div><div class=\"n2r__list__item__feature n2r__list__item__feature--capacity\" title=\"10 pax\"><i class=\"n2r_people\"><\/i> 10<\/div><div class=\"n2r__list__item__feature n2r__list__item__feature--terrace\" title=\"terrasse\"><i class=\"n2r_terrace\"><\/i> <\/div><div class=\"n2r__list__item__feature n2r__list__item__feature--parking\" title=\"Parking\"><i class=\"n2r_parking\"><\/i> <\/div><div class=\"n2r__list__item__feature n2r__list__item__feature--sea_distance\" title=\"Distance \u00e0 la plage\"><i class=\"n2r_sea_distance\"><\/i> 14000<\/div><div class=\"n2r__list__item__feature n2r__list__item__feature--center_distance\" title=\"Distance au centre\"><i class=\"n2r_center_distance\"><\/i> 14000<\/div><div class=\"n2r__list__item__feature n2r__list__item__feature--pool\" title=\"piscine\"><i class=\"n2r_swimming_pool\"><\/i> <\/div><div class=\"n2r__list__item__feature n2r__list__item__feature--wifi\" title=\"WIFI\"><i class=\"n2r_properties_equipment_wifi\"><\/i> <\/div>    <\/div>\n    <div class=\"n2r__list__item__description\">Ancienne maison catalane renou\u00e9e, situ\u00e9e \u00e0 la Costa Brava, \u00e0 quelques kilom\u00e8tres de Roses et de Llan\u00e7\u00e0 et de leurs plages. Environnement tr\u00e8s calme, id\u00e9al pour les familles souhaitant passer des vacances entour\u00e9es de nature dans une maison spacieuse de plus de 250 m\u00b2. Elle fait partie d\u2019un domaine agricole et d\u2019\u00e9levage o\u00f9 se trouvent d\u2019autres habitations. Entour\u00e9e de jardin et de champs. La piscine est partag\u00e9e avec les propri\u00e9taires, qui peuvent en faire un usage occasionnel.\r\nLa maison est distribu\u00e9e sur deux niveaux.Rez-de-chauss\u00e9e : grand hall d\u2019entr\u00e9e avec salon et une vaste cuisine-salle \u00e0 manger de 40 m\u00b2 enti\u00e8rement \u00e9quip\u00e9e. Acc\u00e8s au jardin avec terrasse am\u00e9nag\u00e9e avec table, bancs et pergola, ainsi qu\u2019une magnifique piscine. Espace barbecue. \u00c0 ce niveau se trouve \u00e9galement une salle de bains avec douche.\r\n\u00c0 l\u2019\u00e9tage, la maison dispose d\u2019un salon avec t\u00e9l\u00e9vision, d\u2019une mezzanine avec un lit d\u2019appoint et de 4 chambres (3 doubles et une quadruple), ainsi que de 2 salles de bains (l\u2019une avec baignoire et l\u2019autre avec douche). Terrasse \u00e9quip\u00e9e d&#039;un s\u00e8che-linge.\r\nSa situation est id\u00e9ale pour la randonn\u00e9e, le cyclisme, les sports nautiques ou l\u2019enotourisme, car elle se trouve entre le Parc naturel du Cap de Creus, le Parc naturel des Aiguamolls de l\u2019Empord\u00e0 et la cha\u00eene de l\u2019Albera, en plein c\u0153ur de la route de la DO Empord\u00e0, o\u00f9 vous pourrez visiter diff\u00e9rentes caves. Elle se situe \u00e9galement \u00e0 seulement 15 km de Figueres, o\u00f9 se trouve le mus\u00e9e Dal\u00ed, \u00e0 7 km de Castell\u00f3 d\u2019Emp\u00faries et de son centre m\u00e9di\u00e9val, \u00e0 10 km de Peralada (caves, ch\u00e2teau-casino), \u00e0 25 km du pittoresque village de Cadaqu\u00e9s et \u00e0 40 km de G\u00e9rone.\r\nLicense tourisme rural: PG-000525-45<\/div>\n    <div class=\"n2r__list__item__footer\">\n      <div class=\"n2r__list__item__price\"><span class=\"n2r__list__item__price__from\">D\u00e9s 1.500 \u20ac <small class=\"n2r__list__item__price__from__type\">\/  La semaine<\/small><\/span><\/div>    <\/div>\n  <\/div>\n  <a class=\"n2r__list__item__link\" href=\"https:\/\/www.companyturistic.com\/fr\/details-de-lhebergement\/louer-maison-rurale-mas-can-pere-pau-pedret-i-marza-27039\/\">Plus<\/a>\n  <\/div><div class=\"n2r__list__item n2r__clickable   \" data-id=\"4032\">\n    <div class=\"n2r__list__item__gallery n2r__slider\">\n    <div class=\"slide-item\"><img data-lazy=\"https:\/\/files.net2rent.com\/pfiles\/61\/4032\/198887-tO-o-m.jpg\" alt=\"L101 CASA FENOLLEDA Villa priv\u00e9e Cap de Ras Llan\u00e7\u00e0\" title=\"L101 CASA FENOLLEDA Villa priv\u00e9e Cap de Ras Llan\u00e7\u00e0\"><\/div><div class=\"slide-item\"><img data-lazy=\"https:\/\/files.net2rent.com\/pfiles\/61\/4032\/198888-bZ-o-m.jpg\" alt=\"L101 CASA FENOLLEDA Villa priv\u00e9e Cap de Ras Llan\u00e7\u00e0\" title=\"L101 CASA FENOLLEDA Villa priv\u00e9e Cap de Ras Llan\u00e7\u00e0\"><\/div><div class=\"slide-item\"><img data-lazy=\"https:\/\/files.net2rent.com\/pfiles\/61\/4032\/198889-zk-o-m.jpg\" alt=\"L101 CASA FENOLLEDA Villa priv\u00e9e Cap de Ras Llan\u00e7\u00e0\" title=\"L101 CASA FENOLLEDA Villa priv\u00e9e Cap de Ras Llan\u00e7\u00e0\"><\/div><div class=\"slide-item\"><img data-lazy=\"https:\/\/files.net2rent.com\/pfiles\/61\/4032\/198890-Bm-o-m.jpg\" alt=\"L101 CASA FENOLLEDA Villa priv\u00e9e Cap de Ras Llan\u00e7\u00e0\" title=\"L101 CASA FENOLLEDA Villa priv\u00e9e Cap de Ras Llan\u00e7\u00e0\"><\/div><div class=\"slide-item\"><img data-lazy=\"https:\/\/files.net2rent.com\/pfiles\/61\/4032\/198891-BN-o-m.jpg\" alt=\"L101 CASA FENOLLEDA Villa priv\u00e9e Cap de Ras Llan\u00e7\u00e0\" title=\"L101 CASA FENOLLEDA Villa priv\u00e9e Cap de Ras Llan\u00e7\u00e0\"><\/div><div class=\"slide-item\"><img data-lazy=\"https:\/\/files.net2rent.com\/pfiles\/61\/4032\/198892-0X-o-m.jpg\" alt=\"L101 CASA FENOLLEDA Villa priv\u00e9e Cap de Ras Llan\u00e7\u00e0\" title=\"L101 CASA FENOLLEDA Villa priv\u00e9e Cap de Ras Llan\u00e7\u00e0\"><\/div><div class=\"slide-item\"><img data-lazy=\"https:\/\/files.net2rent.com\/pfiles\/61\/4032\/198893-Ep-o-m.jpg\" alt=\"L101 CASA FENOLLEDA Villa priv\u00e9e Cap de Ras Llan\u00e7\u00e0\" title=\"L101 CASA FENOLLEDA Villa priv\u00e9e Cap de Ras Llan\u00e7\u00e0\"><\/div><div class=\"slide-item\"><img data-lazy=\"https:\/\/files.net2rent.com\/pfiles\/61\/4032\/198894-2s-o-m.jpg\" alt=\"L101 CASA FENOLLEDA Villa priv\u00e9e Cap de Ras Llan\u00e7\u00e0\" title=\"L101 CASA FENOLLEDA Villa priv\u00e9e Cap de Ras Llan\u00e7\u00e0\"><\/div><div class=\"slide-item\"><img data-lazy=\"https:\/\/files.net2rent.com\/pfiles\/61\/4032\/198895-Fy-o-m.jpg\" alt=\"L101 CASA FENOLLEDA Villa priv\u00e9e Cap de Ras Llan\u00e7\u00e0\" title=\"L101 CASA FENOLLEDA Villa priv\u00e9e Cap de Ras Llan\u00e7\u00e0\"><\/div><div class=\"slide-item\"><img data-lazy=\"https:\/\/files.net2rent.com\/pfiles\/61\/4032\/198896-Tk-o-m.jpg\" alt=\"L101 CASA FENOLLEDA Villa priv\u00e9e Cap de Ras Llan\u00e7\u00e0\" title=\"L101 CASA FENOLLEDA Villa priv\u00e9e Cap de Ras Llan\u00e7\u00e0\"><\/div><div class=\"slide-item\"><img data-lazy=\"https:\/\/files.net2rent.com\/pfiles\/61\/4032\/198897-Md-o-m.jpg\" alt=\"L101 CASA FENOLLEDA Villa priv\u00e9e Cap de Ras Llan\u00e7\u00e0\" title=\"L101 CASA FENOLLEDA Villa priv\u00e9e Cap de Ras Llan\u00e7\u00e0\"><\/div><div class=\"slide-item\"><img data-lazy=\"https:\/\/files.net2rent.com\/pfiles\/61\/4032\/198898-hF-o-m.jpg\" alt=\"L101 CASA FENOLLEDA Villa priv\u00e9e Cap de Ras Llan\u00e7\u00e0\" title=\"L101 CASA FENOLLEDA Villa priv\u00e9e Cap de Ras Llan\u00e7\u00e0\"><\/div><div class=\"slide-item\"><img data-lazy=\"https:\/\/files.net2rent.com\/pfiles\/61\/4032\/198899-mh-o-m.jpg\" alt=\"L101 CASA FENOLLEDA Villa priv\u00e9e Cap de Ras Llan\u00e7\u00e0\" title=\"L101 CASA FENOLLEDA Villa priv\u00e9e Cap de Ras Llan\u00e7\u00e0\"><\/div><div class=\"slide-item\"><img data-lazy=\"https:\/\/files.net2rent.com\/pfiles\/61\/4032\/198900-Wx-o-m.jpg\" alt=\"L101 CASA FENOLLEDA Villa priv\u00e9e Cap de Ras Llan\u00e7\u00e0\" title=\"L101 CASA FENOLLEDA Villa priv\u00e9e Cap de Ras Llan\u00e7\u00e0\"><\/div><div class=\"slide-item\"><img data-lazy=\"https:\/\/files.net2rent.com\/pfiles\/61\/4032\/198901-22-o-m.jpg\" alt=\"L101 CASA FENOLLEDA Villa priv\u00e9e Cap de Ras Llan\u00e7\u00e0\" title=\"L101 CASA FENOLLEDA Villa priv\u00e9e Cap de Ras Llan\u00e7\u00e0\"><\/div><div class=\"slide-item\"><img data-lazy=\"https:\/\/files.net2rent.com\/pfiles\/61\/4032\/198902-Yq-o-m.jpg\" alt=\"L101 CASA FENOLLEDA Villa priv\u00e9e Cap de Ras Llan\u00e7\u00e0\" title=\"L101 CASA FENOLLEDA Villa priv\u00e9e Cap de Ras Llan\u00e7\u00e0\"><\/div><div class=\"slide-item\"><img data-lazy=\"https:\/\/files.net2rent.com\/pfiles\/61\/4032\/198903-Uc-o-m.jpg\" alt=\"L101 CASA FENOLLEDA Villa priv\u00e9e Cap de Ras Llan\u00e7\u00e0\" title=\"L101 CASA FENOLLEDA Villa priv\u00e9e Cap de Ras Llan\u00e7\u00e0\"><\/div><div class=\"slide-item\"><img data-lazy=\"https:\/\/files.net2rent.com\/pfiles\/61\/4032\/198904-lF-o-m.jpg\" alt=\"L101 CASA FENOLLEDA Villa priv\u00e9e Cap de Ras Llan\u00e7\u00e0\" title=\"L101 CASA FENOLLEDA Villa priv\u00e9e Cap de Ras Llan\u00e7\u00e0\"><\/div><div class=\"slide-item\"><img data-lazy=\"https:\/\/files.net2rent.com\/pfiles\/61\/4032\/198905-o8-o-m.jpg\" alt=\"L101 CASA FENOLLEDA Villa priv\u00e9e Cap de Ras Llan\u00e7\u00e0\" title=\"L101 CASA FENOLLEDA Villa priv\u00e9e Cap de Ras Llan\u00e7\u00e0\"><\/div>  <\/div>\n\n  <div class=\"n2r__list__item__info\">\n    <div class=\"n2r__list__item__title\">\n      <h2 class=\"n2r__list__item__name\">\n        <a href=\"https:\/\/www.companyturistic.com\/fr\/details-de-lhebergement\/louer-villa-casa-fenolleda-llanca-4032\/\">CASA FENOLLEDA - Maison avec vue panoramique sur la mer et Cap de Creus \u00e0 Llan\u00e7\u00e0<\/a>\n      <\/h2>\n          <\/div>\n    <div class=\"n2r__list__item__title\">\n      <div class=\"n2r__list__item__reference\">Ref: L101<\/div>\n      <div class=\"n2r__list__item__turisticreference\">HUTG-007852-52<\/div>      <div class=\"n2r__list__item__city\">Llan\u00e7\u00e0<\/div>\n              <div class=\"n2r__list__item__rating\">\n          <div class=\"n2r__rating\">\n            <div class=\"n2r__rating__complete\" style=\"width:80%\"><\/div>\n          <\/div>\n        <\/div>\n          <\/div>\n    <div class=\"n2r__list__item__features\">\n      <div class=\"n2r__list__item__feature n2r__list__item__feature--rooms\" title=\"2 chambres \u00e0 coucher\"><i class=\"n2r_room\"><\/i> 2<\/div><div class=\"n2r__list__item__feature n2r__list__item__feature--capacity\" title=\"5 pax\"><i class=\"n2r_people\"><\/i> 5<\/div><div class=\"n2r__list__item__feature n2r__list__item__feature--terrace\" title=\"terrasse\"><i class=\"n2r_terrace\"><\/i> <\/div><div class=\"n2r__list__item__feature n2r__list__item__feature--parking\" title=\"Parking\"><i class=\"n2r_parking\"><\/i> <\/div><div class=\"n2r__list__item__feature n2r__list__item__feature--pets\" title=\"Animaux domestiques autoris\u00e9s\"><i class=\"n2r_pets\"><\/i> <\/div>    <\/div>\n    <div class=\"n2r__list__item__description\">Maison ind\u00e9pendante simple avec vue panoramique sur la mer et sur le Cap de Creus. Situ\u00e9e dans un endroit tr\u00e8s calme \u00e0 Cap Ras, \u00e0 700m des petites plages et criques et \u00e0 3,5 km du centre de Llan\u00e7\u00e0. Compos\u00e9e de deux chambres \u00e0 coucher (une chambre double et une chambre triple), salle \u00e0 manger \u2013 s\u00e9jour, cuisine ind\u00e9pendante, salle de bains, lavabo, terrasse et jardin. Equip\u00e9e avec four,microonde, machine \u00e0 laver et TV satellite. Place de parking ext\u00e9rieure. Endroit naturel, tr\u00e8s pr\u00e8s des principales routes de randonn\u00e9e de l\u2019Albera. La maison est parfaite pour des personnes qui cherchent un endroit calme. HUTG-007852<\/div>\n    <div class=\"n2r__list__item__footer\">\n      <div class=\"n2r__list__item__price\"><span class=\"n2r__list__item__price__from\">D\u00e9s 483 \u20ac <small class=\"n2r__list__item__price__from__type\">\/  La semaine<\/small><\/span><\/div>    <\/div>\n  <\/div>\n  <a class=\"n2r__list__item__link\" href=\"https:\/\/www.companyturistic.com\/fr\/details-de-lhebergement\/louer-villa-casa-fenolleda-llanca-4032\/\">Plus<\/a>\n  <\/div>    <\/div>\n      <\/div>\n  <\/div><\/div>\n\t\t\t\t\t\t<\/div>\n\t\t\t\t\t<\/div>\n\t\t<\/div>\n\t\t\t\t\t<\/div>\n\t\t<\/section>\n\t\t\t\t<section class=\"elementor-section elementor-top-section elementor-element elementor-element-c0cfcf6 elementor-section-boxed elementor-section-height-default elementor-section-height-default\" data-id=\"c0cfcf6\" data-element_type=\"section\" data-e-type=\"section\" data-settings=\"{&quot;background_background&quot;:&quot;classic&quot;}\">\n\t\t\t\t\t\t\t<div class=\"elementor-background-overlay\"><\/div>\n\t\t\t\t\t\t\t<div class=\"elementor-container elementor-column-gap-default\">\n\t\t\t\t\t<div class=\"elementor-column elementor-col-100 elementor-top-column elementor-element elementor-element-71eea7b\" data-id=\"71eea7b\" data-element_type=\"column\" data-e-type=\"column\">\n\t\t\t<div class=\"elementor-widget-wrap elementor-element-populated\">\n\t\t\t\t\t\t<div class=\"elementor-element elementor-element-208c00a elementor-widget elementor-widget-heading\" data-id=\"208c00a\" data-element_type=\"widget\" data-e-type=\"widget\" data-widget_type=\"heading.default\">\n\t\t\t\t\t<h2 class=\"elementor-heading-title elementor-size-default\">Vous voulez louer votre propri\u00e9t\u00e9 ?<\/h2>\t\t\t\t<\/div>\n\t\t\t\t<div class=\"elementor-element elementor-element-6f39f39 elementor-widget elementor-widget-html\" data-id=\"6f39f39\" data-element_type=\"widget\" data-e-type=\"widget\" data-widget_type=\"html.default\">\n\t\t\t\t\t<script> \r\njQuery(document).ready(function($) { \r\nvar delay = 100; setTimeout(function() { \r\n$('.elementor-tab-title').removeClass('elementor-active');\r\n $('.elementor-tab-content').css('display', 'none'); }, delay); \r\n}); \r\n<\/script>\t\t\t\t<\/div>\n\t\t\t\t<div class=\"elementor-element elementor-element-d8ee6f3 elementor-widget elementor-widget-accordion\" data-id=\"d8ee6f3\" data-element_type=\"widget\" data-e-type=\"widget\" data-widget_type=\"accordion.default\">\n\t\t\t\t\t\t\t<div class=\"elementor-accordion\">\n\t\t\t\t\t\t\t<div class=\"elementor-accordion-item\">\n\t\t\t\t\t<div id=\"elementor-tab-title-2271\" class=\"elementor-tab-title\" data-tab=\"1\" role=\"button\" aria-controls=\"elementor-tab-content-2271\" aria-expanded=\"false\">\n\t\t\t\t\t\t\t\t\t\t\t\t\t<span class=\"elementor-accordion-icon elementor-accordion-icon-right\" aria-hidden=\"true\">\n\t\t\t\t\t\t\t\t\t\t\t\t\t\t\t<span class=\"elementor-accordion-icon-closed\"><svg class=\"e-font-icon-svg e-fas-chevron-down\" viewBox=\"0 0 448 512\" xmlns=\"http:\/\/www.w3.org\/2000\/svg\"><path d=\"M207.029 381.476L12.686 187.132c-9.373-9.373-9.373-24.569 0-33.941l22.667-22.667c9.357-9.357 24.522-9.375 33.901-.04L224 284.505l154.745-154.021c9.379-9.335 24.544-9.317 33.901.04l22.667 22.667c9.373 9.373 9.373 24.569 0 33.941L240.971 381.476c-9.373 9.372-24.569 9.372-33.942 0z\"><\/path><\/svg><\/span>\n\t\t\t\t\t\t\t\t<span class=\"elementor-accordion-icon-opened\"><svg class=\"e-font-icon-svg e-fas-chevron-up\" viewBox=\"0 0 448 512\" xmlns=\"http:\/\/www.w3.org\/2000\/svg\"><path d=\"M240.971 130.524l194.343 194.343c9.373 9.373 9.373 24.569 0 33.941l-22.667 22.667c-9.357 9.357-24.522 9.375-33.901.04L224 227.495 69.255 381.516c-9.379 9.335-24.544 9.317-33.901-.04l-22.667-22.667c-9.373-9.373-9.373-24.569 0-33.941L207.03 130.525c9.372-9.373 24.568-9.373 33.941-.001z\"><\/path><\/svg><\/span>\n\t\t\t\t\t\t\t\t\t\t\t\t\t\t<\/span>\n\t\t\t\t\t\t\t\t\t\t\t\t<a class=\"elementor-accordion-title\" tabindex=\"0\">Prenez contact avec nous<\/a>\n\t\t\t\t\t<\/div>\n\t\t\t\t\t<div id=\"elementor-tab-content-2271\" class=\"elementor-tab-content elementor-clearfix\" data-tab=\"1\" role=\"region\" aria-labelledby=\"elementor-tab-title-2271\">\t\t<div data-elementor-type=\"section\" data-elementor-id=\"485\" class=\"elementor elementor-485 elementor-161 elementor-161\" data-elementor-post-type=\"elementor_library\">\n\t\t\t\t\t<section class=\"elementor-section elementor-top-section elementor-element elementor-element-a77307c elementor-section-boxed elementor-section-height-default elementor-section-height-default\" data-id=\"a77307c\" data-element_type=\"section\" data-e-type=\"section\" data-settings=\"{&quot;background_background&quot;:&quot;classic&quot;}\">\n\t\t\t\t\t\t<div class=\"elementor-container elementor-column-gap-default\">\n\t\t\t\t\t<div class=\"elementor-column elementor-col-100 elementor-top-column elementor-element elementor-element-56848c6\" data-id=\"56848c6\" data-element_type=\"column\" data-e-type=\"column\">\n\t\t\t<div class=\"elementor-widget-wrap elementor-element-populated\">\n\t\t\t\t\t\t<div class=\"elementor-element elementor-element-0fb2c4c elementor-button-align-stretch elementor-widget elementor-widget-form\" data-id=\"0fb2c4c\" data-element_type=\"widget\" data-e-type=\"widget\" data-settings=\"{&quot;button_width&quot;:&quot;40&quot;,&quot;step_next_label&quot;:&quot;Prochain&quot;,&quot;step_previous_label&quot;:&quot;Pr\\u00e9c\\u00e9dent&quot;,&quot;step_type&quot;:&quot;number_text&quot;,&quot;step_icon_shape&quot;:&quot;circle&quot;}\" data-widget_type=\"form.default\">\n\t\t\t\t\t\t\t<form class=\"elementor-form\" method=\"post\" name=\"Nouveau formulaire\" aria-label=\"Nouveau formulaire\">\n\t\t\t<input type=\"hidden\" name=\"post_id\" value=\"485\"\/>\n\t\t\t<input type=\"hidden\" name=\"form_id\" value=\"0fb2c4c\"\/>\n\t\t\t<input type=\"hidden\" name=\"referer_title\" value=\"Company Turistic &#8211; Alquiler de apartamentos vacacionales en la Costa Brava\" \/>\n\n\t\t\t\n\t\t\t<div class=\"elementor-form-fields-wrapper elementor-labels-above\">\n\t\t\t\t\t\t\t\t<div class=\"elementor-field-type-text elementor-field-group elementor-column elementor-field-group-name elementor-col-50 elementor-field-required elementor-mark-required\">\n\t\t\t\t\t\t\t\t\t\t\t\t<label for=\"form-field-name\" class=\"elementor-field-label\">\n\t\t\t\t\t\t\t\tNom\t\t\t\t\t\t\t<\/label>\n\t\t\t\t\t\t\t\t\t\t\t\t\t\t<input size=\"1\" type=\"text\" name=\"form_fields[name]\" id=\"form-field-name\" class=\"elementor-field elementor-size-sm  elementor-field-textual\" placeholder=\"Nom\" required=\"required\">\n\t\t\t\t\t\t\t\t\t\t\t<\/div>\n\t\t\t\t\t\t\t\t<div class=\"elementor-field-type-email elementor-field-group elementor-column elementor-field-group-email elementor-col-50 elementor-field-required elementor-mark-required\">\n\t\t\t\t\t\t\t\t\t\t\t\t<label for=\"form-field-email\" class=\"elementor-field-label\">\n\t\t\t\t\t\t\t\tE-mail\t\t\t\t\t\t\t<\/label>\n\t\t\t\t\t\t\t\t\t\t\t\t\t\t<input size=\"1\" type=\"email\" name=\"form_fields[email]\" id=\"form-field-email\" class=\"elementor-field elementor-size-sm  elementor-field-textual\" placeholder=\"E-mail\" required=\"required\">\n\t\t\t\t\t\t\t\t\t\t\t<\/div>\n\t\t\t\t\t\t\t\t<div class=\"elementor-field-type-tel elementor-field-group elementor-column elementor-field-group-field_202544d elementor-col-50 elementor-field-required elementor-mark-required\">\n\t\t\t\t\t\t\t\t\t\t\t\t<label for=\"form-field-field_202544d\" class=\"elementor-field-label\">\n\t\t\t\t\t\t\t\tT\u00e9l\u00e8fon \t\t\t\t\t\t\t<\/label>\n\t\t\t\t\t\t\t\t<input size=\"1\" type=\"tel\" name=\"form_fields[field_202544d]\" id=\"form-field-field_202544d\" class=\"elementor-field elementor-size-sm  elementor-field-textual\" placeholder=\"T\u00e9l\u00e8fon \" required=\"required\" pattern=\"[0-9()#&amp;+*-=.]+\" title=\"Seuls les caract\u00e8res de num\u00e9ros de t\u00e9l\u00e9phone (#, -, *, etc.) sont accept\u00e9s.\">\n\n\t\t\t\t\t\t<\/div>\n\t\t\t\t\t\t\t\t<div class=\"elementor-field-type-text elementor-field-group elementor-column elementor-field-group-field_1756384 elementor-col-50 elementor-field-required elementor-mark-required\">\n\t\t\t\t\t\t\t\t\t\t\t\t<label for=\"form-field-field_1756384\" class=\"elementor-field-label\">\n\t\t\t\t\t\t\t\tVille \t\t\t\t\t\t\t<\/label>\n\t\t\t\t\t\t\t\t\t\t\t\t\t\t<input size=\"1\" type=\"text\" name=\"form_fields[field_1756384]\" id=\"form-field-field_1756384\" class=\"elementor-field elementor-size-sm  elementor-field-textual\" placeholder=\"Ville \" required=\"required\">\n\t\t\t\t\t\t\t\t\t\t\t<\/div>\n\t\t\t\t\t\t\t\t<div class=\"elementor-field-type-radio elementor-field-group elementor-column elementor-field-group-field_5f2953b elementor-col-50 elementor-field-required elementor-mark-required\">\n\t\t\t\t\t\t\t\t\t\t\t\t<label for=\"form-field-field_5f2953b\" class=\"elementor-field-label\">\n\t\t\t\t\t\t\t\tComment voulez-vous que nous vous contactions? \t\t\t\t\t\t\t<\/label>\n\t\t\t\t\t\t<div class=\"elementor-field-subgroup  elementor-subgroup-inline\"><span class=\"elementor-field-option\"><input type=\"radio\" value=\"Appelle le matin\" id=\"form-field-field_5f2953b-0\" name=\"form_fields[field_5f2953b]\" required=\"required\"> <label for=\"form-field-field_5f2953b-0\">Appelle le matin<\/label><\/span><span class=\"elementor-field-option\"><input type=\"radio\" value=\"Appel l&#039;apr\u00e8s-midi\" id=\"form-field-field_5f2953b-1\" name=\"form_fields[field_5f2953b]\" required=\"required\"> <label for=\"form-field-field_5f2953b-1\">Appel l&#8217;apr\u00e8s-midi<\/label><\/span><span class=\"elementor-field-option\"><input type=\"radio\" value=\"Par mail \" id=\"form-field-field_5f2953b-2\" name=\"form_fields[field_5f2953b]\" required=\"required\"> <label for=\"form-field-field_5f2953b-2\">Par mail <\/label><\/span><\/div>\t\t\t\t<\/div>\n\t\t\t\t\t\t\t\t<div class=\"elementor-field-type-acceptance elementor-field-group elementor-column elementor-field-group-field_9e0d76d elementor-col-100 elementor-field-required elementor-mark-required\">\n\t\t\t\t\t\t\t\t\t\t\t\t<label for=\"form-field-field_9e0d76d\" class=\"elementor-field-label\">\n\t\t\t\t\t\t\t\tConfidentialit\u00e9\t\t\t\t\t\t\t<\/label>\n\t\t\t\t\t\t\t\t<div class=\"elementor-field-subgroup\">\n\t\t\t<span class=\"elementor-field-option\">\n\t\t\t\t<input type=\"checkbox\" name=\"form_fields[field_9e0d76d]\" id=\"form-field-field_9e0d76d\" class=\"elementor-field elementor-size-sm  elementor-acceptance-field\" required=\"required\" checked=\"checked\">\n\t\t\t\t<label for=\"form-field-field_9e0d76d\">Accepter la politique de confidentialit\u00e9<\/label>\t\t\t<\/span>\n\t\t<\/div>\n\t\t\t\t\t\t<\/div>\n\t\t\t\t\t\t\t\t<div class=\"elementor-field-type-acceptance elementor-field-group elementor-column elementor-field-group-field_25679c1 elementor-col-100\">\n\t\t\t\t\t\t\t\t\t\t\t\t<label for=\"form-field-field_25679c1\" class=\"elementor-field-label\">\n\t\t\t\t\t\t\t\tNouvelles \t\t\t\t\t\t\t<\/label>\n\t\t\t\t\t\t\t\t<div class=\"elementor-field-subgroup\">\n\t\t\t<span class=\"elementor-field-option\">\n\t\t\t\t<input type=\"checkbox\" name=\"form_fields[field_25679c1]\" id=\"form-field-field_25679c1\" class=\"elementor-field elementor-size-sm  elementor-acceptance-field\" checked=\"checked\">\n\t\t\t\t<label for=\"form-field-field_25679c1\">Accepter les nouvelles de la soci\u00e9t\u00e9 Finques<\/label>\t\t\t<\/span>\n\t\t<\/div>\n\t\t\t\t\t\t<\/div>\n\t\t\t\t\t\t\t\t<div class=\"elementor-field-type-recaptcha_v3 elementor-field-group elementor-column elementor-field-group-field_d05444e elementor-col-100 recaptcha_v3-bottomright\">\n\t\t\t\t\t<div class=\"elementor-field\" id=\"form-field-field_d05444e\"><div class=\"elementor-g-recaptcha\" data-sitekey=\"6LdWi5ccAAAAAB6LeHLOdYgIe3072989Jjig7eV6\" data-type=\"v3\" data-action=\"Form\" data-badge=\"bottomright\" data-size=\"invisible\"><\/div><\/div>\t\t\t\t<\/div>\n\t\t\t\t\t\t\t\t<div class=\"elementor-field-group elementor-column elementor-field-type-submit elementor-col-40 e-form__buttons\">\n\t\t\t\t\t<button class=\"elementor-button elementor-size-sm\" type=\"submit\">\n\t\t\t\t\t\t<span class=\"elementor-button-content-wrapper\">\n\t\t\t\t\t\t\t\t\t\t\t\t\t\t\t\t\t\t\t\t\t\t<span class=\"elementor-button-text\">Envoyer <\/span>\n\t\t\t\t\t\t\t\t\t\t\t\t\t<\/span>\n\t\t\t\t\t<\/button>\n\t\t\t\t<\/div>\n\t\t\t<\/div>\n\t\t<\/form>\n\t\t\t\t\t\t<\/div>\n\t\t\t\t<div class=\"elementor-element elementor-element-39ed7a1 elementor-widget elementor-widget-heading\" data-id=\"39ed7a1\" data-element_type=\"widget\" data-e-type=\"widget\" data-widget_type=\"heading.default\">\n\t\t\t\t\t<h2 class=\"elementor-heading-title elementor-size-default\">Politique de confidentialit\u00e9<\/h2>\t\t\t\t<\/div>\n\t\t\t\t<div class=\"elementor-element elementor-element-9348c0b elementor-widget elementor-widget-text-editor\" data-id=\"9348c0b\" data-element_type=\"widget\" data-e-type=\"widget\" data-widget_type=\"text-editor.default\">\n\t\t\t\t\t\t\t\t\t<p>Conform\u00e9ment aux dispositions de la loi 15\/1999, du 13 d\u00e9cembre, sur la protection des donn\u00e9es \u00e0 caract\u00e8re personnel, (ci-apr\u00e8s LOPD), IMMOSERVEIS J. COMPANY, SL avec CIF : B-17.290.602, signale que les donn\u00e9es recueillies sur ce site Web seront incorpor\u00e9es \u00e0 un fichier automatis\u00e9 inscrit \u00e0 l&#8217;Agence de protection des donn\u00e9es et appartiennent \u00e0 IMMOSERVEIS J. COMPANY, SL, dont le but est de r\u00e9pondre aux demandes que vous exigez. En vertu de l&#8217;article 5 de la loi pr\u00e9cit\u00e9e, vous serez d\u00fbment inform\u00e9 en d\u00e9tail sur nos formulaires de la finalit\u00e9 et de l&#8217;utilisation des donn\u00e9es que vous fournissez. Les donn\u00e9es que vous fournissez dans les documents du site web, seront trait\u00e9es automatiquement et feront partie du fichier appartenant \u00e0 IMMOSERVEIS J. COMPANY, SL enregistr\u00e9 aupr\u00e8s de l&#8217;Agence de protection des donn\u00e9es. Ces donn\u00e9es peuvent \u00eatre utilis\u00e9es pour la gestion interne des contacts commerciaux qui demandent des informations ou de ceux avec lesquels une relation commerciale est entretenue. Sauf indication contraire, les r\u00e9ponses aux questions concernant vos donn\u00e9es personnelles sont volontaires. La personne concern\u00e9e s&#8217;engage \u00e0 assurer l&#8217;exactitude des donn\u00e9es qu&#8217;elle fournit. Conform\u00e9ment \u00e0 l&#8217;article 5 de la loi 15\/1999 du 13 D\u00e9cembre sur la protection des donn\u00e9es \u00e0 caract\u00e8re personnel, vous avez le droit d&#8217;acc\u00e9der \u00e0 cette information, de la rectifier si les donn\u00e9es sont incorrectes et de vous d\u00e9sabonner du fichier en envoyant une demande \u00e9crite \u00e0 : Attention LOPD, IMMOSERVEIS J. COMPANY, SL, C \/ Pella i Forgas 7, 17600 Figueres (Girona) Espagne, ou en envoyant la demande \u00e0 l&#8217;adresse e-mail info@finquescompany.com, remplissant ainsi la notification pr\u00e9vue \u00e0 l&#8217;article 5.4 de la m\u00eame.<\/p>\n\t\t\t\t\t\t\t\t<\/div>\n\t\t\t\t\t<\/div>\n\t\t<\/div>\n\t\t\t\t\t<\/div>\n\t\t<\/section>\n\t\t\t\t<\/div>\n\t\t\n<\/div>\n\t\t\t\t<\/div>\n\t\t\t\t\t\t\t\t<\/div>\n\t\t\t\t\t\t<\/div>\n\t\t\t\t\t<\/div>\n\t\t<\/div>\n\t\t\t\t\t<\/div>\n\t\t<\/section>\n\t\t\t\t<section class=\"elementor-section elementor-top-section elementor-element elementor-element-ca90d90 elementor-section-boxed elementor-section-height-default elementor-section-height-default\" data-id=\"ca90d90\" data-element_type=\"section\" data-e-type=\"section\">\n\t\t\t\t\t\t<div class=\"elementor-container elementor-column-gap-no\">\n\t\t\t\t\t<div class=\"elementor-column elementor-col-33 elementor-top-column elementor-element elementor-element-24fe9eb\" data-id=\"24fe9eb\" data-element_type=\"column\" data-e-type=\"column\" data-settings=\"{&quot;background_background&quot;:&quot;classic&quot;}\">\n\t\t\t<div class=\"elementor-widget-wrap elementor-element-populated\">\n\t\t\t\t\t<div class=\"elementor-background-overlay\"><\/div>\n\t\t\t\t\t\t<div class=\"elementor-element elementor-element-6536556 elementor-align-center elementor-widget elementor-widget-button\" data-id=\"6536556\" data-element_type=\"widget\" data-e-type=\"widget\" data-widget_type=\"button.default\">\n\t\t\t\t\t\t\t\t\t\t<a class=\"elementor-button elementor-button-link elementor-size-sm elementor-animation-bob\" href=\"https:\/\/www.companyturistic.com\/fr\/offres-de-location\/\">\n\t\t\t\t\t\t<span class=\"elementor-button-content-wrapper\">\n\t\t\t\t\t\t\t\t\t<span class=\"elementor-button-text\">NOS OFFRES<\/span>\n\t\t\t\t\t<\/span>\n\t\t\t\t\t<\/a>\n\t\t\t\t\t\t\t\t<\/div>\n\t\t\t\t<div class=\"elementor-element elementor-element-b4888a5 elementor-widget elementor-widget-heading\" data-id=\"b4888a5\" data-element_type=\"widget\" data-e-type=\"widget\" data-widget_type=\"heading.default\">\n\t\t\t\t\t<p class=\"elementor-heading-title elementor-size-default\">Nos clients ont d\u00e9j\u00e0 fait leurs r\u00e9servations, quand le ferez-vous ? Pour vos escapades, nous avons des appartements de vacances \u00e0 Roses et Llan\u00e7\u00e0.<\/p>\t\t\t\t<\/div>\n\t\t\t\t\t<\/div>\n\t\t<\/div>\n\t\t\t\t<div class=\"elementor-column elementor-col-33 elementor-top-column elementor-element elementor-element-0399dba\" data-id=\"0399dba\" data-element_type=\"column\" data-e-type=\"column\" data-settings=\"{&quot;background_background&quot;:&quot;classic&quot;}\">\n\t\t\t<div class=\"elementor-widget-wrap elementor-element-populated\">\n\t\t\t\t\t<div class=\"elementor-background-overlay\"><\/div>\n\t\t\t\t\t\t<div class=\"elementor-element elementor-element-188030e elementor-align-center elementor-widget elementor-widget-button\" data-id=\"188030e\" data-element_type=\"widget\" data-e-type=\"widget\" data-widget_type=\"button.default\">\n\t\t\t\t\t\t\t\t\t\t<a class=\"elementor-button elementor-button-link elementor-size-sm elementor-animation-bob\" href=\"https:\/\/www.companyturistic.com\/fr\/resultats-de-la-recherche-location\/?commercialization_type=rental&#038;adults=1&#038;search_text=&#038;city=&#038;zone=&#038;type=&#038;category=&#038;checkin=&#038;checkout=&#038;adults=1&#038;children=0&#038;flexible=&#038;min_room_number=&#038;min_toilets_number=&#038;property_meters_min=&#038;sell_price_min=&#038;sell_price_max=&#038;pets=&#038;pets=1&#038;pool=&#038;parking_garage=&#038;garden=&#038;wifi=&#038;air_conditioning=&#038;barbecue=&#038;terrace=\">\n\t\t\t\t\t\t<span class=\"elementor-button-content-wrapper\">\n\t\t\t\t\t\t\t\t\t<span class=\"elementor-button-text\"> Animaux de compagnie<\/span>\n\t\t\t\t\t<\/span>\n\t\t\t\t\t<\/a>\n\t\t\t\t\t\t\t\t<\/div>\n\t\t\t\t<div class=\"elementor-element elementor-element-fdd1b7c elementor-widget elementor-widget-heading\" data-id=\"fdd1b7c\" data-element_type=\"widget\" data-e-type=\"widget\" data-widget_type=\"heading.default\">\n\t\t\t\t\t<p class=\"elementor-heading-title elementor-size-default\">Nous acceptons les animaux domestiques dans la plupart de nos h\u00e9bergements. Veuillez nous contacter pour trouver votre logement. Un suppl\u00e9ment est factur\u00e9.<\/p>\t\t\t\t<\/div>\n\t\t\t\t\t<\/div>\n\t\t<\/div>\n\t\t\t\t<div class=\"elementor-column elementor-col-33 elementor-top-column elementor-element elementor-element-543d654\" data-id=\"543d654\" data-element_type=\"column\" data-e-type=\"column\" data-settings=\"{&quot;background_background&quot;:&quot;classic&quot;}\">\n\t\t\t<div class=\"elementor-widget-wrap elementor-element-populated\">\n\t\t\t\t\t<div class=\"elementor-background-overlay\"><\/div>\n\t\t\t\t\t\t<div class=\"elementor-element elementor-element-3076be2 elementor-align-center elementor-widget elementor-widget-button\" data-id=\"3076be2\" data-element_type=\"widget\" data-e-type=\"widget\" data-widget_type=\"button.default\">\n\t\t\t\t\t\t\t\t\t\t<a class=\"elementor-button elementor-button-link elementor-size-sm elementor-animation-bob\" href=\"#\">\n\t\t\t\t\t\t<span class=\"elementor-button-content-wrapper\">\n\t\t\t\t\t\t\t\t\t<span class=\"elementor-button-text\">Services suppl\u00e9mentaires<\/span>\n\t\t\t\t\t<\/span>\n\t\t\t\t\t<\/a>\n\t\t\t\t\t\t\t\t<\/div>\n\t\t\t\t<div class=\"elementor-element elementor-element-7056831 elementor-widget elementor-widget-heading\" data-id=\"7056831\" data-element_type=\"widget\" data-e-type=\"widget\" data-widget_type=\"heading.default\">\n\t\t\t\t\t<p class=\"elementor-heading-title elementor-size-default\">Pour la commodit\u00e9 de nos h\u00f4tes, nous offrons la possibilit\u00e9 de louer des draps et des serviettes \u00e0 un prix tr\u00e8s raisonnable.<\/p>\t\t\t\t<\/div>\n\t\t\t\t\t<\/div>\n\t\t<\/div>\n\t\t\t\t\t<\/div>\n\t\t<\/section>\n\t\t\t\t<section class=\"elementor-section elementor-top-section elementor-element elementor-element-f16001e elementor-section-boxed elementor-section-height-default elementor-section-height-default\" data-id=\"f16001e\" data-element_type=\"section\" data-e-type=\"section\">\n\t\t\t\t\t\t<div class=\"elementor-container elementor-column-gap-no\">\n\t\t\t\t\t<div class=\"elementor-column elementor-col-33 elementor-top-column elementor-element elementor-element-da24f3e\" data-id=\"da24f3e\" data-element_type=\"column\" data-e-type=\"column\" data-settings=\"{&quot;background_background&quot;:&quot;classic&quot;}\">\n\t\t\t<div class=\"elementor-widget-wrap elementor-element-populated\">\n\t\t\t\t\t<div class=\"elementor-background-overlay\"><\/div>\n\t\t\t\t\t\t<div class=\"elementor-element elementor-element-f644d08 elementor-align-center elementor-widget elementor-widget-button\" data-id=\"f644d08\" data-element_type=\"widget\" data-e-type=\"widget\" data-widget_type=\"button.default\">\n\t\t\t\t\t\t\t\t\t\t<a class=\"elementor-button elementor-button-link elementor-size-sm elementor-animation-bob\" href=\"https:\/\/www.companyturistic.com\/fr\/costa-brava-et-alt-emporda\/llanca\/\">\n\t\t\t\t\t\t<span class=\"elementor-button-content-wrapper\">\n\t\t\t\t\t\t\t\t\t<span class=\"elementor-button-text\">Llan\u00e7\u00e0<\/span>\n\t\t\t\t\t<\/span>\n\t\t\t\t\t<\/a>\n\t\t\t\t\t\t\t\t<\/div>\n\t\t\t\t<div class=\"elementor-element elementor-element-97cfd0d elementor-widget elementor-widget-heading\" data-id=\"97cfd0d\" data-element_type=\"widget\" data-e-type=\"widget\" data-widget_type=\"heading.default\">\n\t\t\t\t\t<p class=\"elementor-heading-title elementor-size-default\">Llan\u00e7\u00e0 est un petit village de p\u00eacheurs plein de charme qui vous emm\u00e8nera au c\u0153ur de la culture catalane.<\/p>\t\t\t\t<\/div>\n\t\t\t\t\t<\/div>\n\t\t<\/div>\n\t\t\t\t<div class=\"elementor-column elementor-col-33 elementor-top-column elementor-element elementor-element-1148564\" data-id=\"1148564\" data-element_type=\"column\" data-e-type=\"column\" data-settings=\"{&quot;background_background&quot;:&quot;classic&quot;}\">\n\t\t\t<div class=\"elementor-widget-wrap elementor-element-populated\">\n\t\t\t\t\t<div class=\"elementor-background-overlay\"><\/div>\n\t\t\t\t\t\t<div class=\"elementor-element elementor-element-f033e8e elementor-align-center elementor-widget elementor-widget-button\" data-id=\"f033e8e\" data-element_type=\"widget\" data-e-type=\"widget\" data-widget_type=\"button.default\">\n\t\t\t\t\t\t\t\t\t\t<a class=\"elementor-button elementor-button-link elementor-size-sm elementor-animation-bob\" href=\"https:\/\/www.companyturistic.com\/fr\/costa-brava-et-alt-emporda\/roses\/\">\n\t\t\t\t\t\t<span class=\"elementor-button-content-wrapper\">\n\t\t\t\t\t\t\t\t\t<span class=\"elementor-button-text\">Roses<\/span>\n\t\t\t\t\t<\/span>\n\t\t\t\t\t<\/a>\n\t\t\t\t\t\t\t\t<\/div>\n\t\t\t\t<div class=\"elementor-element elementor-element-be002f2 elementor-widget elementor-widget-heading\" data-id=\"be002f2\" data-element_type=\"widget\" data-e-type=\"widget\" data-widget_type=\"heading.default\">\n\t\t\t\t\t<p class=\"elementor-heading-title elementor-size-default\">Roses est la ville touristique la plus importante du nord de la Costa Brava et la mois proche des capitales europ\u00e9ennes.<\/p>\t\t\t\t<\/div>\n\t\t\t\t\t<\/div>\n\t\t<\/div>\n\t\t\t\t<div class=\"elementor-column elementor-col-33 elementor-top-column elementor-element elementor-element-1b2562b\" data-id=\"1b2562b\" data-element_type=\"column\" data-e-type=\"column\" data-settings=\"{&quot;background_background&quot;:&quot;classic&quot;}\">\n\t\t\t<div class=\"elementor-widget-wrap elementor-element-populated\">\n\t\t\t\t\t<div class=\"elementor-background-overlay\"><\/div>\n\t\t\t\t\t\t<div class=\"elementor-element elementor-element-a020a83 elementor-align-center elementor-widget elementor-widget-button\" data-id=\"a020a83\" data-element_type=\"widget\" data-e-type=\"widget\" data-widget_type=\"button.default\">\n\t\t\t\t\t\t\t\t\t\t<a class=\"elementor-button elementor-button-link elementor-size-sm elementor-animation-bob\" href=\"https:\/\/www.companyturistic.com\/fr\/costa-brava-et-alt-emporda\/\">\n\t\t\t\t\t\t<span class=\"elementor-button-content-wrapper\">\n\t\t\t\t\t\t\t\t\t<span class=\"elementor-button-text\">Autres villes<\/span>\n\t\t\t\t\t<\/span>\n\t\t\t\t\t<\/a>\n\t\t\t\t\t\t\t\t<\/div>\n\t\t\t\t<div class=\"elementor-element elementor-element-b7588a0 elementor-widget elementor-widget-heading\" data-id=\"b7588a0\" data-element_type=\"widget\" data-e-type=\"widget\" data-widget_type=\"heading.default\">\n\t\t\t\t\t<p class=\"elementor-heading-title elementor-size-default\">Nous avons des logements dans diff\u00e9rentes villes de la Costa Brava et de l'Alt Empord\u00e0 \u00e0 d\u00e9couvrir !<\/p>\t\t\t\t<\/div>\n\t\t\t\t\t<\/div>\n\t\t<\/div>\n\t\t\t\t\t<\/div>\n\t\t<\/section>\n\t\t\t\t<section class=\"elementor-section elementor-top-section elementor-element elementor-element-0530cd1 elementor-section-boxed elementor-section-height-default elementor-section-height-default\" data-id=\"0530cd1\" data-element_type=\"section\" data-e-type=\"section\" data-settings=\"{&quot;background_background&quot;:&quot;classic&quot;}\">\n\t\t\t\t\t\t<div class=\"elementor-container elementor-column-gap-default\">\n\t\t\t\t\t<div class=\"elementor-column elementor-col-100 elementor-top-column elementor-element elementor-element-dd456f8\" data-id=\"dd456f8\" data-element_type=\"column\" data-e-type=\"column\">\n\t\t\t<div class=\"elementor-widget-wrap elementor-element-populated\">\n\t\t\t\t\t\t<div class=\"elementor-element elementor-element-b91f278 elementor-widget elementor-widget-heading\" data-id=\"b91f278\" data-element_type=\"widget\" data-e-type=\"widget\" data-widget_type=\"heading.default\">\n\t\t\t\t\t<h2 class=\"elementor-heading-title elementor-size-default\">Que pensent-ils de nous ?<\/h2>\t\t\t\t<\/div>\n\t\t\t\t<div class=\"elementor-element elementor-element-df7f5b5 elementor-testimonial--skin-default elementor-testimonial--layout-image_inline elementor-testimonial--align-center elementor-arrows-yes elementor-pagination-type-bullets elementor-widget elementor-widget-testimonial-carousel\" data-id=\"df7f5b5\" data-element_type=\"widget\" data-e-type=\"widget\" data-settings=\"{&quot;space_between&quot;:{&quot;unit&quot;:&quot;px&quot;,&quot;size&quot;:20,&quot;sizes&quot;:[]},&quot;show_arrows&quot;:&quot;yes&quot;,&quot;pagination&quot;:&quot;bullets&quot;,&quot;speed&quot;:500,&quot;autoplay&quot;:&quot;yes&quot;,&quot;autoplay_speed&quot;:5000,&quot;loop&quot;:&quot;yes&quot;,&quot;pause_on_hover&quot;:&quot;yes&quot;,&quot;pause_on_interaction&quot;:&quot;yes&quot;,&quot;space_between_tablet&quot;:{&quot;unit&quot;:&quot;px&quot;,&quot;size&quot;:10,&quot;sizes&quot;:[]},&quot;space_between_mobile&quot;:{&quot;unit&quot;:&quot;px&quot;,&quot;size&quot;:10,&quot;sizes&quot;:[]}}\" data-widget_type=\"testimonial-carousel.default\">\n\t\t\t\t\t\t\t\t\t\t<div class=\"elementor-main-swiper swiper\" role=\"region\" aria-roledescription=\"carousel\" aria-label=\"Diapositives\">\n\t\t\t\t<div class=\"swiper-wrapper\">\n\t\t\t\t\t\t\t\t\t\t\t<div class=\"swiper-slide\" role=\"group\" aria-roledescription=\"slide\">\n\t\t\t\t\t\t\t\t\t<div class=\"elementor-testimonial\">\n\t\t\t\t\t\t\t<div class=\"elementor-testimonial__content\">\n\t\t\t\t\t<div class=\"elementor-testimonial__text\">\n\t\t\t\t\t\t<p>Comme la premi\u00e8re fois, nous avons fait confiance \u00e0 cette soci\u00e9t\u00e9 pour la vente de notre appartement. Tout s'est bien pass\u00e9, une tr\u00e8s bonne \u00e9quipe de professionnels, une vente rapide et au prix recommand\u00e9. Merci pour tout.<\/p>\n\t\t\t\t\t<\/div>\n\t\t\t\t\t\t\t\t\t<\/div>\n\t\t\t\t\t\t<div class=\"elementor-testimonial__footer\">\n\t\t\t\t\t\t\t\t\t<div class=\"elementor-testimonial__image\">\n\t\t\t\t\t\t<img decoding=\"async\" src=\"https:\/\/www.companyturistic.com\/wp-content\/uploads\/2021\/10\/01.jpg\" alt=\"Manuel Vallecillo\">\n\t\t\t\t\t\t\t\t\t\t\t<\/div>\n\t\t\t\t\t\t\t\t<cite class=\"elementor-testimonial__cite\"><span class=\"elementor-testimonial__name\">Manuel Vallecillo<\/span><span class=\"elementor-testimonial__title\">Google Places<\/span><\/cite>\t\t\t<\/div>\n\t\t<\/div>\n\t\t\t\t\t\t\t\t<\/div>\n\t\t\t\t\t\t\t\t\t\t\t<div class=\"swiper-slide\" role=\"group\" aria-roledescription=\"slide\">\n\t\t\t\t\t\t\t\t\t<div class=\"elementor-testimonial\">\n\t\t\t\t\t\t\t<div class=\"elementor-testimonial__content\">\n\t\t\t\t\t<div class=\"elementor-testimonial__text\">\n\t\t\t\t\t\t<p>Le service et le suivi sont exemplaires, l'\u00e9quipe de collaborateurs que vous trouverez dans cette agence est extraordinaire. Cette agence nous a permis de r\u00e9aliser notre r\u00eave et nous rend tr\u00e8s heureux.<\/p>\n\t\t\t\t\t<\/div>\n\t\t\t\t\t\t\t\t\t<\/div>\n\t\t\t\t\t\t<div class=\"elementor-testimonial__footer\">\n\t\t\t\t\t\t\t\t\t<div class=\"elementor-testimonial__image\">\n\t\t\t\t\t\t<img decoding=\"async\" src=\"https:\/\/www.companyturistic.com\/wp-content\/uploads\/2021\/10\/02.jpg\" alt=\"Oriol Casademont\">\n\t\t\t\t\t\t\t\t\t\t\t<\/div>\n\t\t\t\t\t\t\t\t<cite class=\"elementor-testimonial__cite\"><span class=\"elementor-testimonial__name\">Oriol Casademont<\/span><span class=\"elementor-testimonial__title\">Google Places<\/span><\/cite>\t\t\t<\/div>\n\t\t<\/div>\n\t\t\t\t\t\t\t\t<\/div>\n\t\t\t\t\t\t\t\t\t\t\t<div class=\"swiper-slide\" role=\"group\" aria-roledescription=\"slide\">\n\t\t\t\t\t\t\t\t\t<div class=\"elementor-testimonial\">\n\t\t\t\t\t\t\t<div class=\"elementor-testimonial__content\">\n\t\t\t\t\t<div class=\"elementor-testimonial__text\">\n\t\t\t\t\t\t<p>Nous avons lou\u00e9 un appartement avec Tourist Company et avons pass\u00e9 d'excellentes vacances dans un superbe appartement. Merci de nous avoir permis de nous amuser sans aucun contretemps.<\/p>\n\t\t\t\t\t<\/div>\n\t\t\t\t\t\t\t\t\t<\/div>\n\t\t\t\t\t\t<div class=\"elementor-testimonial__footer\">\n\t\t\t\t\t\t\t\t\t<div class=\"elementor-testimonial__image\">\n\t\t\t\t\t\t<img decoding=\"async\" src=\"https:\/\/www.companyturistic.com\/wp-content\/uploads\/2021\/10\/03.jpg\" alt=\"N\u00f9ria Monfort\">\n\t\t\t\t\t\t\t\t\t\t\t<\/div>\n\t\t\t\t\t\t\t\t<cite class=\"elementor-testimonial__cite\"><span class=\"elementor-testimonial__name\">N\u00f9ria Monfort<\/span><span class=\"elementor-testimonial__title\">Google Places<\/span><\/cite>\t\t\t<\/div>\n\t\t<\/div>\n\t\t\t\t\t\t\t\t<\/div>\n\t\t\t\t\t\t\t\t\t\t\t<div class=\"swiper-slide\" role=\"group\" aria-roledescription=\"slide\">\n\t\t\t\t\t\t\t\t\t<div class=\"elementor-testimonial\">\n\t\t\t\t\t\t\t<div class=\"elementor-testimonial__content\">\n\t\t\t\t\t<div class=\"elementor-testimonial__text\">\n\t\t\t\t\t\t<p>The house is in a unique location with fantastic views of the sea, Cap Ras, and the Pyrenees mountains rising from the sea. [...] The communication and interaction with the agency were excellent. They were very prompt every time and very keen on sorting out our requests or questions. We also met the owners who were staying in the other, twin house, and they were also very nice people and were asking if we needed anything.<\/p>\n\t\t\t\t\t<\/div>\n\t\t\t\t\t\t\t\t\t<\/div>\n\t\t\t\t\t\t<div class=\"elementor-testimonial__footer\">\n\t\t\t\t\t\t\t\t\t<div class=\"elementor-testimonial__image\">\n\t\t\t\t\t\t<img decoding=\"async\" src=\"https:\/\/www.companyturistic.com\/wp-content\/uploads\/2022\/06\/Captura-de-pantalla-2022-06-20-a-las-11.31.52.png\" alt=\"Cristian\">\n\t\t\t\t\t\t\t\t\t\t\t<\/div>\n\t\t\t\t\t\t\t\t<cite class=\"elementor-testimonial__cite\"><span class=\"elementor-testimonial__name\">Cristian<\/span><span class=\"elementor-testimonial__title\">Airbnb<\/span><\/cite>\t\t\t<\/div>\n\t\t<\/div>\n\t\t\t\t\t\t\t\t<\/div>\n\t\t\t\t\t\t\t\t\t<\/div>\n\t\t\t\t\t\t\t\t\t\t\t\t\t\t\t<div class=\"elementor-swiper-button elementor-swiper-button-prev\" role=\"button\" tabindex=\"0\" aria-label=\"Pr\u00e9c\u00e9dent\">\n\t\t\t\t\t\t\t<svg aria-hidden=\"true\" class=\"e-font-icon-svg e-eicon-chevron-left\" viewBox=\"0 0 1000 1000\" xmlns=\"http:\/\/www.w3.org\/2000\/svg\"><path d=\"M646 125C629 125 613 133 604 142L308 442C296 454 292 471 292 487 292 504 296 521 308 533L604 854C617 867 629 875 646 875 663 875 679 871 692 858 704 846 713 829 713 812 713 796 708 779 692 767L438 487 692 225C700 217 708 204 708 187 708 171 704 154 692 142 675 129 663 125 646 125Z\"><\/path><\/svg>\t\t\t\t\t\t<\/div>\n\t\t\t\t\t\t<div class=\"elementor-swiper-button elementor-swiper-button-next\" role=\"button\" tabindex=\"0\" aria-label=\"Suivant\">\n\t\t\t\t\t\t\t<svg aria-hidden=\"true\" class=\"e-font-icon-svg e-eicon-chevron-right\" viewBox=\"0 0 1000 1000\" xmlns=\"http:\/\/www.w3.org\/2000\/svg\"><path d=\"M696 533C708 521 713 504 713 487 713 471 708 454 696 446L400 146C388 133 375 125 354 125 338 125 325 129 313 142 300 154 292 171 292 187 292 204 296 221 308 233L563 492 304 771C292 783 288 800 288 817 288 833 296 850 308 863 321 871 338 875 354 875 371 875 388 867 400 854L696 533Z\"><\/path><\/svg>\t\t\t\t\t\t<\/div>\n\t\t\t\t\t\t\t\t\t\t\t\t\t\t\t\t<div class=\"swiper-pagination\"><\/div>\n\t\t\t\t\t\t\t\t\t\t\t\t<\/div>\n\t\t\t\t\t\t\t\t<\/div>\n\t\t\t\t\t<\/div>\n\t\t<\/div>\n\t\t\t\t\t<\/div>\n\t\t<\/section>\n\t\t\t\t<section class=\"elementor-section elementor-top-section elementor-element elementor-element-11655eb elementor-section-boxed elementor-section-height-default elementor-section-height-default\" data-id=\"11655eb\" data-element_type=\"section\" data-e-type=\"section\" data-settings=\"{&quot;background_background&quot;:&quot;classic&quot;}\">\n\t\t\t\t\t\t\t<div class=\"elementor-background-overlay\"><\/div>\n\t\t\t\t\t\t\t<div class=\"elementor-container elementor-column-gap-default\">\n\t\t\t\t\t<div class=\"elementor-column elementor-col-100 elementor-top-column elementor-element elementor-element-19fc13b\" data-id=\"19fc13b\" data-element_type=\"column\" data-e-type=\"column\">\n\t\t\t<div class=\"elementor-widget-wrap elementor-element-populated\">\n\t\t\t\t\t\t<div class=\"elementor-element elementor-element-eb9b612 elementor-widget elementor-widget-heading\" data-id=\"eb9b612\" data-element_type=\"widget\" data-e-type=\"widget\" data-widget_type=\"heading.default\">\n\t\t\t\t\t<h2 class=\"elementor-heading-title elementor-size-default\">Company Tur\u00edstic de Finques J. Company<\/h2>\t\t\t\t<\/div>\n\t\t\t\t<div class=\"elementor-element elementor-element-3a4b733 elementor-widget elementor-widget-heading\" data-id=\"3a4b733\" data-element_type=\"widget\" data-e-type=\"widget\" data-widget_type=\"heading.default\">\n\t\t\t\t\t<h3 class=\"elementor-heading-title elementor-size-default\">Plus de 60 ans au service de nos clients<\/h3>\t\t\t\t<\/div>\n\t\t\t\t<div class=\"elementor-element elementor-element-2c44c68 elementor-widget elementor-widget-text-editor\" data-id=\"2c44c68\" data-element_type=\"widget\" data-e-type=\"widget\" data-widget_type=\"text-editor.default\">\n\t\t\t\t\t\t\t\t\t<p><strong>Company Tur\u00edstic de Finques J. Company<\/strong> est une soci\u00e9t\u00e9 immobili\u00e8re avec une longue histoire, fond\u00e9e en 1963. Depuis lors, nous avons travaill\u00e9 sans rel\u00e2che pour \u00e9voluer et nous consolider en tant qu&#8217;organisation immobili\u00e8re moderne et innovante. Notre objectif principal est d&#8217;offrir un service complet et personnalis\u00e9 \u00e0 nos clients, en leur fournissant des conseils professionnels et complets dans tous les domaines des services immobiliers, y compris, entre autres, la gestion d&#8217;appartements de vacances sur la Costa Brava. Ainsi, nous pouvons affirmer que notre mission peut se r\u00e9sumer en une seule phrase : \u00ab Le professionnalisme au service de nos clients \u00bb.<\/p>\t\t\t\t\t\t\t\t<\/div>\n\t\t\t\t<div class=\"elementor-element elementor-element-1b92590 elementor-align-center elementor-widget elementor-widget-button\" data-id=\"1b92590\" data-element_type=\"widget\" data-e-type=\"widget\" data-widget_type=\"button.default\">\n\t\t\t\t\t\t\t\t\t\t<a class=\"elementor-button elementor-button-link elementor-size-sm\" href=\"#\">\n\t\t\t\t\t\t<span class=\"elementor-button-content-wrapper\">\n\t\t\t\t\t\t\t\t\t<span class=\"elementor-button-text\">VOUS VOULEZ EN SAVOIR PLUS ?<\/span>\n\t\t\t\t\t<\/span>\n\t\t\t\t\t<\/a>\n\t\t\t\t\t\t\t\t<\/div>\n\t\t\t\t\t<\/div>\n\t\t<\/div>\n\t\t\t\t\t<\/div>\n\t\t<\/section>\n\t\t\t\t<\/div>\n\t\t","protected":false},"excerpt":{"rendered":"<p>Cet \u00e9t\u00e9, profitez d&#8217;appartements de vacances sur la Costa Brava! Bienvenue \u00e0 Company Tur\u00edsticappartements et maisons \u00e0 Llan\u00e7\u00e0, Roses et Port de la Selva Vous voulez louer votre propri\u00e9t\u00e9 ? Prenez contact avec nous Nom E-mail Tel\u00e8fon Ciutat Com vols que et contactem? Trucada al mat\u00ed Trucada a la tarda Per correu Privacitat Acceptar la [&hellip;]<\/p>\n","protected":false},"author":1,"featured_media":221,"parent":0,"menu_order":0,"comment_status":"closed","ping_status":"closed","template":"","meta":{"footnotes":""},"class_list":["post-356","page","type-page","status-publish","has-post-thumbnail","hentry"],"yoast_head":"<!-- This site is optimized with the Yoast SEO plugin v27.4 - https:\/\/yoast.com\/product\/yoast-seo-wordpress\/ -->\n<title>Appartements de Vacances sur la Costa Brava<\/title>\n<meta name=\"description\" content=\"R\u00e9servez des appartements de vacances sur la Costa Brava : id\u00e9al pour familles, escapades romantiques ou s\u00e9jours ensoleill\u00e9s en bord de mer.\" \/>\n<meta name=\"robots\" content=\"index, follow, max-snippet:-1, max-image-preview:large, max-video-preview:-1\" \/>\n<link rel=\"canonical\" href=\"https:\/\/www.companyturistic.com\/fr\/\" \/>\n<meta property=\"og:locale\" content=\"fr_FR\" \/>\n<meta property=\"og:type\" content=\"article\" \/>\n<meta property=\"og:title\" content=\"Appartements de Vacances sur la Costa Brava\" \/>\n<meta property=\"og:description\" content=\"R\u00e9servez des appartements de vacances sur la Costa Brava : id\u00e9al pour familles, escapades romantiques ou s\u00e9jours ensoleill\u00e9s en bord de mer.\" \/>\n<meta property=\"og:url\" content=\"https:\/\/www.companyturistic.com\/fr\/\" \/>\n<meta property=\"og:site_name\" content=\"Company Turistic - Alquiler de apartamentos vacacionales en la Costa Brava\" \/>\n<meta property=\"article:modified_time\" content=\"2026-01-22T09:40:42+00:00\" \/>\n<meta property=\"og:image\" content=\"https:\/\/www.companyturistic.com\/wp-content\/uploads\/2021\/09\/ct-rrss.jpg\" \/>\n\t<meta property=\"og:image:width\" content=\"1280\" \/>\n\t<meta property=\"og:image:height\" content=\"720\" \/>\n\t<meta property=\"og:image:type\" content=\"image\/jpeg\" \/>\n<meta name=\"twitter:card\" content=\"summary_large_image\" \/>\n<meta name=\"twitter:label1\" content=\"Dur\u00e9e de lecture estim\u00e9e\" \/>\n\t<meta name=\"twitter:data1\" content=\"6 minutes\" \/>\n<script type=\"application\/ld+json\" class=\"yoast-schema-graph\">{\"@context\":\"https:\\\/\\\/schema.org\",\"@graph\":[{\"@type\":\"WebPage\",\"@id\":\"https:\\\/\\\/www.companyturistic.com\\\/fr\\\/\",\"url\":\"https:\\\/\\\/www.companyturistic.com\\\/fr\\\/\",\"name\":\"Appartements de Vacances sur la Costa Brava\",\"isPartOf\":{\"@id\":\"https:\\\/\\\/www.companyturistic.com\\\/fr\\\/#website\"},\"primaryImageOfPage\":{\"@id\":\"https:\\\/\\\/www.companyturistic.com\\\/fr\\\/#primaryimage\"},\"image\":{\"@id\":\"https:\\\/\\\/www.companyturistic.com\\\/fr\\\/#primaryimage\"},\"thumbnailUrl\":\"https:\\\/\\\/www.companyturistic.com\\\/wp-content\\\/uploads\\\/2021\\\/09\\\/ct-rrss.jpg\",\"datePublished\":\"2021-10-04T11:00:18+00:00\",\"dateModified\":\"2026-01-22T09:40:42+00:00\",\"description\":\"R\u00e9servez des appartements de vacances sur la Costa Brava : id\u00e9al pour familles, escapades romantiques ou s\u00e9jours ensoleill\u00e9s en bord de mer.\",\"breadcrumb\":{\"@id\":\"https:\\\/\\\/www.companyturistic.com\\\/fr\\\/#breadcrumb\"},\"inLanguage\":\"fr-FR\",\"potentialAction\":[{\"@type\":\"ReadAction\",\"target\":[\"https:\\\/\\\/www.companyturistic.com\\\/fr\\\/\"]}]},{\"@type\":\"BreadcrumbList\",\"@id\":\"https:\\\/\\\/www.companyturistic.com\\\/fr\\\/#breadcrumb\",\"itemListElement\":[{\"@type\":\"ListItem\",\"position\":1,\"name\":\"Inici\",\"item\":\"https:\\\/\\\/www.companyturistic.com\\\/fr\\\/\"},{\"@type\":\"ListItem\",\"position\":2,\"name\":\"Company Turistic &#8211; Accueil\"}]},{\"@type\":\"WebSite\",\"@id\":\"https:\\\/\\\/www.companyturistic.com\\\/fr\\\/#website\",\"url\":\"https:\\\/\\\/www.companyturistic.com\\\/fr\\\/\",\"name\":\"Company Turistic - Alquiler de apartamentos vacacionales en la Costa Brava\",\"description\":\"Alquiler de apartamentos vacacionales en la Costa Brava\",\"publisher\":{\"@id\":\"https:\\\/\\\/www.companyturistic.com\\\/fr\\\/#organization\"},\"alternateName\":\"Company Turistic\",\"potentialAction\":[{\"@type\":\"SearchAction\",\"target\":{\"@type\":\"EntryPoint\",\"urlTemplate\":\"https:\\\/\\\/www.companyturistic.com\\\/resultats-de-cerca-lloguer\\\/?search_text={search_term_string}\"},\"query-input\":{\"@type\":\"PropertyValueSpecification\",\"valueRequired\":true,\"valueName\":\"search_term_string\"}}],\"inLanguage\":\"fr-FR\"},{\"@type\":\"Organization\",\"@id\":\"https:\\\/\\\/www.companyturistic.com\\\/fr\\\/#organization\",\"name\":\"Company Tur\u00edstic - Finques J. Company\",\"alternateName\":\"Finques J. Company\",\"url\":\"https:\\\/\\\/www.companyturistic.com\\\/fr\\\/\",\"logo\":{\"@type\":\"ImageObject\",\"inLanguage\":\"fr-FR\",\"@id\":\"https:\\\/\\\/www.companyturistic.com\\\/fr\\\/#\\\/schema\\\/logo\\\/image\\\/\",\"url\":\"https:\\\/\\\/www.companyturistic.com\\\/wp-content\\\/uploads\\\/2021\\\/09\\\/logo-company-turistic.png\",\"contentUrl\":\"https:\\\/\\\/www.companyturistic.com\\\/wp-content\\\/uploads\\\/2021\\\/09\\\/logo-company-turistic.png\",\"width\":603,\"height\":149,\"caption\":\"Company Tur\u00edstic - Finques J. Company\"},\"image\":{\"@id\":\"https:\\\/\\\/www.companyturistic.com\\\/fr\\\/#\\\/schema\\\/logo\\\/image\\\/\"}}]}<\/script>\n<!-- \/ Yoast SEO plugin. -->","yoast_head_json":{"title":"Appartements de Vacances sur la Costa Brava","description":"R\u00e9servez des appartements de vacances sur la Costa Brava : id\u00e9al pour familles, escapades romantiques ou s\u00e9jours ensoleill\u00e9s en bord de mer.","robots":{"index":"index","follow":"follow","max-snippet":"max-snippet:-1","max-image-preview":"max-image-preview:large","max-video-preview":"max-video-preview:-1"},"canonical":"https:\/\/www.companyturistic.com\/fr\/","og_locale":"fr_FR","og_type":"article","og_title":"Appartements de Vacances sur la Costa Brava","og_description":"R\u00e9servez des appartements de vacances sur la Costa Brava : id\u00e9al pour familles, escapades romantiques ou s\u00e9jours ensoleill\u00e9s en bord de mer.","og_url":"https:\/\/www.companyturistic.com\/fr\/","og_site_name":"Company Turistic - Alquiler de apartamentos vacacionales en la Costa Brava","article_modified_time":"2026-01-22T09:40:42+00:00","og_image":[{"width":1280,"height":720,"url":"https:\/\/www.companyturistic.com\/wp-content\/uploads\/2021\/09\/ct-rrss.jpg","type":"image\/jpeg"}],"twitter_card":"summary_large_image","twitter_misc":{"Dur\u00e9e de lecture estim\u00e9e":"6 minutes"},"schema":{"@context":"https:\/\/schema.org","@graph":[{"@type":"WebPage","@id":"https:\/\/www.companyturistic.com\/fr\/","url":"https:\/\/www.companyturistic.com\/fr\/","name":"Appartements de Vacances sur la Costa Brava","isPartOf":{"@id":"https:\/\/www.companyturistic.com\/fr\/#website"},"primaryImageOfPage":{"@id":"https:\/\/www.companyturistic.com\/fr\/#primaryimage"},"image":{"@id":"https:\/\/www.companyturistic.com\/fr\/#primaryimage"},"thumbnailUrl":"https:\/\/www.companyturistic.com\/wp-content\/uploads\/2021\/09\/ct-rrss.jpg","datePublished":"2021-10-04T11:00:18+00:00","dateModified":"2026-01-22T09:40:42+00:00","description":"R\u00e9servez des appartements de vacances sur la Costa Brava : id\u00e9al pour familles, escapades romantiques ou s\u00e9jours ensoleill\u00e9s en bord de mer.","breadcrumb":{"@id":"https:\/\/www.companyturistic.com\/fr\/#breadcrumb"},"inLanguage":"fr-FR","potentialAction":[{"@type":"ReadAction","target":["https:\/\/www.companyturistic.com\/fr\/"]}]},{"@type":"BreadcrumbList","@id":"https:\/\/www.companyturistic.com\/fr\/#breadcrumb","itemListElement":[{"@type":"ListItem","position":1,"name":"Inici","item":"https:\/\/www.companyturistic.com\/fr\/"},{"@type":"ListItem","position":2,"name":"Company Turistic &#8211; Accueil"}]},{"@type":"WebSite","@id":"https:\/\/www.companyturistic.com\/fr\/#website","url":"https:\/\/www.companyturistic.com\/fr\/","name":"Company Turistic - Alquiler de apartamentos vacacionales en la Costa Brava","description":"Alquiler de apartamentos vacacionales en la Costa Brava","publisher":{"@id":"https:\/\/www.companyturistic.com\/fr\/#organization"},"alternateName":"Company Turistic","potentialAction":[{"@type":"SearchAction","target":{"@type":"EntryPoint","urlTemplate":"https:\/\/www.companyturistic.com\/resultats-de-cerca-lloguer\/?search_text={search_term_string}"},"query-input":{"@type":"PropertyValueSpecification","valueRequired":true,"valueName":"search_term_string"}}],"inLanguage":"fr-FR"},{"@type":"Organization","@id":"https:\/\/www.companyturistic.com\/fr\/#organization","name":"Company Tur\u00edstic - Finques J. Company","alternateName":"Finques J. Company","url":"https:\/\/www.companyturistic.com\/fr\/","logo":{"@type":"ImageObject","inLanguage":"fr-FR","@id":"https:\/\/www.companyturistic.com\/fr\/#\/schema\/logo\/image\/","url":"https:\/\/www.companyturistic.com\/wp-content\/uploads\/2021\/09\/logo-company-turistic.png","contentUrl":"https:\/\/www.companyturistic.com\/wp-content\/uploads\/2021\/09\/logo-company-turistic.png","width":603,"height":149,"caption":"Company Tur\u00edstic - Finques J. Company"},"image":{"@id":"https:\/\/www.companyturistic.com\/fr\/#\/schema\/logo\/image\/"}}]}},"_links":{"self":[{"href":"https:\/\/www.companyturistic.com\/fr\/wp-json\/wp\/v2\/pages\/356","targetHints":{"allow":["GET"]}}],"collection":[{"href":"https:\/\/www.companyturistic.com\/fr\/wp-json\/wp\/v2\/pages"}],"about":[{"href":"https:\/\/www.companyturistic.com\/fr\/wp-json\/wp\/v2\/types\/page"}],"author":[{"embeddable":true,"href":"https:\/\/www.companyturistic.com\/fr\/wp-json\/wp\/v2\/users\/1"}],"replies":[{"embeddable":true,"href":"https:\/\/www.companyturistic.com\/fr\/wp-json\/wp\/v2\/comments?post=356"}],"version-history":[{"count":44,"href":"https:\/\/www.companyturistic.com\/fr\/wp-json\/wp\/v2\/pages\/356\/revisions"}],"predecessor-version":[{"id":3810,"href":"https:\/\/www.companyturistic.com\/fr\/wp-json\/wp\/v2\/pages\/356\/revisions\/3810"}],"wp:featuredmedia":[{"embeddable":true,"href":"https:\/\/www.companyturistic.com\/fr\/wp-json\/wp\/v2\/media\/221"}],"wp:attachment":[{"href":"https:\/\/www.companyturistic.com\/fr\/wp-json\/wp\/v2\/media?parent=356"}],"curies":[{"name":"wp","href":"https:\/\/api.w.org\/{rel}","templated":true}]}}